{"id":8549,"date":"2024-05-21T18:34:34","date_gmt":"2024-05-21T16:34:34","guid":{"rendered":"https:\/\/www.luxelighting.es\/?page_id=8549"},"modified":"2024-06-06T12:01:12","modified_gmt":"2024-06-06T10:01:12","slug":"inicio","status":"publish","type":"page","link":"https:\/\/www.luxelighting.es\/es\/","title":{"rendered":"Inicio"},"content":{"rendered":"<section class=\"l-section wpb_row us_custom_4e216017 height_medium\" id=\"welcome\"><div class=\"l-section-h i-cf\"><div class=\"g-cols vc_row via_flex valign_middle type_default reversed stacking_default\" style=\"--additional-gap:10px;\"><div class=\"vc_col-sm-6 wpb_column vc_column_container\"><div class=\"vc_column-inner us_custom_d6b6873e us_animate_this\"><div class=\"wpb_wrapper\"><h1 class=\"w-text us_custom_17c7efae\"><span class=\"w-text-h\"><span class=\"w-text-value\">Visi\u00f3n y filosof\u00eda<\/span><\/span><\/h1><div class=\"w-separator size_custom\" style=\"height:10px\"><\/div><div class=\"wpb_text_column us_custom_da7ceeb3\"><div class=\"wpb_wrapper\"><p>Luxe Lighting tiene un foco muy claro desde el inicio de su recorrido en el mundo de los eventos: ofrecer excelencia, lujo, elegancia y una puesta a punto refinada y sofisticada. Es posible ofrecer excelencia y refinamiento cuando se trabaja desde el cuidado al detalle, con amor, con ilusi\u00f3n y profesionalidad, sintiendo una gran pasi\u00f3n por el trabajo que se realiza. Nos sentimos atra\u00eddos por la innovaci\u00f3n y por estar siempre en la vanguardia y atentos a las tendencias de un mercado en continuo y vertiginoso cambio y exigencias.<\/p>\n<p>Nuestra filosof\u00eda se basa en nutrir a nuestro cliente en una amable y profesional experiencia de inicio a fin. Pensamos y sabemos que nuestros clientes son aquellos que nos brindan la oportunidad de mostrarles de lo que somos capaces y para ello nos preparamos constantemente.<\/p>\n<p>\u00a1Nuestro objetivo primordial es que todos los eventos iluminados por nosotros reflejen el sue\u00f1o de nuestros clientes!<\/p>\n<\/div><\/div><div class=\"w-separator size_small\"><\/div><div class=\"w-hwrapper align_none valign_top wrap\"><div class=\"w-btn-wrapper align_none\"><a class=\"w-btn us-btn-style_4 us_custom_17fbfc8a\" href=\"#services\"><span class=\"w-btn-label\">Llevamos tu evento a otro nivel<\/span><\/a><\/div><\/div><\/div><\/div><\/div><div class=\"vc_col-sm-6 wpb_column vc_column_container\"><div class=\"vc_column-inner us_custom_5a44fc97 us_animate_this type_sticky\"><div class=\"wpb_wrapper\"><div class=\"w-image us_custom_d1b4ea6c align_none\"><div class=\"w-image-h\"><img loading=\"lazy\" decoding=\"async\" width=\"1024\" height=\"682\" src=\"https:\/\/www.luxelighting.es\/wp-content\/uploads\/2023\/08\/PulaGolf4_websize-1024x682.jpg\" class=\"attachment-large size-large\" alt=\"\" srcset=\"https:\/\/www.luxelighting.es\/wp-content\/uploads\/2023\/08\/PulaGolf4_websize-1024x682.jpg 1024w, https:\/\/www.luxelighting.es\/wp-content\/uploads\/2023\/08\/PulaGolf4_websize-300x200.jpg 300w, https:\/\/www.luxelighting.es\/wp-content\/uploads\/2023\/08\/PulaGolf4_websize-600x399.jpg 600w, https:\/\/www.luxelighting.es\/wp-content\/uploads\/2023\/08\/PulaGolf4_websize-1536x1022.jpg 1536w, https:\/\/www.luxelighting.es\/wp-content\/uploads\/2023\/08\/PulaGolf4_websize-200x133.jpg 200w, https:\/\/www.luxelighting.es\/wp-content\/uploads\/2023\/08\/PulaGolf4_websize-150x100.jpg 150w, https:\/\/www.luxelighting.es\/wp-content\/uploads\/2023\/08\/PulaGolf4_websize-500x333.jpg 500w, https:\/\/www.luxelighting.es\/wp-content\/uploads\/2023\/08\/PulaGolf4_websize-400x266.jpg 400w, https:\/\/www.luxelighting.es\/wp-content\/uploads\/2023\/08\/PulaGolf4_websize.jpg 1600w\" sizes=\"(max-width: 1024px) 100vw, 1024px\" \/><\/div><\/div><div class=\"w-separator size_medium\"><\/div><\/div><\/div><\/div><\/div><\/div><\/section><section class=\"l-section wpb_row us_custom_0d15be52 height_small with_img parallax_fixed\" id=\"services\"><div class=\"l-section-img\" data-img-width=\"1080\" data-img-height=\"1318\" style=\"background-image: url(https:\/\/www.luxelighting.es\/wp-content\/uploads\/2023\/05\/estructura-fairy-y-novia-Grande.jpg);background-repeat: no-repeat;\"><\/div><div class=\"l-section-overlay\" style=\"background:rgba(255,255,255,0.95)\"><\/div><div class=\"l-section-h i-cf\"><div class=\"g-cols vc_row via_flex valign_top type_boxes stacking_default\"><div class=\"vc_col-sm-12 wpb_column vc_column_container\"><div class=\"vc_column-inner\"><div class=\"wpb_wrapper\"><div class=\"g-cols wpb_row via_flex valign_top type_default stacking_default\"><div class=\"vc_col-sm-2 wpb_column vc_column_container\"><div class=\"vc_column-inner us_custom_7e20fa79 us_animate_this\"><div class=\"wpb_wrapper\"><\/div><\/div><\/div><div class=\"vc_col-sm-8 wpb_column vc_column_container\"><div class=\"vc_column-inner\"><div class=\"wpb_wrapper\"><h2 class=\"w-text us_custom_8a604c80\"><span class=\"w-text-h\"><span class=\"w-text-value\">Iluminaci\u00f3n Profesional Mallorca<\/span><\/span><\/h2><div class=\"w-separator size_small\"><\/div><h3 class=\"w-text us_custom_aecbf3c2 has_text_color\"><span class=\"w-text-h\"><span class=\"w-text-value\">Nos definen la elegancia y la excelencia<\/span><\/span><\/h3><\/div><\/div><\/div><div class=\"vc_col-sm-2 wpb_column vc_column_container\"><div class=\"vc_column-inner\"><div class=\"wpb_wrapper\"><\/div><\/div><\/div><\/div><div class=\"w-separator hide_on_mobiles size_medium\"><\/div><div class=\"g-cols wpb_row via_flex valign_top type_default stacking_default\"><div class=\"vc_col-sm-12 wpb_column vc_column_container\"><div class=\"vc_column-inner\"><div class=\"wpb_wrapper\"><div class=\"w-hwrapper align_center valign_middle wrap\"><div class=\"w-btn-wrapper align_none\"><a class=\"w-btn us-btn-style_4\" target=\"_blank\" href=\"https:\/\/www.luxelighting.es\/es\/iluminacion-bodas\/\" rel=\"noopener\"><span class=\"w-btn-label\">Bodas de lujo<\/span><\/a><\/div><div class=\"w-btn-wrapper align_none\"><a class=\"w-btn us-btn-style_4\" target=\"_blank\" href=\"https:\/\/www.luxelighting.es\/es\/iluminacion-eventos-mallorca\/\" rel=\"noopener\"><span class=\"w-btn-label\">Eventos MICE<\/span><\/a><\/div><div class=\"w-btn-wrapper align_none\"><a class=\"w-btn us-btn-style_4\" target=\"_blank\" href=\"https:\/\/www.luxelighting.es\/es\/iluminacion-eventos-mallorca\/\" rel=\"noopener\"><span class=\"w-btn-label\">Eventos privados<\/span><\/a><\/div><div class=\"w-btn-wrapper align_none\"><a class=\"w-btn us-btn-style_4\" target=\"_blank\" href=\"https:\/\/www.luxelighting.es\/es\/iluminacion-eventos-mallorca\/\" rel=\"noopener\"><span class=\"w-btn-label\">Eventos en yates<\/span><\/a><\/div><div class=\"w-btn-wrapper align_none\"><a class=\"w-btn us-btn-style_4\" target=\"_blank\" href=\"https:\/\/www.luxelighting.es\/es\/iluminacion-eventos-mallorca\/\" rel=\"noopener\"><span class=\"w-btn-label\">Sonido e iluminaci\u00f3n para discoteca<\/span><\/a><\/div><div class=\"w-btn-wrapper align_none\"><a class=\"w-btn us-btn-style_4\" href=\"#s6\"><span class=\"w-btn-label\">Nuestros proyectos en Mallorca<\/span><\/a><\/div><\/div><\/div><\/div><\/div><\/div><\/div><\/div><\/div><\/div><\/div><\/section><section class=\"l-section wpb_row height_small\" id=\"s1\"><div class=\"l-section-h i-cf\"><div class=\"g-cols vc_row via_flex valign_middle type_default stacking_default\" style=\"--additional-gap:10px;\"><div class=\"vc_col-sm-12 wpb_column vc_column_container\"><div class=\"vc_column-inner\"><div class=\"wpb_wrapper\"><div class=\"w-separator size_large\"><\/div><\/div><\/div><\/div><div class=\"vc_col-sm-6 wpb_column vc_column_container\"><div class=\"vc_column-inner us_custom_5a44fc97 us_animate_this type_sticky\"><div class=\"wpb_wrapper\"><div class=\"w-image us_custom_d1b4ea6c align_none\"><div class=\"w-image-h\"><img loading=\"lazy\" decoding=\"async\" width=\"1024\" height=\"682\" src=\"https:\/\/www.luxelighting.es\/wp-content\/uploads\/2023\/08\/PulaGolf3_websize-1024x682.jpg\" class=\"attachment-large size-large\" alt=\"\" srcset=\"https:\/\/www.luxelighting.es\/wp-content\/uploads\/2023\/08\/PulaGolf3_websize-1024x682.jpg 1024w, https:\/\/www.luxelighting.es\/wp-content\/uploads\/2023\/08\/PulaGolf3_websize-300x200.jpg 300w, https:\/\/www.luxelighting.es\/wp-content\/uploads\/2023\/08\/PulaGolf3_websize-600x399.jpg 600w, https:\/\/www.luxelighting.es\/wp-content\/uploads\/2023\/08\/PulaGolf3_websize-1536x1022.jpg 1536w, https:\/\/www.luxelighting.es\/wp-content\/uploads\/2023\/08\/PulaGolf3_websize-200x133.jpg 200w, https:\/\/www.luxelighting.es\/wp-content\/uploads\/2023\/08\/PulaGolf3_websize-150x100.jpg 150w, https:\/\/www.luxelighting.es\/wp-content\/uploads\/2023\/08\/PulaGolf3_websize-500x333.jpg 500w, https:\/\/www.luxelighting.es\/wp-content\/uploads\/2023\/08\/PulaGolf3_websize-400x266.jpg 400w, https:\/\/www.luxelighting.es\/wp-content\/uploads\/2023\/08\/PulaGolf3_websize.jpg 1600w\" sizes=\"(max-width: 1024px) 100vw, 1024px\" \/><\/div><\/div><div class=\"w-separator size_medium\"><\/div><\/div><\/div><\/div><div class=\"vc_col-sm-6 wpb_column vc_column_container\"><div class=\"vc_column-inner us_custom_d6b6873e us_animate_this\"><div class=\"wpb_wrapper\"><h2 class=\"w-text us_custom_a4ca5186\" id=\"s1\"><span class=\"w-text-h\"><span class=\"w-text-value\">Marcando tendencias en Mallorca<\/span><\/span><\/h2><div class=\"w-separator size_custom\" style=\"height:10px\"><\/div><div class=\"wpb_text_column us_custom_da7ceeb3\"><div class=\"wpb_wrapper\"><p>Sabemos que una boda es un evento muy emocionante, especial, \u00fanico y tambi\u00e9n sabemos que hay varios momentos clave y de los m\u00e1s inolvidables para los novios y para sus invitados: la ceremonia, la cena, el baile, etc.<\/p>\n<p>Nuestra labor es que esos momentos tengan la luz adecuada, el brillo perfecto para lograr una absoluta elegancia y una acertada delicadeza para la pantalla visual del momento y la posterior, capturada e inmortalizada por los fot\u00f3grafos.<\/p>\n<\/div><\/div><div class=\"w-separator size_small\"><\/div><div class=\"w-btn-wrapper default_align_none laptops_align_none tablets_align_none mobiles_align_center\"><a class=\"w-btn us-btn-style_4 us_custom_17fbfc8a\" href=\"#contact\"><span class=\"w-btn-label\">Proyecto personalizado<\/span><\/a><\/div><\/div><\/div><\/div><div class=\"vc_col-sm-12 wpb_column vc_column_container\"><div class=\"vc_column-inner\"><div class=\"wpb_wrapper\"><\/div><\/div><\/div><\/div><\/div><\/section><section class=\"l-section wpb_row height_small\" id=\"s2\"><div class=\"l-section-h i-cf\"><div class=\"g-cols vc_row via_flex valign_middle type_default reversed stacking_default\" style=\"--additional-gap:10px;\"><div class=\"vc_col-sm-6 wpb_column vc_column_container\"><div class=\"vc_column-inner us_custom_d6b6873e us_animate_this\"><div class=\"wpb_wrapper\"><h2 class=\"w-text us_custom_a4ca5186\"><span class=\"w-text-h\"><span class=\"w-text-value\">Nos encantan los eventos MICE<\/span><\/span><\/h2><div class=\"w-separator size_custom\" style=\"height:10px\"><\/div><div class=\"wpb_text_column us_custom_da7ceeb3\"><div class=\"wpb_wrapper\"><p>Mallorca es el escenario ideal para celebrar los eventos corporativos de mas alto nivel. Nosotros estaremos encantados de planificar vuestro evento en detalle, asegurando una iluminaci\u00f3n de pel\u00edcula.<\/p>\n<\/div><\/div><div class=\"w-separator size_small\"><\/div><div class=\"w-btn-wrapper default_align_none laptops_align_none tablets_align_none mobiles_align_center\"><a class=\"w-btn us-btn-style_4 us_custom_17fbfc8a\" href=\"#contact\"><span class=\"w-btn-label\">Contacta con nosotros<\/span><\/a><\/div><\/div><\/div><\/div><div class=\"vc_col-sm-6 wpb_column vc_column_container\"><div class=\"vc_column-inner us_custom_5a44fc97 us_animate_this type_sticky\"><div class=\"wpb_wrapper\"><div class=\"w-image us_custom_d1b4ea6c align_none\"><div class=\"w-image-h\"><img loading=\"lazy\" decoding=\"async\" width=\"1024\" height=\"576\" src=\"https:\/\/www.luxelighting.es\/wp-content\/uploads\/2024\/02\/WhatsApp-Image-2023-10-09-at-19.31.46-1-1024x576.jpeg\" class=\"attachment-large size-large\" alt=\"\" srcset=\"https:\/\/www.luxelighting.es\/wp-content\/uploads\/2024\/02\/WhatsApp-Image-2023-10-09-at-19.31.46-1-1024x576.jpeg 1024w, https:\/\/www.luxelighting.es\/wp-content\/uploads\/2024\/02\/WhatsApp-Image-2023-10-09-at-19.31.46-1-300x169.jpeg 300w, https:\/\/www.luxelighting.es\/wp-content\/uploads\/2024\/02\/WhatsApp-Image-2023-10-09-at-19.31.46-1-1536x864.jpeg 1536w, https:\/\/www.luxelighting.es\/wp-content\/uploads\/2024\/02\/WhatsApp-Image-2023-10-09-at-19.31.46-1-200x113.jpeg 200w, https:\/\/www.luxelighting.es\/wp-content\/uploads\/2024\/02\/WhatsApp-Image-2023-10-09-at-19.31.46-1-150x84.jpeg 150w, https:\/\/www.luxelighting.es\/wp-content\/uploads\/2024\/02\/WhatsApp-Image-2023-10-09-at-19.31.46-1-600x338.jpeg 600w, https:\/\/www.luxelighting.es\/wp-content\/uploads\/2024\/02\/WhatsApp-Image-2023-10-09-at-19.31.46-1-500x281.jpeg 500w, https:\/\/www.luxelighting.es\/wp-content\/uploads\/2024\/02\/WhatsApp-Image-2023-10-09-at-19.31.46-1-400x225.jpeg 400w, https:\/\/www.luxelighting.es\/wp-content\/uploads\/2024\/02\/WhatsApp-Image-2023-10-09-at-19.31.46-1.jpeg 1600w\" sizes=\"(max-width: 1024px) 100vw, 1024px\" \/><\/div><\/div><div class=\"w-separator size_medium\"><\/div><\/div><\/div><\/div><\/div><\/div><\/section><section class=\"l-section wpb_row height_small\" id=\"s3\"><div class=\"l-section-h i-cf\"><div class=\"g-cols vc_row via_flex valign_middle type_default stacking_default\" style=\"--additional-gap:10px;\"><div class=\"vc_col-sm-6 wpb_column vc_column_container\"><div class=\"vc_column-inner us_custom_5a44fc97 us_animate_this type_sticky\"><div class=\"wpb_wrapper\"><div class=\"w-image us_custom_d1b4ea6c align_none\"><div class=\"w-image-h\"><img loading=\"lazy\" decoding=\"async\" width=\"1024\" height=\"683\" src=\"https:\/\/www.luxelighting.es\/wp-content\/uploads\/2023\/07\/Aimee-K-Photography-Armani-Ben-SP-62_websize-1024x683.jpg\" class=\"attachment-large size-large\" alt=\"\" srcset=\"https:\/\/www.luxelighting.es\/wp-content\/uploads\/2023\/07\/Aimee-K-Photography-Armani-Ben-SP-62_websize-1024x683.jpg 1024w, https:\/\/www.luxelighting.es\/wp-content\/uploads\/2023\/07\/Aimee-K-Photography-Armani-Ben-SP-62_websize-300x200.jpg 300w, https:\/\/www.luxelighting.es\/wp-content\/uploads\/2023\/07\/Aimee-K-Photography-Armani-Ben-SP-62_websize-600x400.jpg 600w, https:\/\/www.luxelighting.es\/wp-content\/uploads\/2023\/07\/Aimee-K-Photography-Armani-Ben-SP-62_websize-1536x1024.jpg 1536w, https:\/\/www.luxelighting.es\/wp-content\/uploads\/2023\/07\/Aimee-K-Photography-Armani-Ben-SP-62_websize-200x133.jpg 200w, https:\/\/www.luxelighting.es\/wp-content\/uploads\/2023\/07\/Aimee-K-Photography-Armani-Ben-SP-62_websize-150x100.jpg 150w, https:\/\/www.luxelighting.es\/wp-content\/uploads\/2023\/07\/Aimee-K-Photography-Armani-Ben-SP-62_websize-500x333.jpg 500w, https:\/\/www.luxelighting.es\/wp-content\/uploads\/2023\/07\/Aimee-K-Photography-Armani-Ben-SP-62_websize-400x267.jpg 400w, https:\/\/www.luxelighting.es\/wp-content\/uploads\/2023\/07\/Aimee-K-Photography-Armani-Ben-SP-62_websize.jpg 1600w\" sizes=\"(max-width: 1024px) 100vw, 1024px\" \/><\/div><\/div><div class=\"w-separator size_medium\"><\/div><\/div><\/div><\/div><div class=\"vc_col-sm-6 wpb_column vc_column_container\"><div class=\"vc_column-inner us_custom_d6b6873e us_animate_this\"><div class=\"wpb_wrapper\"><h2 class=\"w-text us_custom_a4ca5186\" id=\"s1\"><span class=\"w-text-h\"><span class=\"w-text-value\">Discreto por fuera, extravagante por dentro<\/span><\/span><\/h2><div class=\"w-separator size_custom\" style=\"height:10px\"><\/div><div class=\"wpb_text_column us_custom_da7ceeb3\"><div class=\"wpb_wrapper\"><p>Tu evento privado est\u00e1 a salvo con nosotros. Total discreci\u00f3n y respeto por la privacidad. Nuestros montajes de iluminaci\u00f3n se realizan de manera \u00e1gil, sin invadir la intimidad.<\/p>\n<\/div><\/div><div class=\"w-separator size_small\"><\/div><div class=\"w-btn-wrapper default_align_none laptops_align_none tablets_align_none mobiles_align_center\"><a class=\"w-btn us-btn-style_4 us_custom_17fbfc8a\" href=\"#contact\"><span class=\"w-btn-label\">Contacta con nuestro manager<\/span><\/a><\/div><\/div><\/div><\/div><\/div><\/div><\/section><section class=\"l-section wpb_row height_small\" id=\"s4\"><div class=\"l-section-h i-cf\"><div class=\"g-cols vc_row via_flex valign_middle type_default reversed stacking_default\" style=\"--additional-gap:10px;\"><div class=\"vc_col-sm-6 wpb_column vc_column_container\"><div class=\"vc_column-inner us_custom_d6b6873e us_animate_this\"><div class=\"wpb_wrapper\"><h2 class=\"w-text us_custom_a4ca5186\" id=\"s1\"><span class=\"w-text-h\"><span class=\"w-text-value\">Iluminamos tu fiesta en el yate<\/span><\/span><\/h2><div class=\"w-separator size_custom\" style=\"height:10px\"><\/div><div class=\"wpb_text_column us_custom_da7ceeb3\"><div class=\"wpb_wrapper\"><p>Desde chandeliers a fairy lights, robots m\u00f3viles, mirror balls, las guirnaldas mas vintage que quieras y todo lo que te puedas imaginar para una extravagante fiesta en el mar. \u00a1Lo tenemos todo!<\/p>\n<\/div><\/div><div class=\"w-separator size_small\"><\/div><div class=\"w-btn-wrapper default_align_none laptops_align_none tablets_align_none mobiles_align_center\"><a class=\"w-btn us-btn-style_4 us_custom_17fbfc8a\" href=\"#contact\"><span class=\"w-btn-label\">Contacta con nosotros<\/span><\/a><\/div><\/div><\/div><\/div><div class=\"vc_col-sm-6 wpb_column vc_column_container\"><div class=\"vc_column-inner us_custom_5a44fc97 us_animate_this type_sticky\"><div class=\"wpb_wrapper\"><div class=\"w-image us_custom_d1b4ea6c align_none\"><div class=\"w-image-h\"><img loading=\"lazy\" decoding=\"async\" width=\"724\" height=\"1024\" src=\"https:\/\/www.luxelighting.es\/wp-content\/uploads\/2024\/02\/Luxe-Lighting-Brochure-2024-ESP_-EN_-724x1024.png\" class=\"attachment-large size-large\" alt=\"\" srcset=\"https:\/\/www.luxelighting.es\/wp-content\/uploads\/2024\/02\/Luxe-Lighting-Brochure-2024-ESP_-EN_-724x1024.png 724w, https:\/\/www.luxelighting.es\/wp-content\/uploads\/2024\/02\/Luxe-Lighting-Brochure-2024-ESP_-EN_-212x300.png 212w, https:\/\/www.luxelighting.es\/wp-content\/uploads\/2024\/02\/Luxe-Lighting-Brochure-2024-ESP_-EN_-1086x1536.png 1086w, https:\/\/www.luxelighting.es\/wp-content\/uploads\/2024\/02\/Luxe-Lighting-Brochure-2024-ESP_-EN_-141x200.png 141w, https:\/\/www.luxelighting.es\/wp-content\/uploads\/2024\/02\/Luxe-Lighting-Brochure-2024-ESP_-EN_-106x150.png 106w, https:\/\/www.luxelighting.es\/wp-content\/uploads\/2024\/02\/Luxe-Lighting-Brochure-2024-ESP_-EN_-424x600.png 424w, https:\/\/www.luxelighting.es\/wp-content\/uploads\/2024\/02\/Luxe-Lighting-Brochure-2024-ESP_-EN_-354x500.png 354w, https:\/\/www.luxelighting.es\/wp-content\/uploads\/2024\/02\/Luxe-Lighting-Brochure-2024-ESP_-EN_-283x400.png 283w, https:\/\/www.luxelighting.es\/wp-content\/uploads\/2024\/02\/Luxe-Lighting-Brochure-2024-ESP_-EN_.png 1414w\" sizes=\"(max-width: 724px) 100vw, 724px\" \/><\/div><\/div><div class=\"w-separator size_medium\"><\/div><\/div><\/div><\/div><\/div><\/div><\/section><section class=\"l-section wpb_row height_small\" id=\"s5\"><div class=\"l-section-h i-cf\"><div class=\"g-cols vc_row via_flex valign_middle type_default stacking_default\" style=\"--additional-gap:10px;\"><div class=\"vc_col-sm-6 wpb_column vc_column_container\"><div class=\"vc_column-inner us_custom_5a44fc97 us_animate_this type_sticky\"><div class=\"wpb_wrapper\"><div class=\"w-image us_custom_d1b4ea6c align_none\"><div class=\"w-image-h\"><img loading=\"lazy\" decoding=\"async\" width=\"1024\" height=\"682\" src=\"https:\/\/www.luxelighting.es\/wp-content\/uploads\/2024\/02\/WhatsApp-Image-2023-10-09-at-19.31.45-1024x682.jpeg\" class=\"attachment-large size-large\" alt=\"\" srcset=\"https:\/\/www.luxelighting.es\/wp-content\/uploads\/2024\/02\/WhatsApp-Image-2023-10-09-at-19.31.45-1024x682.jpeg 1024w, https:\/\/www.luxelighting.es\/wp-content\/uploads\/2024\/02\/WhatsApp-Image-2023-10-09-at-19.31.45-300x200.jpeg 300w, https:\/\/www.luxelighting.es\/wp-content\/uploads\/2024\/02\/WhatsApp-Image-2023-10-09-at-19.31.45-600x400.jpeg 600w, https:\/\/www.luxelighting.es\/wp-content\/uploads\/2024\/02\/WhatsApp-Image-2023-10-09-at-19.31.45-1536x1023.jpeg 1536w, https:\/\/www.luxelighting.es\/wp-content\/uploads\/2024\/02\/WhatsApp-Image-2023-10-09-at-19.31.45-200x133.jpeg 200w, https:\/\/www.luxelighting.es\/wp-content\/uploads\/2024\/02\/WhatsApp-Image-2023-10-09-at-19.31.45-150x100.jpeg 150w, https:\/\/www.luxelighting.es\/wp-content\/uploads\/2024\/02\/WhatsApp-Image-2023-10-09-at-19.31.45-500x333.jpeg 500w, https:\/\/www.luxelighting.es\/wp-content\/uploads\/2024\/02\/WhatsApp-Image-2023-10-09-at-19.31.45-400x267.jpeg 400w, https:\/\/www.luxelighting.es\/wp-content\/uploads\/2024\/02\/WhatsApp-Image-2023-10-09-at-19.31.45.jpeg 1600w\" sizes=\"(max-width: 1024px) 100vw, 1024px\" \/><\/div><\/div><div class=\"w-separator size_medium\"><\/div><\/div><\/div><\/div><div class=\"vc_col-sm-6 wpb_column vc_column_container\"><div class=\"vc_column-inner us_custom_d6b6873e us_animate_this\"><div class=\"wpb_wrapper\"><h2 class=\"w-text us_custom_a4ca5186\" id=\"s1\"><span class=\"w-text-h\"><span class=\"w-text-value\">Nos encanta celebrar y lo tenemos todo para montar una tremenda fiesta<\/span><\/span><\/h2><div class=\"w-separator size_custom\" style=\"height:10px\"><\/div><div class=\"wpb_text_column us_custom_da7ceeb3\"><div class=\"wpb_wrapper\"><div id=\"bannerR\">\n<p>Nuestro Fundador y CEO sabe lo que es una aut\u00e9ntica fiesta ya que desde adolescente ha sentido una inmensa pasi\u00f3n por la m\u00fasica, por los instrumentos y por las celebraciones.<\/p>\n<p>Gracias a ello ha decidido tener entre los servicios de iluminaci\u00f3n, tambi\u00e9n todo lo necesario para el montaje de una discoteca, ya sea para una boda, para un cumplea\u00f1os o para un evento corporativo o en el mar.<\/p>\n<\/div>\n<\/div><\/div><div class=\"w-separator size_small\"><\/div><div class=\"w-btn-wrapper default_align_none laptops_align_none tablets_align_none mobiles_align_center\"><a class=\"w-btn us-btn-style_4 us_custom_17fbfc8a\" href=\"#contact\"><span class=\"w-btn-label\">Contacta con nuestro experto<\/span><\/a><\/div><\/div><\/div><\/div><\/div><\/div><\/section><section class=\"l-section wpb_row height_small\" id=\"s6\"><div class=\"l-section-h i-cf\"><div class=\"g-cols vc_row via_flex valign_middle type_default reversed stacking_default\" style=\"--additional-gap:10px;\"><div class=\"vc_col-sm-6 wpb_column vc_column_container\"><div class=\"vc_column-inner us_custom_d6b6873e us_animate_this\"><div class=\"wpb_wrapper\"><h2 class=\"w-text us_custom_a4ca5186\" id=\"s1\"><span class=\"w-text-h\"><span class=\"w-text-value\">Venues &amp; Luxe Lighting<\/span><\/span><\/h2><div class=\"w-separator size_custom\" style=\"height:10px\"><\/div><div class=\"wpb_text_column us_custom_da7ceeb3\"><div class=\"wpb_wrapper\"><p>Nuestros proyectos de iluminaci\u00f3n nos han permitido conocer las ubicaciones mas emblem\u00e1ticas de Mallorca.<\/p>\n<p><strong>Iluminaci\u00f3n Profesional Mallorca<\/strong><\/p>\n<p>Aqu\u00ed enumeramos algunas:<\/p>\n<p>Puerto Portals, Castillo Bendinat, Pula Golf Resort, Son Marroig, Morneta,\u00a0Castillo Sant Carles,\u00a0Es Fangar,\u00a0Santa Cirga, La Gomera,\u00a0Biniorella, \u00abCielo de Bon Aire\u00bb,\u00a0\u00a0Son Bi,\u00a0Numa Beach Club Playa de Muro,\u00a0Ses Cases de Sa Font Seca,\u00a0\u00a0Son Togores,\u00a0Son Mir,\u00a0Son Burguet,\u00a0Son Cosmet,\u00a0La Victoria,\u00a0Vin Rom\u00e1, Son Doblons, etc.<\/p>\n<p>Si necesitas m\u00e1s informaci\u00f3n acerca de alguna de estas ubicaciones u otras en Mallorca, puedes ponerte en contacto con nosotros.<\/p>\n<\/div><\/div><div class=\"w-separator size_small\"><\/div><div class=\"w-btn-wrapper default_align_none laptops_align_none tablets_align_none mobiles_align_center\"><a class=\"w-btn us-btn-style_4 us_custom_17fbfc8a\" href=\"#contact\"><span class=\"w-btn-label\">Haz clic aqu\u00ed<\/span><\/a><\/div><\/div><\/div><\/div><div class=\"vc_col-sm-6 wpb_column vc_column_container\"><div class=\"vc_column-inner us_custom_5a44fc97 us_animate_this type_sticky\"><div class=\"wpb_wrapper\"><div class=\"w-image us_custom_d1b4ea6c align_none\"><div class=\"w-image-h\"><img loading=\"lazy\" decoding=\"async\" width=\"683\" height=\"1024\" src=\"https:\/\/www.luxelighting.es\/wp-content\/uploads\/2024\/02\/Aimee-K-Photography-Armani-Ben-SP-49_websize-683x1024.jpg\" class=\"attachment-large size-large\" alt=\"\" srcset=\"https:\/\/www.luxelighting.es\/wp-content\/uploads\/2024\/02\/Aimee-K-Photography-Armani-Ben-SP-49_websize-683x1024.jpg 683w, https:\/\/www.luxelighting.es\/wp-content\/uploads\/2024\/02\/Aimee-K-Photography-Armani-Ben-SP-49_websize-200x300.jpg 200w, https:\/\/www.luxelighting.es\/wp-content\/uploads\/2024\/02\/Aimee-K-Photography-Armani-Ben-SP-49_websize-1024x1536.jpg 1024w, https:\/\/www.luxelighting.es\/wp-content\/uploads\/2024\/02\/Aimee-K-Photography-Armani-Ben-SP-49_websize-133x200.jpg 133w, https:\/\/www.luxelighting.es\/wp-content\/uploads\/2024\/02\/Aimee-K-Photography-Armani-Ben-SP-49_websize-100x150.jpg 100w, https:\/\/www.luxelighting.es\/wp-content\/uploads\/2024\/02\/Aimee-K-Photography-Armani-Ben-SP-49_websize-400x600.jpg 400w, https:\/\/www.luxelighting.es\/wp-content\/uploads\/2024\/02\/Aimee-K-Photography-Armani-Ben-SP-49_websize-333x500.jpg 333w, https:\/\/www.luxelighting.es\/wp-content\/uploads\/2024\/02\/Aimee-K-Photography-Armani-Ben-SP-49_websize-267x400.jpg 267w, https:\/\/www.luxelighting.es\/wp-content\/uploads\/2024\/02\/Aimee-K-Photography-Armani-Ben-SP-49_websize.jpg 1067w\" sizes=\"(max-width: 683px) 100vw, 683px\" \/><\/div><\/div><div class=\"w-separator size_medium\"><\/div><\/div><\/div><\/div><\/div><\/div><\/section><section class=\"l-section wpb_row us_custom_0d15be52 height_huge with_img parallax_fixed\"><div class=\"l-section-img\" data-img-width=\"1619\" data-img-height=\"1080\" style=\"background-image: url(https:\/\/www.luxelighting.es\/wp-content\/uploads\/2023\/05\/FAIRY-CHANDELIERS-BARRALA-Grande.jpg);background-repeat: no-repeat;\"><\/div><div class=\"l-section-overlay\" style=\"background:rgba(255,255,255,0.92)\"><\/div><div class=\"l-section-h i-cf\"><div class=\"g-cols vc_row via_flex valign_top type_boxes stacking_default\"><div class=\"vc_col-sm-12 wpb_column vc_column_container\"><div class=\"vc_column-inner\"><div class=\"wpb_wrapper\"><div class=\"g-cols wpb_row via_flex valign_top type_default stacking_default\"><div class=\"vc_col-sm-12 wpb_column vc_column_container\"><div class=\"vc_column-inner us_custom_7e20fa79 us_animate_this\"><div class=\"wpb_wrapper\"><h2 class=\"w-text us_custom_8a604c80\"><span class=\"w-text-h\"><span class=\"w-text-value\">Iluminaci\u00f3n Profesional Mallorca<\/span><\/span><\/h2><h3 class=\"w-text us_custom_f9fffe40 has_text_color\"><span class=\"w-text-h\"><span class=\"w-text-value\">Nos estabas buscando y nos has encontrado<\/span><\/span><\/h3><\/div><\/div><\/div><\/div><\/div><\/div><\/div><\/div><\/div><\/section><section class=\"l-section wpb_row height_small\" id=\"sobreluxe\"><div class=\"l-section-h i-cf\"><div class=\"g-cols vc_row via_flex valign_top type_default reversed stacking_default\" style=\"--additional-gap:10px;\"><div class=\"vc_col-sm-12 wpb_column vc_column_container\"><div class=\"vc_column-inner\"><div class=\"wpb_wrapper\"><div class=\"w-separator size_large\"><\/div><\/div><\/div><\/div><div class=\"vc_col-sm-6 wpb_column vc_column_container\"><div class=\"vc_column-inner us_custom_60e9caca us_animate_this\"><div class=\"wpb_wrapper\"><h2 class=\"w-text us_custom_d726b2b2\"><span class=\"w-text-h\"><span class=\"w-text-value\">Conoce a Dami\u00e1n L\u00f3pez, Founder y CEO de Luxe Lighting<\/span><\/span><\/h2><div class=\"w-separator size_custom\" style=\"height:10px\"><\/div><div class=\"wpb_text_column us_custom_da7ceeb3\"><div class=\"wpb_wrapper\"><p>Mi experiencia y trayectoria de m\u00e1s de 20 a\u00f1os en el mundo del espect\u00e1culo, de los festivales y de los eventos me han llevado hasta la creaci\u00f3n de mi propia empresa: Luxe Lighting.<\/p>\n<p>Adem\u00e1s de profesional electricista, soy artista y percibo lo que el mundo de los eventos busca y yo puedo ofrecer: la excelencia. Tengo la suerte de contar con el apoyo de grandes amigos que me han introducido de primera mano en el mundo de las bodas y las celebraciones, realizando la iluminaci\u00f3n decorativa.<\/p>\n<p>Para m\u00ed, cualquier labor que realice ha de ser con amor. Mi punto de partida, los procesos y el final de los trabajos ha de realizarse con esa entrega, con ese amor que hace marcar una diferencia. Soy una persona paciente, con muy buen temple y se me da muy bien escuchar.<\/p>\n<p>Me considero una persona excesivamente optimista y muy feliz. S\u00ed, tengo el don de ser feliz, m\u00e1s all\u00e1 de las circunstancias. Ello es un gran regalo que agradezco infinitamente a la vida. A partir de ese sentir, lo que hago, lo hago al 100%.<\/p>\n<p>Mi objetivo es llevar luz a todos esos momentos importantes e inolvidables de la vida de las personas. Y no solo llevar esa luz exterior, si no iluminar con ese faro interno ah\u00ed por donde me lleven mis pasos, junto a mi gran equipo humano de personas.<\/p>\n<p>Nuestro sello:<\/p>\n<blockquote>\n<p><em>\u201dHacer las cosas con amor\u201d<\/em><\/p>\n<\/blockquote>\n<p>Nuestra huella:<\/p>\n<blockquote>\n<p><em>\u00abExcelencia, refinamiento, lujo y elegancia.\u00bb<\/em><\/p>\n<\/blockquote>\n<\/div><\/div><div class=\"w-separator size_small\"><\/div><div class=\"w-hwrapper align_none valign_top wrap\"><\/div><\/div><\/div><\/div><div class=\"vc_col-sm-6 wpb_column vc_column_container\"><div class=\"vc_column-inner us_custom_5a44fc97 us_animate_this type_sticky\"><div class=\"wpb_wrapper\"><div class=\"w-image us_custom_d1b4ea6c align_none\"><div class=\"w-image-h\"><img loading=\"lazy\" decoding=\"async\" class=\"g-placeholder\" src=\"https:\/\/www.luxelighting.es\/wp-content\/plugins\/us-core\/assets\/images\/placeholder.svg\" width=\"1024\" height=\"1024\" alt><\/div><\/div><div class=\"w-separator size_medium\"><\/div><\/div><\/div><\/div><\/div><\/div><\/section><section class=\"l-section wpb_row height_auto\"><div class=\"l-section-h i-cf\"><div class=\"g-cols vc_row via_flex valign_top type_default stacking_default\"><div class=\"vc_col-sm-12 wpb_column vc_column_container\"><div class=\"vc_column-inner\"><div class=\"wpb_wrapper\"><div class=\"w-separator size_large\"><\/div><h2 class=\"w-text us_custom_8e8c511d\"><span class=\"w-text-h\"><span class=\"w-text-value\">Proyectos realizados<\/span><\/span><\/h2><div class=\"w-separator size_medium\"><\/div><div class=\"w-grid type_masonry layout_gallery_default cols_3 with_isotope with_css_animation\" id=\"us_grid_1\" style=\"--gap:1.5rem;\" data-filterable=\"true\"><style>@media (max-width:1024px){#us_grid_1 .w-grid-item{width:50%}}@media (max-width:600px){#us_grid_1 .w-grid-list{margin:0}#us_grid_1 .w-grid-item{width:100%;padding:0;margin-bottom:var(--gap,0px)}}.layout_gallery_default .w-grid-item-h{}<\/style><div class=\"w-grid-list\">\t<article class=\"w-grid-item us_animate_afc off_autostart post-8495 attachment type-attachment status-inherit hentry\" data-id=\"8495\" style=\"animation-delay:0s\">\r\n\t\t<div class=\"w-grid-item-h\">\r\n\t\t\t\t\t\t<div class=\"w-post-elm post_image usg_post_image_1 stretched\"><img loading=\"lazy\" decoding=\"async\" width=\"1024\" height=\"682\" src=\"https:\/\/www.luxelighting.es\/wp-content\/uploads\/2024\/02\/WhatsApp-Image-2023-10-09-at-19.31.46-1024x682.jpeg\" class=\"attachment-large size-large\" alt=\"\" srcset=\"https:\/\/www.luxelighting.es\/wp-content\/uploads\/2024\/02\/WhatsApp-Image-2023-10-09-at-19.31.46-1024x682.jpeg 1024w, https:\/\/www.luxelighting.es\/wp-content\/uploads\/2024\/02\/WhatsApp-Image-2023-10-09-at-19.31.46-300x200.jpeg 300w, https:\/\/www.luxelighting.es\/wp-content\/uploads\/2024\/02\/WhatsApp-Image-2023-10-09-at-19.31.46-600x400.jpeg 600w, https:\/\/www.luxelighting.es\/wp-content\/uploads\/2024\/02\/WhatsApp-Image-2023-10-09-at-19.31.46-1536x1023.jpeg 1536w, https:\/\/www.luxelighting.es\/wp-content\/uploads\/2024\/02\/WhatsApp-Image-2023-10-09-at-19.31.46-200x133.jpeg 200w, https:\/\/www.luxelighting.es\/wp-content\/uploads\/2024\/02\/WhatsApp-Image-2023-10-09-at-19.31.46-150x100.jpeg 150w, https:\/\/www.luxelighting.es\/wp-content\/uploads\/2024\/02\/WhatsApp-Image-2023-10-09-at-19.31.46-500x333.jpeg 500w, https:\/\/www.luxelighting.es\/wp-content\/uploads\/2024\/02\/WhatsApp-Image-2023-10-09-at-19.31.46-400x267.jpeg 400w, https:\/\/www.luxelighting.es\/wp-content\/uploads\/2024\/02\/WhatsApp-Image-2023-10-09-at-19.31.46.jpeg 1600w\" sizes=\"(max-width: 1024px) 100vw, 1024px\" \/><\/div>\t\t<\/div>\r\n\t<\/article>\r\n\t<article class=\"w-grid-item us_animate_afc off_autostart post-8494 attachment type-attachment status-inherit hentry\" data-id=\"8494\" style=\"animation-delay:0.1s\">\r\n\t\t<div class=\"w-grid-item-h\">\r\n\t\t\t\t\t\t<div class=\"w-post-elm post_image usg_post_image_1 stretched\"><img loading=\"lazy\" decoding=\"async\" width=\"1024\" height=\"576\" src=\"https:\/\/www.luxelighting.es\/wp-content\/uploads\/2024\/02\/WhatsApp-Image-2023-10-09-at-19.31.46-1-1024x576.jpeg\" class=\"attachment-large size-large\" alt=\"\" srcset=\"https:\/\/www.luxelighting.es\/wp-content\/uploads\/2024\/02\/WhatsApp-Image-2023-10-09-at-19.31.46-1-1024x576.jpeg 1024w, https:\/\/www.luxelighting.es\/wp-content\/uploads\/2024\/02\/WhatsApp-Image-2023-10-09-at-19.31.46-1-300x169.jpeg 300w, https:\/\/www.luxelighting.es\/wp-content\/uploads\/2024\/02\/WhatsApp-Image-2023-10-09-at-19.31.46-1-1536x864.jpeg 1536w, https:\/\/www.luxelighting.es\/wp-content\/uploads\/2024\/02\/WhatsApp-Image-2023-10-09-at-19.31.46-1-200x113.jpeg 200w, https:\/\/www.luxelighting.es\/wp-content\/uploads\/2024\/02\/WhatsApp-Image-2023-10-09-at-19.31.46-1-150x84.jpeg 150w, https:\/\/www.luxelighting.es\/wp-content\/uploads\/2024\/02\/WhatsApp-Image-2023-10-09-at-19.31.46-1-600x338.jpeg 600w, https:\/\/www.luxelighting.es\/wp-content\/uploads\/2024\/02\/WhatsApp-Image-2023-10-09-at-19.31.46-1-500x281.jpeg 500w, https:\/\/www.luxelighting.es\/wp-content\/uploads\/2024\/02\/WhatsApp-Image-2023-10-09-at-19.31.46-1-400x225.jpeg 400w, https:\/\/www.luxelighting.es\/wp-content\/uploads\/2024\/02\/WhatsApp-Image-2023-10-09-at-19.31.46-1.jpeg 1600w\" sizes=\"(max-width: 1024px) 100vw, 1024px\" \/><\/div>\t\t<\/div>\r\n\t<\/article>\r\n\t<article class=\"w-grid-item us_animate_afc off_autostart post-8493 attachment type-attachment status-inherit hentry\" data-id=\"8493\" style=\"animation-delay:0.2s\">\r\n\t\t<div class=\"w-grid-item-h\">\r\n\t\t\t\t\t\t<div class=\"w-post-elm post_image usg_post_image_1 stretched\"><img loading=\"lazy\" decoding=\"async\" width=\"1024\" height=\"682\" src=\"https:\/\/www.luxelighting.es\/wp-content\/uploads\/2024\/02\/WhatsApp-Image-2023-10-09-at-19.31.45-1024x682.jpeg\" class=\"attachment-large size-large\" alt=\"\" srcset=\"https:\/\/www.luxelighting.es\/wp-content\/uploads\/2024\/02\/WhatsApp-Image-2023-10-09-at-19.31.45-1024x682.jpeg 1024w, https:\/\/www.luxelighting.es\/wp-content\/uploads\/2024\/02\/WhatsApp-Image-2023-10-09-at-19.31.45-300x200.jpeg 300w, https:\/\/www.luxelighting.es\/wp-content\/uploads\/2024\/02\/WhatsApp-Image-2023-10-09-at-19.31.45-600x400.jpeg 600w, https:\/\/www.luxelighting.es\/wp-content\/uploads\/2024\/02\/WhatsApp-Image-2023-10-09-at-19.31.45-1536x1023.jpeg 1536w, https:\/\/www.luxelighting.es\/wp-content\/uploads\/2024\/02\/WhatsApp-Image-2023-10-09-at-19.31.45-200x133.jpeg 200w, https:\/\/www.luxelighting.es\/wp-content\/uploads\/2024\/02\/WhatsApp-Image-2023-10-09-at-19.31.45-150x100.jpeg 150w, https:\/\/www.luxelighting.es\/wp-content\/uploads\/2024\/02\/WhatsApp-Image-2023-10-09-at-19.31.45-500x333.jpeg 500w, https:\/\/www.luxelighting.es\/wp-content\/uploads\/2024\/02\/WhatsApp-Image-2023-10-09-at-19.31.45-400x267.jpeg 400w, https:\/\/www.luxelighting.es\/wp-content\/uploads\/2024\/02\/WhatsApp-Image-2023-10-09-at-19.31.45.jpeg 1600w\" sizes=\"(max-width: 1024px) 100vw, 1024px\" \/><\/div>\t\t<\/div>\r\n\t<\/article>\r\n\t<article class=\"w-grid-item us_animate_afc off_autostart post-8492 attachment type-attachment status-inherit hentry\" data-id=\"8492\" style=\"animation-delay:0.3s\">\r\n\t\t<div class=\"w-grid-item-h\">\r\n\t\t\t\t\t\t<div class=\"w-post-elm post_image usg_post_image_1 stretched\"><img loading=\"lazy\" decoding=\"async\" width=\"1024\" height=\"682\" src=\"https:\/\/www.luxelighting.es\/wp-content\/uploads\/2024\/02\/WhatsApp-Image-2023-10-09-at-19.31.45-1-1024x682.jpeg\" class=\"attachment-large size-large\" alt=\"\" srcset=\"https:\/\/www.luxelighting.es\/wp-content\/uploads\/2024\/02\/WhatsApp-Image-2023-10-09-at-19.31.45-1-1024x682.jpeg 1024w, https:\/\/www.luxelighting.es\/wp-content\/uploads\/2024\/02\/WhatsApp-Image-2023-10-09-at-19.31.45-1-300x200.jpeg 300w, https:\/\/www.luxelighting.es\/wp-content\/uploads\/2024\/02\/WhatsApp-Image-2023-10-09-at-19.31.45-1-600x400.jpeg 600w, https:\/\/www.luxelighting.es\/wp-content\/uploads\/2024\/02\/WhatsApp-Image-2023-10-09-at-19.31.45-1-1536x1023.jpeg 1536w, https:\/\/www.luxelighting.es\/wp-content\/uploads\/2024\/02\/WhatsApp-Image-2023-10-09-at-19.31.45-1-200x133.jpeg 200w, https:\/\/www.luxelighting.es\/wp-content\/uploads\/2024\/02\/WhatsApp-Image-2023-10-09-at-19.31.45-1-150x100.jpeg 150w, https:\/\/www.luxelighting.es\/wp-content\/uploads\/2024\/02\/WhatsApp-Image-2023-10-09-at-19.31.45-1-500x333.jpeg 500w, https:\/\/www.luxelighting.es\/wp-content\/uploads\/2024\/02\/WhatsApp-Image-2023-10-09-at-19.31.45-1-400x267.jpeg 400w, https:\/\/www.luxelighting.es\/wp-content\/uploads\/2024\/02\/WhatsApp-Image-2023-10-09-at-19.31.45-1.jpeg 1600w\" sizes=\"(max-width: 1024px) 100vw, 1024px\" \/><\/div>\t\t<\/div>\r\n\t<\/article>\r\n\t<article class=\"w-grid-item us_animate_afc off_autostart post-8491 attachment type-attachment status-inherit hentry\" data-id=\"8491\" style=\"animation-delay:0.4s\">\r\n\t\t<div class=\"w-grid-item-h\">\r\n\t\t\t\t\t\t<div class=\"w-post-elm post_image usg_post_image_1 stretched\"><img loading=\"lazy\" decoding=\"async\" width=\"1024\" height=\"682\" src=\"https:\/\/www.luxelighting.es\/wp-content\/uploads\/2024\/02\/WhatsApp-Image-2023-10-09-at-19.31.44-1024x682.jpeg\" class=\"attachment-large size-large\" alt=\"\" srcset=\"https:\/\/www.luxelighting.es\/wp-content\/uploads\/2024\/02\/WhatsApp-Image-2023-10-09-at-19.31.44-1024x682.jpeg 1024w, https:\/\/www.luxelighting.es\/wp-content\/uploads\/2024\/02\/WhatsApp-Image-2023-10-09-at-19.31.44-300x200.jpeg 300w, https:\/\/www.luxelighting.es\/wp-content\/uploads\/2024\/02\/WhatsApp-Image-2023-10-09-at-19.31.44-600x400.jpeg 600w, https:\/\/www.luxelighting.es\/wp-content\/uploads\/2024\/02\/WhatsApp-Image-2023-10-09-at-19.31.44-1536x1023.jpeg 1536w, https:\/\/www.luxelighting.es\/wp-content\/uploads\/2024\/02\/WhatsApp-Image-2023-10-09-at-19.31.44-200x133.jpeg 200w, https:\/\/www.luxelighting.es\/wp-content\/uploads\/2024\/02\/WhatsApp-Image-2023-10-09-at-19.31.44-150x100.jpeg 150w, https:\/\/www.luxelighting.es\/wp-content\/uploads\/2024\/02\/WhatsApp-Image-2023-10-09-at-19.31.44-500x333.jpeg 500w, https:\/\/www.luxelighting.es\/wp-content\/uploads\/2024\/02\/WhatsApp-Image-2023-10-09-at-19.31.44-400x267.jpeg 400w, https:\/\/www.luxelighting.es\/wp-content\/uploads\/2024\/02\/WhatsApp-Image-2023-10-09-at-19.31.44.jpeg 1600w\" sizes=\"(max-width: 1024px) 100vw, 1024px\" \/><\/div>\t\t<\/div>\r\n\t<\/article>\r\n\t<article class=\"w-grid-item us_animate_afc off_autostart post-8484 attachment type-attachment status-inherit hentry\" data-id=\"8484\" style=\"animation-delay:0.5s\">\r\n\t\t<div class=\"w-grid-item-h\">\r\n\t\t\t\t\t\t<div class=\"w-post-elm post_image usg_post_image_1 stretched\"><img loading=\"lazy\" decoding=\"async\" width=\"724\" height=\"1024\" src=\"https:\/\/www.luxelighting.es\/wp-content\/uploads\/2024\/02\/Luxe-Lighting-Brochure-2024-ESP_-EN_-4-724x1024.png\" class=\"attachment-large size-large\" alt=\"\" srcset=\"https:\/\/www.luxelighting.es\/wp-content\/uploads\/2024\/02\/Luxe-Lighting-Brochure-2024-ESP_-EN_-4-724x1024.png 724w, https:\/\/www.luxelighting.es\/wp-content\/uploads\/2024\/02\/Luxe-Lighting-Brochure-2024-ESP_-EN_-4-212x300.png 212w, https:\/\/www.luxelighting.es\/wp-content\/uploads\/2024\/02\/Luxe-Lighting-Brochure-2024-ESP_-EN_-4-1086x1536.png 1086w, https:\/\/www.luxelighting.es\/wp-content\/uploads\/2024\/02\/Luxe-Lighting-Brochure-2024-ESP_-EN_-4-141x200.png 141w, https:\/\/www.luxelighting.es\/wp-content\/uploads\/2024\/02\/Luxe-Lighting-Brochure-2024-ESP_-EN_-4-106x150.png 106w, https:\/\/www.luxelighting.es\/wp-content\/uploads\/2024\/02\/Luxe-Lighting-Brochure-2024-ESP_-EN_-4-424x600.png 424w, https:\/\/www.luxelighting.es\/wp-content\/uploads\/2024\/02\/Luxe-Lighting-Brochure-2024-ESP_-EN_-4-354x500.png 354w, https:\/\/www.luxelighting.es\/wp-content\/uploads\/2024\/02\/Luxe-Lighting-Brochure-2024-ESP_-EN_-4-283x400.png 283w, https:\/\/www.luxelighting.es\/wp-content\/uploads\/2024\/02\/Luxe-Lighting-Brochure-2024-ESP_-EN_-4.png 1414w\" sizes=\"(max-width: 724px) 100vw, 724px\" \/><\/div>\t\t<\/div>\r\n\t<\/article>\r\n\t<article class=\"w-grid-item us_animate_afc off_autostart post-8483 attachment type-attachment status-inherit hentry\" data-id=\"8483\" style=\"animation-delay:0s\">\r\n\t\t<div class=\"w-grid-item-h\">\r\n\t\t\t\t\t\t<div class=\"w-post-elm post_image usg_post_image_1 stretched\"><img loading=\"lazy\" decoding=\"async\" width=\"724\" height=\"1024\" src=\"https:\/\/www.luxelighting.es\/wp-content\/uploads\/2024\/02\/Luxe-Lighting-Brochure-2024-ESP_-EN_-3-724x1024.png\" class=\"attachment-large size-large\" alt=\"\" srcset=\"https:\/\/www.luxelighting.es\/wp-content\/uploads\/2024\/02\/Luxe-Lighting-Brochure-2024-ESP_-EN_-3-724x1024.png 724w, https:\/\/www.luxelighting.es\/wp-content\/uploads\/2024\/02\/Luxe-Lighting-Brochure-2024-ESP_-EN_-3-212x300.png 212w, https:\/\/www.luxelighting.es\/wp-content\/uploads\/2024\/02\/Luxe-Lighting-Brochure-2024-ESP_-EN_-3-1086x1536.png 1086w, https:\/\/www.luxelighting.es\/wp-content\/uploads\/2024\/02\/Luxe-Lighting-Brochure-2024-ESP_-EN_-3-141x200.png 141w, https:\/\/www.luxelighting.es\/wp-content\/uploads\/2024\/02\/Luxe-Lighting-Brochure-2024-ESP_-EN_-3-106x150.png 106w, https:\/\/www.luxelighting.es\/wp-content\/uploads\/2024\/02\/Luxe-Lighting-Brochure-2024-ESP_-EN_-3-424x600.png 424w, https:\/\/www.luxelighting.es\/wp-content\/uploads\/2024\/02\/Luxe-Lighting-Brochure-2024-ESP_-EN_-3-354x500.png 354w, https:\/\/www.luxelighting.es\/wp-content\/uploads\/2024\/02\/Luxe-Lighting-Brochure-2024-ESP_-EN_-3-283x400.png 283w, https:\/\/www.luxelighting.es\/wp-content\/uploads\/2024\/02\/Luxe-Lighting-Brochure-2024-ESP_-EN_-3.png 1414w\" sizes=\"(max-width: 724px) 100vw, 724px\" \/><\/div>\t\t<\/div>\r\n\t<\/article>\r\n\t<article class=\"w-grid-item us_animate_afc off_autostart post-8482 attachment type-attachment status-inherit hentry\" data-id=\"8482\" style=\"animation-delay:0.1s\">\r\n\t\t<div class=\"w-grid-item-h\">\r\n\t\t\t\t\t\t<div class=\"w-post-elm post_image usg_post_image_1 stretched\"><img loading=\"lazy\" decoding=\"async\" width=\"683\" height=\"1024\" src=\"https:\/\/www.luxelighting.es\/wp-content\/uploads\/2024\/02\/IMG_5089-683x1024.jpg\" class=\"attachment-large size-large\" alt=\"\" srcset=\"https:\/\/www.luxelighting.es\/wp-content\/uploads\/2024\/02\/IMG_5089-683x1024.jpg 683w, https:\/\/www.luxelighting.es\/wp-content\/uploads\/2024\/02\/IMG_5089-200x300.jpg 200w, https:\/\/www.luxelighting.es\/wp-content\/uploads\/2024\/02\/IMG_5089-1024x1536.jpg 1024w, https:\/\/www.luxelighting.es\/wp-content\/uploads\/2024\/02\/IMG_5089-133x200.jpg 133w, https:\/\/www.luxelighting.es\/wp-content\/uploads\/2024\/02\/IMG_5089-100x150.jpg 100w, https:\/\/www.luxelighting.es\/wp-content\/uploads\/2024\/02\/IMG_5089-400x600.jpg 400w, https:\/\/www.luxelighting.es\/wp-content\/uploads\/2024\/02\/IMG_5089-333x500.jpg 333w, https:\/\/www.luxelighting.es\/wp-content\/uploads\/2024\/02\/IMG_5089-267x400.jpg 267w, https:\/\/www.luxelighting.es\/wp-content\/uploads\/2024\/02\/IMG_5089-scaled.jpg 1707w\" sizes=\"(max-width: 683px) 100vw, 683px\" \/><\/div>\t\t<\/div>\r\n\t<\/article>\r\n\t<article class=\"w-grid-item us_animate_afc off_autostart post-8478 attachment type-attachment status-inherit hentry\" data-id=\"8478\" style=\"animation-delay:0.2s\">\r\n\t\t<div class=\"w-grid-item-h\">\r\n\t\t\t\t\t\t<div class=\"w-post-elm post_image usg_post_image_1 stretched\"><img loading=\"lazy\" decoding=\"async\" width=\"925\" height=\"1024\" src=\"https:\/\/www.luxelighting.es\/wp-content\/uploads\/2024\/02\/Chandelier-Maria-Theresa-Champagne-925x1024.jpg\" class=\"attachment-large size-large\" alt=\"\" srcset=\"https:\/\/www.luxelighting.es\/wp-content\/uploads\/2024\/02\/Chandelier-Maria-Theresa-Champagne-925x1024.jpg 925w, https:\/\/www.luxelighting.es\/wp-content\/uploads\/2024\/02\/Chandelier-Maria-Theresa-Champagne-271x300.jpg 271w, https:\/\/www.luxelighting.es\/wp-content\/uploads\/2024\/02\/Chandelier-Maria-Theresa-Champagne-181x200.jpg 181w, https:\/\/www.luxelighting.es\/wp-content\/uploads\/2024\/02\/Chandelier-Maria-Theresa-Champagne-135x150.jpg 135w, https:\/\/www.luxelighting.es\/wp-content\/uploads\/2024\/02\/Chandelier-Maria-Theresa-Champagne-542x600.jpg 542w, https:\/\/www.luxelighting.es\/wp-content\/uploads\/2024\/02\/Chandelier-Maria-Theresa-Champagne-452x500.jpg 452w, https:\/\/www.luxelighting.es\/wp-content\/uploads\/2024\/02\/Chandelier-Maria-Theresa-Champagne-361x400.jpg 361w, https:\/\/www.luxelighting.es\/wp-content\/uploads\/2024\/02\/Chandelier-Maria-Theresa-Champagne.jpg 1091w\" sizes=\"(max-width: 925px) 100vw, 925px\" \/><\/div>\t\t<\/div>\r\n\t<\/article>\r\n\t<article class=\"w-grid-item us_animate_afc off_autostart post-8477 attachment type-attachment status-inherit hentry\" data-id=\"8477\" style=\"animation-delay:0.3s\">\r\n\t\t<div class=\"w-grid-item-h\">\r\n\t\t\t\t\t\t<div class=\"w-post-elm post_image usg_post_image_1 stretched\"><img loading=\"lazy\" decoding=\"async\" width=\"681\" height=\"1024\" src=\"https:\/\/www.luxelighting.es\/wp-content\/uploads\/2024\/02\/Chandelier-Imperial-Gold--681x1024.jpg\" class=\"attachment-large size-large\" alt=\"\" srcset=\"https:\/\/www.luxelighting.es\/wp-content\/uploads\/2024\/02\/Chandelier-Imperial-Gold--681x1024.jpg 681w, https:\/\/www.luxelighting.es\/wp-content\/uploads\/2024\/02\/Chandelier-Imperial-Gold--200x300.jpg 200w, https:\/\/www.luxelighting.es\/wp-content\/uploads\/2024\/02\/Chandelier-Imperial-Gold--1021x1536.jpg 1021w, https:\/\/www.luxelighting.es\/wp-content\/uploads\/2024\/02\/Chandelier-Imperial-Gold--133x200.jpg 133w, https:\/\/www.luxelighting.es\/wp-content\/uploads\/2024\/02\/Chandelier-Imperial-Gold--100x150.jpg 100w, https:\/\/www.luxelighting.es\/wp-content\/uploads\/2024\/02\/Chandelier-Imperial-Gold--399x600.jpg 399w, https:\/\/www.luxelighting.es\/wp-content\/uploads\/2024\/02\/Chandelier-Imperial-Gold--333x500.jpg 333w, https:\/\/www.luxelighting.es\/wp-content\/uploads\/2024\/02\/Chandelier-Imperial-Gold--266x400.jpg 266w, https:\/\/www.luxelighting.es\/wp-content\/uploads\/2024\/02\/Chandelier-Imperial-Gold-.jpg 1064w\" sizes=\"(max-width: 681px) 100vw, 681px\" \/><\/div>\t\t<\/div>\r\n\t<\/article>\r\n\t<article class=\"w-grid-item us_animate_afc off_autostart post-8476 attachment type-attachment status-inherit hentry\" data-id=\"8476\" style=\"animation-delay:0.4s\">\r\n\t\t<div class=\"w-grid-item-h\">\r\n\t\t\t\t\t\t<div class=\"w-post-elm post_image usg_post_image_1 stretched\"><img loading=\"lazy\" decoding=\"async\" width=\"683\" height=\"1024\" src=\"https:\/\/www.luxelighting.es\/wp-content\/uploads\/2024\/02\/Chand-imperial-683x1024.jpg\" class=\"attachment-large size-large\" alt=\"\" srcset=\"https:\/\/www.luxelighting.es\/wp-content\/uploads\/2024\/02\/Chand-imperial-683x1024.jpg 683w, https:\/\/www.luxelighting.es\/wp-content\/uploads\/2024\/02\/Chand-imperial-200x300.jpg 200w, https:\/\/www.luxelighting.es\/wp-content\/uploads\/2024\/02\/Chand-imperial-1024x1536.jpg 1024w, https:\/\/www.luxelighting.es\/wp-content\/uploads\/2024\/02\/Chand-imperial-133x200.jpg 133w, https:\/\/www.luxelighting.es\/wp-content\/uploads\/2024\/02\/Chand-imperial-100x150.jpg 100w, https:\/\/www.luxelighting.es\/wp-content\/uploads\/2024\/02\/Chand-imperial-400x600.jpg 400w, https:\/\/www.luxelighting.es\/wp-content\/uploads\/2024\/02\/Chand-imperial-333x500.jpg 333w, https:\/\/www.luxelighting.es\/wp-content\/uploads\/2024\/02\/Chand-imperial-267x400.jpg 267w, https:\/\/www.luxelighting.es\/wp-content\/uploads\/2024\/02\/Chand-imperial-scaled.jpg 1707w\" sizes=\"(max-width: 683px) 100vw, 683px\" \/><\/div>\t\t<\/div>\r\n\t<\/article>\r\n\t<article class=\"w-grid-item us_animate_afc off_autostart post-8474 attachment type-attachment status-inherit hentry\" data-id=\"8474\" style=\"animation-delay:0.5s\">\r\n\t\t<div class=\"w-grid-item-h\">\r\n\t\t\t\t\t\t<div class=\"w-post-elm post_image usg_post_image_1 stretched\"><img loading=\"lazy\" decoding=\"async\" width=\"1024\" height=\"683\" src=\"https:\/\/www.luxelighting.es\/wp-content\/uploads\/2024\/02\/Aimee-K-Team-Anthea-Marc-SP-77_websize-1024x683.jpg\" class=\"attachment-large size-large\" alt=\"\" srcset=\"https:\/\/www.luxelighting.es\/wp-content\/uploads\/2024\/02\/Aimee-K-Team-Anthea-Marc-SP-77_websize-1024x683.jpg 1024w, https:\/\/www.luxelighting.es\/wp-content\/uploads\/2024\/02\/Aimee-K-Team-Anthea-Marc-SP-77_websize-300x200.jpg 300w, https:\/\/www.luxelighting.es\/wp-content\/uploads\/2024\/02\/Aimee-K-Team-Anthea-Marc-SP-77_websize-600x400.jpg 600w, https:\/\/www.luxelighting.es\/wp-content\/uploads\/2024\/02\/Aimee-K-Team-Anthea-Marc-SP-77_websize-1536x1024.jpg 1536w, https:\/\/www.luxelighting.es\/wp-content\/uploads\/2024\/02\/Aimee-K-Team-Anthea-Marc-SP-77_websize-200x133.jpg 200w, https:\/\/www.luxelighting.es\/wp-content\/uploads\/2024\/02\/Aimee-K-Team-Anthea-Marc-SP-77_websize-150x100.jpg 150w, https:\/\/www.luxelighting.es\/wp-content\/uploads\/2024\/02\/Aimee-K-Team-Anthea-Marc-SP-77_websize-500x333.jpg 500w, https:\/\/www.luxelighting.es\/wp-content\/uploads\/2024\/02\/Aimee-K-Team-Anthea-Marc-SP-77_websize-400x267.jpg 400w, https:\/\/www.luxelighting.es\/wp-content\/uploads\/2024\/02\/Aimee-K-Team-Anthea-Marc-SP-77_websize.jpg 1600w\" sizes=\"(max-width: 1024px) 100vw, 1024px\" \/><\/div>\t\t<\/div>\r\n\t<\/article>\r\n\t<article class=\"w-grid-item us_animate_afc off_autostart post-8473 attachment type-attachment status-inherit hentry\" data-id=\"8473\" style=\"animation-delay:0s\">\r\n\t\t<div class=\"w-grid-item-h\">\r\n\t\t\t\t\t\t<div class=\"w-post-elm post_image usg_post_image_1 stretched\"><img loading=\"lazy\" decoding=\"async\" width=\"1024\" height=\"683\" src=\"https:\/\/www.luxelighting.es\/wp-content\/uploads\/2024\/02\/Aimee-K-Team-Anthea-Marc-SP-75_websize-1024x683.jpg\" class=\"attachment-large size-large\" alt=\"\" srcset=\"https:\/\/www.luxelighting.es\/wp-content\/uploads\/2024\/02\/Aimee-K-Team-Anthea-Marc-SP-75_websize-1024x683.jpg 1024w, https:\/\/www.luxelighting.es\/wp-content\/uploads\/2024\/02\/Aimee-K-Team-Anthea-Marc-SP-75_websize-300x200.jpg 300w, https:\/\/www.luxelighting.es\/wp-content\/uploads\/2024\/02\/Aimee-K-Team-Anthea-Marc-SP-75_websize-600x400.jpg 600w, https:\/\/www.luxelighting.es\/wp-content\/uploads\/2024\/02\/Aimee-K-Team-Anthea-Marc-SP-75_websize-1536x1024.jpg 1536w, https:\/\/www.luxelighting.es\/wp-content\/uploads\/2024\/02\/Aimee-K-Team-Anthea-Marc-SP-75_websize-200x133.jpg 200w, https:\/\/www.luxelighting.es\/wp-content\/uploads\/2024\/02\/Aimee-K-Team-Anthea-Marc-SP-75_websize-150x100.jpg 150w, https:\/\/www.luxelighting.es\/wp-content\/uploads\/2024\/02\/Aimee-K-Team-Anthea-Marc-SP-75_websize-500x333.jpg 500w, https:\/\/www.luxelighting.es\/wp-content\/uploads\/2024\/02\/Aimee-K-Team-Anthea-Marc-SP-75_websize-400x267.jpg 400w, https:\/\/www.luxelighting.es\/wp-content\/uploads\/2024\/02\/Aimee-K-Team-Anthea-Marc-SP-75_websize.jpg 1600w\" sizes=\"(max-width: 1024px) 100vw, 1024px\" \/><\/div>\t\t<\/div>\r\n\t<\/article>\r\n\t<article class=\"w-grid-item us_animate_afc off_autostart post-8472 attachment type-attachment status-inherit hentry\" data-id=\"8472\" style=\"animation-delay:0.1s\">\r\n\t\t<div class=\"w-grid-item-h\">\r\n\t\t\t\t\t\t<div class=\"w-post-elm post_image usg_post_image_1 stretched\"><img loading=\"lazy\" decoding=\"async\" width=\"683\" height=\"1024\" src=\"https:\/\/www.luxelighting.es\/wp-content\/uploads\/2024\/02\/Aimee-K-Team-Anthea-Marc-SP-73_websize-683x1024.jpg\" class=\"attachment-large size-large\" alt=\"\" srcset=\"https:\/\/www.luxelighting.es\/wp-content\/uploads\/2024\/02\/Aimee-K-Team-Anthea-Marc-SP-73_websize-683x1024.jpg 683w, https:\/\/www.luxelighting.es\/wp-content\/uploads\/2024\/02\/Aimee-K-Team-Anthea-Marc-SP-73_websize-200x300.jpg 200w, https:\/\/www.luxelighting.es\/wp-content\/uploads\/2024\/02\/Aimee-K-Team-Anthea-Marc-SP-73_websize-1024x1536.jpg 1024w, https:\/\/www.luxelighting.es\/wp-content\/uploads\/2024\/02\/Aimee-K-Team-Anthea-Marc-SP-73_websize-133x200.jpg 133w, https:\/\/www.luxelighting.es\/wp-content\/uploads\/2024\/02\/Aimee-K-Team-Anthea-Marc-SP-73_websize-100x150.jpg 100w, https:\/\/www.luxelighting.es\/wp-content\/uploads\/2024\/02\/Aimee-K-Team-Anthea-Marc-SP-73_websize-400x600.jpg 400w, https:\/\/www.luxelighting.es\/wp-content\/uploads\/2024\/02\/Aimee-K-Team-Anthea-Marc-SP-73_websize-333x500.jpg 333w, https:\/\/www.luxelighting.es\/wp-content\/uploads\/2024\/02\/Aimee-K-Team-Anthea-Marc-SP-73_websize-267x400.jpg 267w, https:\/\/www.luxelighting.es\/wp-content\/uploads\/2024\/02\/Aimee-K-Team-Anthea-Marc-SP-73_websize.jpg 1067w\" sizes=\"(max-width: 683px) 100vw, 683px\" \/><\/div>\t\t<\/div>\r\n\t<\/article>\r\n\t<article class=\"w-grid-item us_animate_afc off_autostart post-8471 attachment type-attachment status-inherit hentry\" data-id=\"8471\" style=\"animation-delay:0.2s\">\r\n\t\t<div class=\"w-grid-item-h\">\r\n\t\t\t\t\t\t<div class=\"w-post-elm post_image usg_post_image_1 stretched\"><img loading=\"lazy\" decoding=\"async\" width=\"1024\" height=\"683\" src=\"https:\/\/www.luxelighting.es\/wp-content\/uploads\/2024\/02\/Aimee-K-Team-Anthea-Marc-SP-71_websize-1024x683.jpg\" class=\"attachment-large size-large\" alt=\"\" srcset=\"https:\/\/www.luxelighting.es\/wp-content\/uploads\/2024\/02\/Aimee-K-Team-Anthea-Marc-SP-71_websize-1024x683.jpg 1024w, https:\/\/www.luxelighting.es\/wp-content\/uploads\/2024\/02\/Aimee-K-Team-Anthea-Marc-SP-71_websize-300x200.jpg 300w, https:\/\/www.luxelighting.es\/wp-content\/uploads\/2024\/02\/Aimee-K-Team-Anthea-Marc-SP-71_websize-600x400.jpg 600w, https:\/\/www.luxelighting.es\/wp-content\/uploads\/2024\/02\/Aimee-K-Team-Anthea-Marc-SP-71_websize-1536x1024.jpg 1536w, https:\/\/www.luxelighting.es\/wp-content\/uploads\/2024\/02\/Aimee-K-Team-Anthea-Marc-SP-71_websize-200x133.jpg 200w, https:\/\/www.luxelighting.es\/wp-content\/uploads\/2024\/02\/Aimee-K-Team-Anthea-Marc-SP-71_websize-150x100.jpg 150w, https:\/\/www.luxelighting.es\/wp-content\/uploads\/2024\/02\/Aimee-K-Team-Anthea-Marc-SP-71_websize-500x333.jpg 500w, https:\/\/www.luxelighting.es\/wp-content\/uploads\/2024\/02\/Aimee-K-Team-Anthea-Marc-SP-71_websize-400x267.jpg 400w, https:\/\/www.luxelighting.es\/wp-content\/uploads\/2024\/02\/Aimee-K-Team-Anthea-Marc-SP-71_websize.jpg 1600w\" sizes=\"(max-width: 1024px) 100vw, 1024px\" \/><\/div>\t\t<\/div>\r\n\t<\/article>\r\n\t<article class=\"w-grid-item us_animate_afc off_autostart post-8470 attachment type-attachment status-inherit hentry\" data-id=\"8470\" style=\"animation-delay:0.3s\">\r\n\t\t<div class=\"w-grid-item-h\">\r\n\t\t\t\t\t\t<div class=\"w-post-elm post_image usg_post_image_1 stretched\"><img loading=\"lazy\" decoding=\"async\" width=\"1024\" height=\"683\" src=\"https:\/\/www.luxelighting.es\/wp-content\/uploads\/2024\/02\/Aimee-K-Team-Anthea-Marc-SP-69_websize-1024x683.jpg\" class=\"attachment-large size-large\" alt=\"\" srcset=\"https:\/\/www.luxelighting.es\/wp-content\/uploads\/2024\/02\/Aimee-K-Team-Anthea-Marc-SP-69_websize-1024x683.jpg 1024w, https:\/\/www.luxelighting.es\/wp-content\/uploads\/2024\/02\/Aimee-K-Team-Anthea-Marc-SP-69_websize-300x200.jpg 300w, https:\/\/www.luxelighting.es\/wp-content\/uploads\/2024\/02\/Aimee-K-Team-Anthea-Marc-SP-69_websize-600x400.jpg 600w, https:\/\/www.luxelighting.es\/wp-content\/uploads\/2024\/02\/Aimee-K-Team-Anthea-Marc-SP-69_websize-1536x1024.jpg 1536w, https:\/\/www.luxelighting.es\/wp-content\/uploads\/2024\/02\/Aimee-K-Team-Anthea-Marc-SP-69_websize-200x133.jpg 200w, https:\/\/www.luxelighting.es\/wp-content\/uploads\/2024\/02\/Aimee-K-Team-Anthea-Marc-SP-69_websize-150x100.jpg 150w, https:\/\/www.luxelighting.es\/wp-content\/uploads\/2024\/02\/Aimee-K-Team-Anthea-Marc-SP-69_websize-500x333.jpg 500w, https:\/\/www.luxelighting.es\/wp-content\/uploads\/2024\/02\/Aimee-K-Team-Anthea-Marc-SP-69_websize-400x267.jpg 400w, https:\/\/www.luxelighting.es\/wp-content\/uploads\/2024\/02\/Aimee-K-Team-Anthea-Marc-SP-69_websize.jpg 1600w\" sizes=\"(max-width: 1024px) 100vw, 1024px\" \/><\/div>\t\t<\/div>\r\n\t<\/article>\r\n\t<article class=\"w-grid-item us_animate_afc off_autostart post-8469 attachment type-attachment status-inherit hentry\" data-id=\"8469\" style=\"animation-delay:0.4s\">\r\n\t\t<div class=\"w-grid-item-h\">\r\n\t\t\t\t\t\t<div class=\"w-post-elm post_image usg_post_image_1 stretched\"><img loading=\"lazy\" decoding=\"async\" width=\"1024\" height=\"683\" src=\"https:\/\/www.luxelighting.es\/wp-content\/uploads\/2024\/02\/Aimee-K-Photography-Sophie-Vincent-SP-73_websize-1024x683.jpg\" class=\"attachment-large size-large\" alt=\"\" srcset=\"https:\/\/www.luxelighting.es\/wp-content\/uploads\/2024\/02\/Aimee-K-Photography-Sophie-Vincent-SP-73_websize-1024x683.jpg 1024w, https:\/\/www.luxelighting.es\/wp-content\/uploads\/2024\/02\/Aimee-K-Photography-Sophie-Vincent-SP-73_websize-300x200.jpg 300w, https:\/\/www.luxelighting.es\/wp-content\/uploads\/2024\/02\/Aimee-K-Photography-Sophie-Vincent-SP-73_websize-600x400.jpg 600w, https:\/\/www.luxelighting.es\/wp-content\/uploads\/2024\/02\/Aimee-K-Photography-Sophie-Vincent-SP-73_websize-1536x1024.jpg 1536w, https:\/\/www.luxelighting.es\/wp-content\/uploads\/2024\/02\/Aimee-K-Photography-Sophie-Vincent-SP-73_websize-200x133.jpg 200w, https:\/\/www.luxelighting.es\/wp-content\/uploads\/2024\/02\/Aimee-K-Photography-Sophie-Vincent-SP-73_websize-150x100.jpg 150w, https:\/\/www.luxelighting.es\/wp-content\/uploads\/2024\/02\/Aimee-K-Photography-Sophie-Vincent-SP-73_websize-500x333.jpg 500w, https:\/\/www.luxelighting.es\/wp-content\/uploads\/2024\/02\/Aimee-K-Photography-Sophie-Vincent-SP-73_websize-400x267.jpg 400w, https:\/\/www.luxelighting.es\/wp-content\/uploads\/2024\/02\/Aimee-K-Photography-Sophie-Vincent-SP-73_websize.jpg 1600w\" sizes=\"(max-width: 1024px) 100vw, 1024px\" \/><\/div>\t\t<\/div>\r\n\t<\/article>\r\n\t<article class=\"w-grid-item us_animate_afc off_autostart post-8468 attachment type-attachment status-inherit hentry\" data-id=\"8468\" style=\"animation-delay:0.5s\">\r\n\t\t<div class=\"w-grid-item-h\">\r\n\t\t\t\t\t\t<div class=\"w-post-elm post_image usg_post_image_1 stretched\"><img loading=\"lazy\" decoding=\"async\" width=\"1024\" height=\"683\" src=\"https:\/\/www.luxelighting.es\/wp-content\/uploads\/2024\/02\/Aimee-K-Photography-Sophie-Vincent-SP-72_websize-1024x683.jpg\" class=\"attachment-large size-large\" alt=\"\" srcset=\"https:\/\/www.luxelighting.es\/wp-content\/uploads\/2024\/02\/Aimee-K-Photography-Sophie-Vincent-SP-72_websize-1024x683.jpg 1024w, https:\/\/www.luxelighting.es\/wp-content\/uploads\/2024\/02\/Aimee-K-Photography-Sophie-Vincent-SP-72_websize-300x200.jpg 300w, https:\/\/www.luxelighting.es\/wp-content\/uploads\/2024\/02\/Aimee-K-Photography-Sophie-Vincent-SP-72_websize-600x400.jpg 600w, https:\/\/www.luxelighting.es\/wp-content\/uploads\/2024\/02\/Aimee-K-Photography-Sophie-Vincent-SP-72_websize-1536x1024.jpg 1536w, https:\/\/www.luxelighting.es\/wp-content\/uploads\/2024\/02\/Aimee-K-Photography-Sophie-Vincent-SP-72_websize-200x133.jpg 200w, https:\/\/www.luxelighting.es\/wp-content\/uploads\/2024\/02\/Aimee-K-Photography-Sophie-Vincent-SP-72_websize-150x100.jpg 150w, https:\/\/www.luxelighting.es\/wp-content\/uploads\/2024\/02\/Aimee-K-Photography-Sophie-Vincent-SP-72_websize-500x333.jpg 500w, https:\/\/www.luxelighting.es\/wp-content\/uploads\/2024\/02\/Aimee-K-Photography-Sophie-Vincent-SP-72_websize-400x267.jpg 400w, https:\/\/www.luxelighting.es\/wp-content\/uploads\/2024\/02\/Aimee-K-Photography-Sophie-Vincent-SP-72_websize.jpg 1600w\" sizes=\"(max-width: 1024px) 100vw, 1024px\" \/><\/div>\t\t<\/div>\r\n\t<\/article>\r\n\t<article class=\"w-grid-item us_animate_afc off_autostart post-8467 attachment type-attachment status-inherit hentry\" data-id=\"8467\" style=\"animation-delay:0s\">\r\n\t\t<div class=\"w-grid-item-h\">\r\n\t\t\t\t\t\t<div class=\"w-post-elm post_image usg_post_image_1 stretched\"><img loading=\"lazy\" decoding=\"async\" width=\"683\" height=\"1024\" src=\"https:\/\/www.luxelighting.es\/wp-content\/uploads\/2024\/02\/Aimee-K-Photography-Sophie-Maxim-SP-61_websize-683x1024.jpg\" class=\"attachment-large size-large\" alt=\"\" srcset=\"https:\/\/www.luxelighting.es\/wp-content\/uploads\/2024\/02\/Aimee-K-Photography-Sophie-Maxim-SP-61_websize-683x1024.jpg 683w, https:\/\/www.luxelighting.es\/wp-content\/uploads\/2024\/02\/Aimee-K-Photography-Sophie-Maxim-SP-61_websize-200x300.jpg 200w, https:\/\/www.luxelighting.es\/wp-content\/uploads\/2024\/02\/Aimee-K-Photography-Sophie-Maxim-SP-61_websize-1024x1536.jpg 1024w, https:\/\/www.luxelighting.es\/wp-content\/uploads\/2024\/02\/Aimee-K-Photography-Sophie-Maxim-SP-61_websize-133x200.jpg 133w, https:\/\/www.luxelighting.es\/wp-content\/uploads\/2024\/02\/Aimee-K-Photography-Sophie-Maxim-SP-61_websize-100x150.jpg 100w, https:\/\/www.luxelighting.es\/wp-content\/uploads\/2024\/02\/Aimee-K-Photography-Sophie-Maxim-SP-61_websize-400x600.jpg 400w, https:\/\/www.luxelighting.es\/wp-content\/uploads\/2024\/02\/Aimee-K-Photography-Sophie-Maxim-SP-61_websize-333x500.jpg 333w, https:\/\/www.luxelighting.es\/wp-content\/uploads\/2024\/02\/Aimee-K-Photography-Sophie-Maxim-SP-61_websize-267x400.jpg 267w, https:\/\/www.luxelighting.es\/wp-content\/uploads\/2024\/02\/Aimee-K-Photography-Sophie-Maxim-SP-61_websize.jpg 1067w\" sizes=\"(max-width: 683px) 100vw, 683px\" \/><\/div>\t\t<\/div>\r\n\t<\/article>\r\n\t<article class=\"w-grid-item us_animate_afc off_autostart post-8466 attachment type-attachment status-inherit hentry\" data-id=\"8466\" style=\"animation-delay:0.1s\">\r\n\t\t<div class=\"w-grid-item-h\">\r\n\t\t\t\t\t\t<div class=\"w-post-elm post_image usg_post_image_1 stretched\"><img loading=\"lazy\" decoding=\"async\" width=\"683\" height=\"1024\" src=\"https:\/\/www.luxelighting.es\/wp-content\/uploads\/2024\/02\/Aimee-K-Photography-Sophie-Maxim-SP-54_websize-683x1024.jpg\" class=\"attachment-large size-large\" alt=\"\" srcset=\"https:\/\/www.luxelighting.es\/wp-content\/uploads\/2024\/02\/Aimee-K-Photography-Sophie-Maxim-SP-54_websize-683x1024.jpg 683w, https:\/\/www.luxelighting.es\/wp-content\/uploads\/2024\/02\/Aimee-K-Photography-Sophie-Maxim-SP-54_websize-200x300.jpg 200w, https:\/\/www.luxelighting.es\/wp-content\/uploads\/2024\/02\/Aimee-K-Photography-Sophie-Maxim-SP-54_websize-1024x1536.jpg 1024w, https:\/\/www.luxelighting.es\/wp-content\/uploads\/2024\/02\/Aimee-K-Photography-Sophie-Maxim-SP-54_websize-133x200.jpg 133w, https:\/\/www.luxelighting.es\/wp-content\/uploads\/2024\/02\/Aimee-K-Photography-Sophie-Maxim-SP-54_websize-100x150.jpg 100w, https:\/\/www.luxelighting.es\/wp-content\/uploads\/2024\/02\/Aimee-K-Photography-Sophie-Maxim-SP-54_websize-400x600.jpg 400w, https:\/\/www.luxelighting.es\/wp-content\/uploads\/2024\/02\/Aimee-K-Photography-Sophie-Maxim-SP-54_websize-333x500.jpg 333w, https:\/\/www.luxelighting.es\/wp-content\/uploads\/2024\/02\/Aimee-K-Photography-Sophie-Maxim-SP-54_websize-267x400.jpg 267w, https:\/\/www.luxelighting.es\/wp-content\/uploads\/2024\/02\/Aimee-K-Photography-Sophie-Maxim-SP-54_websize.jpg 1067w\" sizes=\"(max-width: 683px) 100vw, 683px\" \/><\/div>\t\t<\/div>\r\n\t<\/article>\r\n\t<article class=\"w-grid-item us_animate_afc off_autostart post-8465 attachment type-attachment status-inherit hentry\" data-id=\"8465\" style=\"animation-delay:0.2s\">\r\n\t\t<div class=\"w-grid-item-h\">\r\n\t\t\t\t\t\t<div class=\"w-post-elm post_image usg_post_image_1 stretched\"><img loading=\"lazy\" decoding=\"async\" width=\"683\" height=\"1024\" src=\"https:\/\/www.luxelighting.es\/wp-content\/uploads\/2024\/02\/Aimee-K-Photography-Armani-Ben-SP-68_websize-683x1024.jpg\" class=\"attachment-large size-large\" alt=\"\" srcset=\"https:\/\/www.luxelighting.es\/wp-content\/uploads\/2024\/02\/Aimee-K-Photography-Armani-Ben-SP-68_websize-683x1024.jpg 683w, https:\/\/www.luxelighting.es\/wp-content\/uploads\/2024\/02\/Aimee-K-Photography-Armani-Ben-SP-68_websize-200x300.jpg 200w, https:\/\/www.luxelighting.es\/wp-content\/uploads\/2024\/02\/Aimee-K-Photography-Armani-Ben-SP-68_websize-1024x1536.jpg 1024w, https:\/\/www.luxelighting.es\/wp-content\/uploads\/2024\/02\/Aimee-K-Photography-Armani-Ben-SP-68_websize-133x200.jpg 133w, https:\/\/www.luxelighting.es\/wp-content\/uploads\/2024\/02\/Aimee-K-Photography-Armani-Ben-SP-68_websize-100x150.jpg 100w, https:\/\/www.luxelighting.es\/wp-content\/uploads\/2024\/02\/Aimee-K-Photography-Armani-Ben-SP-68_websize-400x600.jpg 400w, https:\/\/www.luxelighting.es\/wp-content\/uploads\/2024\/02\/Aimee-K-Photography-Armani-Ben-SP-68_websize-333x500.jpg 333w, https:\/\/www.luxelighting.es\/wp-content\/uploads\/2024\/02\/Aimee-K-Photography-Armani-Ben-SP-68_websize-267x400.jpg 267w, https:\/\/www.luxelighting.es\/wp-content\/uploads\/2024\/02\/Aimee-K-Photography-Armani-Ben-SP-68_websize.jpg 1067w\" sizes=\"(max-width: 683px) 100vw, 683px\" \/><\/div>\t\t<\/div>\r\n\t<\/article>\r\n\t<article class=\"w-grid-item us_animate_afc off_autostart post-8464 attachment type-attachment status-inherit hentry\" data-id=\"8464\" style=\"animation-delay:0.3s\">\r\n\t\t<div class=\"w-grid-item-h\">\r\n\t\t\t\t\t\t<div class=\"w-post-elm post_image usg_post_image_1 stretched\"><img loading=\"lazy\" decoding=\"async\" width=\"1024\" height=\"683\" src=\"https:\/\/www.luxelighting.es\/wp-content\/uploads\/2024\/02\/Aimee-K-Photography-Armani-Ben-SP-65_websize-1024x683.jpg\" class=\"attachment-large size-large\" alt=\"\" srcset=\"https:\/\/www.luxelighting.es\/wp-content\/uploads\/2024\/02\/Aimee-K-Photography-Armani-Ben-SP-65_websize-1024x683.jpg 1024w, https:\/\/www.luxelighting.es\/wp-content\/uploads\/2024\/02\/Aimee-K-Photography-Armani-Ben-SP-65_websize-300x200.jpg 300w, https:\/\/www.luxelighting.es\/wp-content\/uploads\/2024\/02\/Aimee-K-Photography-Armani-Ben-SP-65_websize-600x400.jpg 600w, https:\/\/www.luxelighting.es\/wp-content\/uploads\/2024\/02\/Aimee-K-Photography-Armani-Ben-SP-65_websize-1536x1024.jpg 1536w, https:\/\/www.luxelighting.es\/wp-content\/uploads\/2024\/02\/Aimee-K-Photography-Armani-Ben-SP-65_websize-200x133.jpg 200w, https:\/\/www.luxelighting.es\/wp-content\/uploads\/2024\/02\/Aimee-K-Photography-Armani-Ben-SP-65_websize-150x100.jpg 150w, https:\/\/www.luxelighting.es\/wp-content\/uploads\/2024\/02\/Aimee-K-Photography-Armani-Ben-SP-65_websize-500x333.jpg 500w, https:\/\/www.luxelighting.es\/wp-content\/uploads\/2024\/02\/Aimee-K-Photography-Armani-Ben-SP-65_websize-400x267.jpg 400w, https:\/\/www.luxelighting.es\/wp-content\/uploads\/2024\/02\/Aimee-K-Photography-Armani-Ben-SP-65_websize.jpg 1600w\" sizes=\"(max-width: 1024px) 100vw, 1024px\" \/><\/div>\t\t<\/div>\r\n\t<\/article>\r\n\t<article class=\"w-grid-item us_animate_afc off_autostart post-8463 attachment type-attachment status-inherit hentry\" data-id=\"8463\" style=\"animation-delay:0.4s\">\r\n\t\t<div class=\"w-grid-item-h\">\r\n\t\t\t\t\t\t<div class=\"w-post-elm post_image usg_post_image_1 stretched\"><img loading=\"lazy\" decoding=\"async\" width=\"1024\" height=\"683\" src=\"https:\/\/www.luxelighting.es\/wp-content\/uploads\/2024\/02\/Aimee-K-Photography-Armani-Ben-SP-63_websize-1024x683.jpg\" class=\"attachment-large size-large\" alt=\"\" srcset=\"https:\/\/www.luxelighting.es\/wp-content\/uploads\/2024\/02\/Aimee-K-Photography-Armani-Ben-SP-63_websize-1024x683.jpg 1024w, https:\/\/www.luxelighting.es\/wp-content\/uploads\/2024\/02\/Aimee-K-Photography-Armani-Ben-SP-63_websize-300x200.jpg 300w, https:\/\/www.luxelighting.es\/wp-content\/uploads\/2024\/02\/Aimee-K-Photography-Armani-Ben-SP-63_websize-600x400.jpg 600w, https:\/\/www.luxelighting.es\/wp-content\/uploads\/2024\/02\/Aimee-K-Photography-Armani-Ben-SP-63_websize-1536x1024.jpg 1536w, https:\/\/www.luxelighting.es\/wp-content\/uploads\/2024\/02\/Aimee-K-Photography-Armani-Ben-SP-63_websize-200x133.jpg 200w, https:\/\/www.luxelighting.es\/wp-content\/uploads\/2024\/02\/Aimee-K-Photography-Armani-Ben-SP-63_websize-150x100.jpg 150w, https:\/\/www.luxelighting.es\/wp-content\/uploads\/2024\/02\/Aimee-K-Photography-Armani-Ben-SP-63_websize-500x333.jpg 500w, https:\/\/www.luxelighting.es\/wp-content\/uploads\/2024\/02\/Aimee-K-Photography-Armani-Ben-SP-63_websize-400x267.jpg 400w, https:\/\/www.luxelighting.es\/wp-content\/uploads\/2024\/02\/Aimee-K-Photography-Armani-Ben-SP-63_websize.jpg 1600w\" sizes=\"(max-width: 1024px) 100vw, 1024px\" \/><\/div>\t\t<\/div>\r\n\t<\/article>\r\n\t<article class=\"w-grid-item us_animate_afc off_autostart post-8462 attachment type-attachment status-inherit hentry\" data-id=\"8462\" style=\"animation-delay:0.5s\">\r\n\t\t<div class=\"w-grid-item-h\">\r\n\t\t\t\t\t\t<div class=\"w-post-elm post_image usg_post_image_1 stretched\"><img loading=\"lazy\" decoding=\"async\" width=\"683\" height=\"1024\" src=\"https:\/\/www.luxelighting.es\/wp-content\/uploads\/2024\/02\/Aimee-K-Photography-Armani-Ben-SP-60_websize-683x1024.jpg\" class=\"attachment-large size-large\" alt=\"\" srcset=\"https:\/\/www.luxelighting.es\/wp-content\/uploads\/2024\/02\/Aimee-K-Photography-Armani-Ben-SP-60_websize-683x1024.jpg 683w, https:\/\/www.luxelighting.es\/wp-content\/uploads\/2024\/02\/Aimee-K-Photography-Armani-Ben-SP-60_websize-200x300.jpg 200w, https:\/\/www.luxelighting.es\/wp-content\/uploads\/2024\/02\/Aimee-K-Photography-Armani-Ben-SP-60_websize-1024x1536.jpg 1024w, https:\/\/www.luxelighting.es\/wp-content\/uploads\/2024\/02\/Aimee-K-Photography-Armani-Ben-SP-60_websize-133x200.jpg 133w, https:\/\/www.luxelighting.es\/wp-content\/uploads\/2024\/02\/Aimee-K-Photography-Armani-Ben-SP-60_websize-100x150.jpg 100w, https:\/\/www.luxelighting.es\/wp-content\/uploads\/2024\/02\/Aimee-K-Photography-Armani-Ben-SP-60_websize-400x600.jpg 400w, https:\/\/www.luxelighting.es\/wp-content\/uploads\/2024\/02\/Aimee-K-Photography-Armani-Ben-SP-60_websize-333x500.jpg 333w, https:\/\/www.luxelighting.es\/wp-content\/uploads\/2024\/02\/Aimee-K-Photography-Armani-Ben-SP-60_websize-267x400.jpg 267w, https:\/\/www.luxelighting.es\/wp-content\/uploads\/2024\/02\/Aimee-K-Photography-Armani-Ben-SP-60_websize.jpg 1067w\" sizes=\"(max-width: 683px) 100vw, 683px\" \/><\/div>\t\t<\/div>\r\n\t<\/article>\r\n\t<article class=\"w-grid-item us_animate_afc off_autostart post-8461 attachment type-attachment status-inherit hentry\" data-id=\"8461\" style=\"animation-delay:0s\">\r\n\t\t<div class=\"w-grid-item-h\">\r\n\t\t\t\t\t\t<div class=\"w-post-elm post_image usg_post_image_1 stretched\"><img loading=\"lazy\" decoding=\"async\" width=\"683\" height=\"1024\" src=\"https:\/\/www.luxelighting.es\/wp-content\/uploads\/2024\/02\/Aimee-K-Photography-Armani-Ben-SP-49_websize-683x1024.jpg\" class=\"attachment-large size-large\" alt=\"\" srcset=\"https:\/\/www.luxelighting.es\/wp-content\/uploads\/2024\/02\/Aimee-K-Photography-Armani-Ben-SP-49_websize-683x1024.jpg 683w, https:\/\/www.luxelighting.es\/wp-content\/uploads\/2024\/02\/Aimee-K-Photography-Armani-Ben-SP-49_websize-200x300.jpg 200w, https:\/\/www.luxelighting.es\/wp-content\/uploads\/2024\/02\/Aimee-K-Photography-Armani-Ben-SP-49_websize-1024x1536.jpg 1024w, https:\/\/www.luxelighting.es\/wp-content\/uploads\/2024\/02\/Aimee-K-Photography-Armani-Ben-SP-49_websize-133x200.jpg 133w, https:\/\/www.luxelighting.es\/wp-content\/uploads\/2024\/02\/Aimee-K-Photography-Armani-Ben-SP-49_websize-100x150.jpg 100w, https:\/\/www.luxelighting.es\/wp-content\/uploads\/2024\/02\/Aimee-K-Photography-Armani-Ben-SP-49_websize-400x600.jpg 400w, https:\/\/www.luxelighting.es\/wp-content\/uploads\/2024\/02\/Aimee-K-Photography-Armani-Ben-SP-49_websize-333x500.jpg 333w, https:\/\/www.luxelighting.es\/wp-content\/uploads\/2024\/02\/Aimee-K-Photography-Armani-Ben-SP-49_websize-267x400.jpg 267w, https:\/\/www.luxelighting.es\/wp-content\/uploads\/2024\/02\/Aimee-K-Photography-Armani-Ben-SP-49_websize.jpg 1067w\" sizes=\"(max-width: 683px) 100vw, 683px\" \/><\/div>\t\t<\/div>\r\n\t<\/article>\r\n\t<article class=\"w-grid-item us_animate_afc off_autostart post-8460 attachment type-attachment status-inherit hentry\" data-id=\"8460\" style=\"animation-delay:0.1s\">\r\n\t\t<div class=\"w-grid-item-h\">\r\n\t\t\t\t\t\t<div class=\"w-post-elm post_image usg_post_image_1 stretched\"><img loading=\"lazy\" decoding=\"async\" width=\"1024\" height=\"767\" src=\"https:\/\/www.luxelighting.es\/wp-content\/uploads\/2024\/02\/Aimee-K-Photography-Armani-Ben-SP-32_websize-1024x767.jpg\" class=\"attachment-large size-large\" alt=\"\" srcset=\"https:\/\/www.luxelighting.es\/wp-content\/uploads\/2024\/02\/Aimee-K-Photography-Armani-Ben-SP-32_websize-1024x767.jpg 1024w, https:\/\/www.luxelighting.es\/wp-content\/uploads\/2024\/02\/Aimee-K-Photography-Armani-Ben-SP-32_websize-300x225.jpg 300w, https:\/\/www.luxelighting.es\/wp-content\/uploads\/2024\/02\/Aimee-K-Photography-Armani-Ben-SP-32_websize-1536x1150.jpg 1536w, https:\/\/www.luxelighting.es\/wp-content\/uploads\/2024\/02\/Aimee-K-Photography-Armani-Ben-SP-32_websize-200x150.jpg 200w, https:\/\/www.luxelighting.es\/wp-content\/uploads\/2024\/02\/Aimee-K-Photography-Armani-Ben-SP-32_websize-150x112.jpg 150w, https:\/\/www.luxelighting.es\/wp-content\/uploads\/2024\/02\/Aimee-K-Photography-Armani-Ben-SP-32_websize-600x449.jpg 600w, https:\/\/www.luxelighting.es\/wp-content\/uploads\/2024\/02\/Aimee-K-Photography-Armani-Ben-SP-32_websize-500x374.jpg 500w, https:\/\/www.luxelighting.es\/wp-content\/uploads\/2024\/02\/Aimee-K-Photography-Armani-Ben-SP-32_websize-400x300.jpg 400w, https:\/\/www.luxelighting.es\/wp-content\/uploads\/2024\/02\/Aimee-K-Photography-Armani-Ben-SP-32_websize.jpg 1600w\" sizes=\"(max-width: 1024px) 100vw, 1024px\" \/><\/div>\t\t<\/div>\r\n\t<\/article>\r\n\t<article class=\"w-grid-item us_animate_afc off_autostart post-8459 attachment type-attachment status-inherit hentry\" data-id=\"8459\" style=\"animation-delay:0.2s\">\r\n\t\t<div class=\"w-grid-item-h\">\r\n\t\t\t\t\t\t<div class=\"w-post-elm post_image usg_post_image_1 stretched\"><img loading=\"lazy\" decoding=\"async\" width=\"1024\" height=\"767\" src=\"https:\/\/www.luxelighting.es\/wp-content\/uploads\/2024\/02\/Aimee-K-Photography-Armani-Ben-SP-25_websize-1024x767.jpg\" class=\"attachment-large size-large\" alt=\"\" srcset=\"https:\/\/www.luxelighting.es\/wp-content\/uploads\/2024\/02\/Aimee-K-Photography-Armani-Ben-SP-25_websize-1024x767.jpg 1024w, https:\/\/www.luxelighting.es\/wp-content\/uploads\/2024\/02\/Aimee-K-Photography-Armani-Ben-SP-25_websize-300x225.jpg 300w, https:\/\/www.luxelighting.es\/wp-content\/uploads\/2024\/02\/Aimee-K-Photography-Armani-Ben-SP-25_websize-1536x1150.jpg 1536w, https:\/\/www.luxelighting.es\/wp-content\/uploads\/2024\/02\/Aimee-K-Photography-Armani-Ben-SP-25_websize-200x150.jpg 200w, https:\/\/www.luxelighting.es\/wp-content\/uploads\/2024\/02\/Aimee-K-Photography-Armani-Ben-SP-25_websize-150x112.jpg 150w, https:\/\/www.luxelighting.es\/wp-content\/uploads\/2024\/02\/Aimee-K-Photography-Armani-Ben-SP-25_websize-600x449.jpg 600w, https:\/\/www.luxelighting.es\/wp-content\/uploads\/2024\/02\/Aimee-K-Photography-Armani-Ben-SP-25_websize-500x374.jpg 500w, https:\/\/www.luxelighting.es\/wp-content\/uploads\/2024\/02\/Aimee-K-Photography-Armani-Ben-SP-25_websize-400x300.jpg 400w, https:\/\/www.luxelighting.es\/wp-content\/uploads\/2024\/02\/Aimee-K-Photography-Armani-Ben-SP-25_websize.jpg 1600w\" sizes=\"(max-width: 1024px) 100vw, 1024px\" \/><\/div>\t\t<\/div>\r\n\t<\/article>\r\n\t<article class=\"w-grid-item us_animate_afc off_autostart post-8458 attachment type-attachment status-inherit hentry\" data-id=\"8458\" style=\"animation-delay:0.3s\">\r\n\t\t<div class=\"w-grid-item-h\">\r\n\t\t\t\t\t\t<div class=\"w-post-elm post_image usg_post_image_1 stretched\"><img loading=\"lazy\" decoding=\"async\" width=\"683\" height=\"1024\" src=\"https:\/\/www.luxelighting.es\/wp-content\/uploads\/2024\/02\/Aimee-K-Photography-Armani-Ben-SP-24_websize-683x1024.jpg\" class=\"attachment-large size-large\" alt=\"\" srcset=\"https:\/\/www.luxelighting.es\/wp-content\/uploads\/2024\/02\/Aimee-K-Photography-Armani-Ben-SP-24_websize-683x1024.jpg 683w, https:\/\/www.luxelighting.es\/wp-content\/uploads\/2024\/02\/Aimee-K-Photography-Armani-Ben-SP-24_websize-200x300.jpg 200w, https:\/\/www.luxelighting.es\/wp-content\/uploads\/2024\/02\/Aimee-K-Photography-Armani-Ben-SP-24_websize-1024x1536.jpg 1024w, https:\/\/www.luxelighting.es\/wp-content\/uploads\/2024\/02\/Aimee-K-Photography-Armani-Ben-SP-24_websize-133x200.jpg 133w, https:\/\/www.luxelighting.es\/wp-content\/uploads\/2024\/02\/Aimee-K-Photography-Armani-Ben-SP-24_websize-100x150.jpg 100w, https:\/\/www.luxelighting.es\/wp-content\/uploads\/2024\/02\/Aimee-K-Photography-Armani-Ben-SP-24_websize-400x600.jpg 400w, https:\/\/www.luxelighting.es\/wp-content\/uploads\/2024\/02\/Aimee-K-Photography-Armani-Ben-SP-24_websize-333x500.jpg 333w, https:\/\/www.luxelighting.es\/wp-content\/uploads\/2024\/02\/Aimee-K-Photography-Armani-Ben-SP-24_websize-267x400.jpg 267w, https:\/\/www.luxelighting.es\/wp-content\/uploads\/2024\/02\/Aimee-K-Photography-Armani-Ben-SP-24_websize.jpg 1067w\" sizes=\"(max-width: 683px) 100vw, 683px\" \/><\/div>\t\t<\/div>\r\n\t<\/article>\r\n\t<article class=\"w-grid-item us_animate_afc off_autostart post-8450 attachment type-attachment status-inherit hentry\" data-id=\"8450\" style=\"animation-delay:0.4s\">\r\n\t\t<div class=\"w-grid-item-h\">\r\n\t\t\t\t\t\t<div class=\"w-post-elm post_image usg_post_image_1 stretched\"><img loading=\"lazy\" decoding=\"async\" width=\"724\" height=\"1024\" src=\"https:\/\/www.luxelighting.es\/wp-content\/uploads\/2024\/02\/Luxe-Lighting-Brochure-2024-ESP_-EN_-724x1024.png\" class=\"attachment-large size-large\" alt=\"\" srcset=\"https:\/\/www.luxelighting.es\/wp-content\/uploads\/2024\/02\/Luxe-Lighting-Brochure-2024-ESP_-EN_-724x1024.png 724w, https:\/\/www.luxelighting.es\/wp-content\/uploads\/2024\/02\/Luxe-Lighting-Brochure-2024-ESP_-EN_-212x300.png 212w, https:\/\/www.luxelighting.es\/wp-content\/uploads\/2024\/02\/Luxe-Lighting-Brochure-2024-ESP_-EN_-1086x1536.png 1086w, https:\/\/www.luxelighting.es\/wp-content\/uploads\/2024\/02\/Luxe-Lighting-Brochure-2024-ESP_-EN_-141x200.png 141w, https:\/\/www.luxelighting.es\/wp-content\/uploads\/2024\/02\/Luxe-Lighting-Brochure-2024-ESP_-EN_-106x150.png 106w, https:\/\/www.luxelighting.es\/wp-content\/uploads\/2024\/02\/Luxe-Lighting-Brochure-2024-ESP_-EN_-424x600.png 424w, https:\/\/www.luxelighting.es\/wp-content\/uploads\/2024\/02\/Luxe-Lighting-Brochure-2024-ESP_-EN_-354x500.png 354w, https:\/\/www.luxelighting.es\/wp-content\/uploads\/2024\/02\/Luxe-Lighting-Brochure-2024-ESP_-EN_-283x400.png 283w, https:\/\/www.luxelighting.es\/wp-content\/uploads\/2024\/02\/Luxe-Lighting-Brochure-2024-ESP_-EN_.png 1414w\" sizes=\"(max-width: 724px) 100vw, 724px\" \/><\/div>\t\t<\/div>\r\n\t<\/article>\r\n\t<article class=\"w-grid-item us_animate_afc off_autostart post-8449 attachment type-attachment status-inherit hentry\" data-id=\"8449\" style=\"animation-delay:0.5s\">\r\n\t\t<div class=\"w-grid-item-h\">\r\n\t\t\t\t\t\t<div class=\"w-post-elm post_image usg_post_image_1 stretched\"><img loading=\"lazy\" decoding=\"async\" width=\"724\" height=\"1024\" src=\"https:\/\/www.luxelighting.es\/wp-content\/uploads\/2024\/02\/Luxe-Lighting-Brochure-2024-ESP_-EN_-1-724x1024.png\" class=\"attachment-large size-large\" alt=\"\" srcset=\"https:\/\/www.luxelighting.es\/wp-content\/uploads\/2024\/02\/Luxe-Lighting-Brochure-2024-ESP_-EN_-1-724x1024.png 724w, https:\/\/www.luxelighting.es\/wp-content\/uploads\/2024\/02\/Luxe-Lighting-Brochure-2024-ESP_-EN_-1-212x300.png 212w, https:\/\/www.luxelighting.es\/wp-content\/uploads\/2024\/02\/Luxe-Lighting-Brochure-2024-ESP_-EN_-1-1086x1536.png 1086w, https:\/\/www.luxelighting.es\/wp-content\/uploads\/2024\/02\/Luxe-Lighting-Brochure-2024-ESP_-EN_-1-141x200.png 141w, https:\/\/www.luxelighting.es\/wp-content\/uploads\/2024\/02\/Luxe-Lighting-Brochure-2024-ESP_-EN_-1-106x150.png 106w, https:\/\/www.luxelighting.es\/wp-content\/uploads\/2024\/02\/Luxe-Lighting-Brochure-2024-ESP_-EN_-1-424x600.png 424w, https:\/\/www.luxelighting.es\/wp-content\/uploads\/2024\/02\/Luxe-Lighting-Brochure-2024-ESP_-EN_-1-354x500.png 354w, https:\/\/www.luxelighting.es\/wp-content\/uploads\/2024\/02\/Luxe-Lighting-Brochure-2024-ESP_-EN_-1-283x400.png 283w, https:\/\/www.luxelighting.es\/wp-content\/uploads\/2024\/02\/Luxe-Lighting-Brochure-2024-ESP_-EN_-1.png 1414w\" sizes=\"(max-width: 724px) 100vw, 724px\" \/><\/div>\t\t<\/div>\r\n\t<\/article>\r\n\t<article class=\"w-grid-item us_animate_afc off_autostart post-8431 attachment type-attachment status-inherit hentry\" data-id=\"8431\" style=\"animation-delay:0s\">\r\n\t\t<div class=\"w-grid-item-h\">\r\n\t\t\t\t\t\t<div class=\"w-post-elm post_image usg_post_image_1 stretched\"><img loading=\"lazy\" decoding=\"async\" width=\"1024\" height=\"1018\" src=\"https:\/\/www.luxelighting.es\/wp-content\/uploads\/2024\/01\/Chandelier-Murano--1024x1018.jpg\" class=\"attachment-large size-large\" alt=\"\" srcset=\"https:\/\/www.luxelighting.es\/wp-content\/uploads\/2024\/01\/Chandelier-Murano--1024x1018.jpg 1024w, https:\/\/www.luxelighting.es\/wp-content\/uploads\/2024\/01\/Chandelier-Murano--300x298.jpg 300w, https:\/\/www.luxelighting.es\/wp-content\/uploads\/2024\/01\/Chandelier-Murano--150x150.jpg 150w, https:\/\/www.luxelighting.es\/wp-content\/uploads\/2024\/01\/Chandelier-Murano--200x200.jpg 200w, https:\/\/www.luxelighting.es\/wp-content\/uploads\/2024\/01\/Chandelier-Murano--600x596.jpg 600w, https:\/\/www.luxelighting.es\/wp-content\/uploads\/2024\/01\/Chandelier-Murano--500x497.jpg 500w, https:\/\/www.luxelighting.es\/wp-content\/uploads\/2024\/01\/Chandelier-Murano--400x398.jpg 400w, https:\/\/www.luxelighting.es\/wp-content\/uploads\/2024\/01\/Chandelier-Murano-.jpg 1125w\" sizes=\"(max-width: 1024px) 100vw, 1024px\" \/><\/div>\t\t<\/div>\r\n\t<\/article>\r\n\t<article class=\"w-grid-item us_animate_afc off_autostart post-8395 attachment type-attachment status-inherit hentry\" data-id=\"8395\" style=\"animation-delay:0.1s\">\r\n\t\t<div class=\"w-grid-item-h\">\r\n\t\t\t\t\t\t<div class=\"w-post-elm post_image usg_post_image_1 stretched\"><img loading=\"lazy\" decoding=\"async\" width=\"1024\" height=\"682\" src=\"https:\/\/www.luxelighting.es\/wp-content\/uploads\/2023\/08\/PulaGolf4_websize-1-1024x682.jpg\" class=\"attachment-large size-large\" alt=\"\" srcset=\"https:\/\/www.luxelighting.es\/wp-content\/uploads\/2023\/08\/PulaGolf4_websize-1-1024x682.jpg 1024w, https:\/\/www.luxelighting.es\/wp-content\/uploads\/2023\/08\/PulaGolf4_websize-1-300x200.jpg 300w, https:\/\/www.luxelighting.es\/wp-content\/uploads\/2023\/08\/PulaGolf4_websize-1-600x399.jpg 600w, https:\/\/www.luxelighting.es\/wp-content\/uploads\/2023\/08\/PulaGolf4_websize-1-1536x1022.jpg 1536w, https:\/\/www.luxelighting.es\/wp-content\/uploads\/2023\/08\/PulaGolf4_websize-1-200x133.jpg 200w, https:\/\/www.luxelighting.es\/wp-content\/uploads\/2023\/08\/PulaGolf4_websize-1-150x100.jpg 150w, https:\/\/www.luxelighting.es\/wp-content\/uploads\/2023\/08\/PulaGolf4_websize-1-500x333.jpg 500w, https:\/\/www.luxelighting.es\/wp-content\/uploads\/2023\/08\/PulaGolf4_websize-1-400x266.jpg 400w, https:\/\/www.luxelighting.es\/wp-content\/uploads\/2023\/08\/PulaGolf4_websize-1.jpg 1600w\" sizes=\"(max-width: 1024px) 100vw, 1024px\" \/><\/div>\t\t<\/div>\r\n\t<\/article>\r\n\t<article class=\"w-grid-item us_animate_afc off_autostart post-8394 attachment type-attachment status-inherit hentry\" data-id=\"8394\" style=\"animation-delay:0.2s\">\r\n\t\t<div class=\"w-grid-item-h\">\r\n\t\t\t\t\t\t<div class=\"w-post-elm post_image usg_post_image_1 stretched\"><img loading=\"lazy\" decoding=\"async\" width=\"683\" height=\"1024\" src=\"https:\/\/www.luxelighting.es\/wp-content\/uploads\/2023\/08\/Son-Marroig-fairy_websize-683x1024.jpg\" class=\"attachment-large size-large\" alt=\"\" srcset=\"https:\/\/www.luxelighting.es\/wp-content\/uploads\/2023\/08\/Son-Marroig-fairy_websize-683x1024.jpg 683w, https:\/\/www.luxelighting.es\/wp-content\/uploads\/2023\/08\/Son-Marroig-fairy_websize-200x300.jpg 200w, https:\/\/www.luxelighting.es\/wp-content\/uploads\/2023\/08\/Son-Marroig-fairy_websize-1024x1536.jpg 1024w, https:\/\/www.luxelighting.es\/wp-content\/uploads\/2023\/08\/Son-Marroig-fairy_websize-133x200.jpg 133w, https:\/\/www.luxelighting.es\/wp-content\/uploads\/2023\/08\/Son-Marroig-fairy_websize-100x150.jpg 100w, https:\/\/www.luxelighting.es\/wp-content\/uploads\/2023\/08\/Son-Marroig-fairy_websize-400x600.jpg 400w, https:\/\/www.luxelighting.es\/wp-content\/uploads\/2023\/08\/Son-Marroig-fairy_websize-333x500.jpg 333w, https:\/\/www.luxelighting.es\/wp-content\/uploads\/2023\/08\/Son-Marroig-fairy_websize-267x400.jpg 267w, https:\/\/www.luxelighting.es\/wp-content\/uploads\/2023\/08\/Son-Marroig-fairy_websize-scaled.jpg 1707w\" sizes=\"(max-width: 683px) 100vw, 683px\" \/><\/div>\t\t<\/div>\r\n\t<\/article>\r\n\t<article class=\"w-grid-item us_animate_afc off_autostart post-8393 attachment type-attachment status-inherit hentry\" data-id=\"8393\" style=\"animation-delay:0.3s\">\r\n\t\t<div class=\"w-grid-item-h\">\r\n\t\t\t\t\t\t<div class=\"w-post-elm post_image usg_post_image_1 stretched\"><img loading=\"lazy\" decoding=\"async\" width=\"1024\" height=\"683\" src=\"https:\/\/www.luxelighting.es\/wp-content\/uploads\/2023\/08\/SM-fairy4_websize-1024x683.jpg\" class=\"attachment-large size-large\" alt=\"\" srcset=\"https:\/\/www.luxelighting.es\/wp-content\/uploads\/2023\/08\/SM-fairy4_websize-1024x683.jpg 1024w, https:\/\/www.luxelighting.es\/wp-content\/uploads\/2023\/08\/SM-fairy4_websize-300x200.jpg 300w, https:\/\/www.luxelighting.es\/wp-content\/uploads\/2023\/08\/SM-fairy4_websize-600x400.jpg 600w, https:\/\/www.luxelighting.es\/wp-content\/uploads\/2023\/08\/SM-fairy4_websize-1536x1024.jpg 1536w, https:\/\/www.luxelighting.es\/wp-content\/uploads\/2023\/08\/SM-fairy4_websize-200x133.jpg 200w, https:\/\/www.luxelighting.es\/wp-content\/uploads\/2023\/08\/SM-fairy4_websize-150x100.jpg 150w, https:\/\/www.luxelighting.es\/wp-content\/uploads\/2023\/08\/SM-fairy4_websize-500x333.jpg 500w, https:\/\/www.luxelighting.es\/wp-content\/uploads\/2023\/08\/SM-fairy4_websize-400x267.jpg 400w\" sizes=\"(max-width: 1024px) 100vw, 1024px\" \/><\/div>\t\t<\/div>\r\n\t<\/article>\r\n\t<article class=\"w-grid-item us_animate_afc off_autostart post-8391 attachment type-attachment status-inherit hentry\" data-id=\"8391\" style=\"animation-delay:0.4s\">\r\n\t\t<div class=\"w-grid-item-h\">\r\n\t\t\t\t\t\t<div class=\"w-post-elm post_image usg_post_image_1 stretched\"><img loading=\"lazy\" decoding=\"async\" width=\"1024\" height=\"682\" src=\"https:\/\/www.luxelighting.es\/wp-content\/uploads\/2023\/08\/PulaGolf4_websize-1024x682.jpg\" class=\"attachment-large size-large\" alt=\"\" srcset=\"https:\/\/www.luxelighting.es\/wp-content\/uploads\/2023\/08\/PulaGolf4_websize-1024x682.jpg 1024w, https:\/\/www.luxelighting.es\/wp-content\/uploads\/2023\/08\/PulaGolf4_websize-300x200.jpg 300w, https:\/\/www.luxelighting.es\/wp-content\/uploads\/2023\/08\/PulaGolf4_websize-600x399.jpg 600w, https:\/\/www.luxelighting.es\/wp-content\/uploads\/2023\/08\/PulaGolf4_websize-1536x1022.jpg 1536w, https:\/\/www.luxelighting.es\/wp-content\/uploads\/2023\/08\/PulaGolf4_websize-200x133.jpg 200w, https:\/\/www.luxelighting.es\/wp-content\/uploads\/2023\/08\/PulaGolf4_websize-150x100.jpg 150w, https:\/\/www.luxelighting.es\/wp-content\/uploads\/2023\/08\/PulaGolf4_websize-500x333.jpg 500w, https:\/\/www.luxelighting.es\/wp-content\/uploads\/2023\/08\/PulaGolf4_websize-400x266.jpg 400w, https:\/\/www.luxelighting.es\/wp-content\/uploads\/2023\/08\/PulaGolf4_websize.jpg 1600w\" sizes=\"(max-width: 1024px) 100vw, 1024px\" \/><\/div>\t\t<\/div>\r\n\t<\/article>\r\n\t<article class=\"w-grid-item us_animate_afc off_autostart post-8390 attachment type-attachment status-inherit hentry\" data-id=\"8390\" style=\"animation-delay:0.5s\">\r\n\t\t<div class=\"w-grid-item-h\">\r\n\t\t\t\t\t\t<div class=\"w-post-elm post_image usg_post_image_1 stretched\"><img loading=\"lazy\" decoding=\"async\" width=\"1024\" height=\"682\" src=\"https:\/\/www.luxelighting.es\/wp-content\/uploads\/2023\/08\/PulaGolf3_websize-1024x682.jpg\" class=\"attachment-large size-large\" alt=\"\" srcset=\"https:\/\/www.luxelighting.es\/wp-content\/uploads\/2023\/08\/PulaGolf3_websize-1024x682.jpg 1024w, https:\/\/www.luxelighting.es\/wp-content\/uploads\/2023\/08\/PulaGolf3_websize-300x200.jpg 300w, https:\/\/www.luxelighting.es\/wp-content\/uploads\/2023\/08\/PulaGolf3_websize-600x399.jpg 600w, https:\/\/www.luxelighting.es\/wp-content\/uploads\/2023\/08\/PulaGolf3_websize-1536x1022.jpg 1536w, https:\/\/www.luxelighting.es\/wp-content\/uploads\/2023\/08\/PulaGolf3_websize-200x133.jpg 200w, https:\/\/www.luxelighting.es\/wp-content\/uploads\/2023\/08\/PulaGolf3_websize-150x100.jpg 150w, https:\/\/www.luxelighting.es\/wp-content\/uploads\/2023\/08\/PulaGolf3_websize-500x333.jpg 500w, https:\/\/www.luxelighting.es\/wp-content\/uploads\/2023\/08\/PulaGolf3_websize-400x266.jpg 400w, https:\/\/www.luxelighting.es\/wp-content\/uploads\/2023\/08\/PulaGolf3_websize.jpg 1600w\" sizes=\"(max-width: 1024px) 100vw, 1024px\" \/><\/div>\t\t<\/div>\r\n\t<\/article>\r\n\t<article class=\"w-grid-item us_animate_afc off_autostart post-8389 attachment type-attachment status-inherit hentry\" data-id=\"8389\" style=\"animation-delay:0s\">\r\n\t\t<div class=\"w-grid-item-h\">\r\n\t\t\t\t\t\t<div class=\"w-post-elm post_image usg_post_image_1 stretched\"><img loading=\"lazy\" decoding=\"async\" width=\"681\" height=\"1024\" src=\"https:\/\/www.luxelighting.es\/wp-content\/uploads\/2023\/08\/PulaGolf2_websize-681x1024.jpg\" class=\"attachment-large size-large\" alt=\"\" srcset=\"https:\/\/www.luxelighting.es\/wp-content\/uploads\/2023\/08\/PulaGolf2_websize-681x1024.jpg 681w, https:\/\/www.luxelighting.es\/wp-content\/uploads\/2023\/08\/PulaGolf2_websize-200x300.jpg 200w, https:\/\/www.luxelighting.es\/wp-content\/uploads\/2023\/08\/PulaGolf2_websize-1021x1536.jpg 1021w, https:\/\/www.luxelighting.es\/wp-content\/uploads\/2023\/08\/PulaGolf2_websize-133x200.jpg 133w, https:\/\/www.luxelighting.es\/wp-content\/uploads\/2023\/08\/PulaGolf2_websize-100x150.jpg 100w, https:\/\/www.luxelighting.es\/wp-content\/uploads\/2023\/08\/PulaGolf2_websize-399x600.jpg 399w, https:\/\/www.luxelighting.es\/wp-content\/uploads\/2023\/08\/PulaGolf2_websize-333x500.jpg 333w, https:\/\/www.luxelighting.es\/wp-content\/uploads\/2023\/08\/PulaGolf2_websize-266x400.jpg 266w, https:\/\/www.luxelighting.es\/wp-content\/uploads\/2023\/08\/PulaGolf2_websize.jpg 1064w\" sizes=\"(max-width: 681px) 100vw, 681px\" \/><\/div>\t\t<\/div>\r\n\t<\/article>\r\n\t<article class=\"w-grid-item us_animate_afc off_autostart post-8388 attachment type-attachment status-inherit hentry\" data-id=\"8388\" style=\"animation-delay:0.1s\">\r\n\t\t<div class=\"w-grid-item-h\">\r\n\t\t\t\t\t\t<div class=\"w-post-elm post_image usg_post_image_1 stretched\"><img loading=\"lazy\" decoding=\"async\" width=\"682\" height=\"1024\" src=\"https:\/\/www.luxelighting.es\/wp-content\/uploads\/2023\/08\/PulaGolf1_websize-682x1024.jpg\" class=\"attachment-large size-large\" alt=\"\" srcset=\"https:\/\/www.luxelighting.es\/wp-content\/uploads\/2023\/08\/PulaGolf1_websize-682x1024.jpg 682w, https:\/\/www.luxelighting.es\/wp-content\/uploads\/2023\/08\/PulaGolf1_websize-200x300.jpg 200w, https:\/\/www.luxelighting.es\/wp-content\/uploads\/2023\/08\/PulaGolf1_websize-1022x1536.jpg 1022w, https:\/\/www.luxelighting.es\/wp-content\/uploads\/2023\/08\/PulaGolf1_websize-133x200.jpg 133w, https:\/\/www.luxelighting.es\/wp-content\/uploads\/2023\/08\/PulaGolf1_websize-100x150.jpg 100w, https:\/\/www.luxelighting.es\/wp-content\/uploads\/2023\/08\/PulaGolf1_websize-399x600.jpg 399w, https:\/\/www.luxelighting.es\/wp-content\/uploads\/2023\/08\/PulaGolf1_websize-333x500.jpg 333w, https:\/\/www.luxelighting.es\/wp-content\/uploads\/2023\/08\/PulaGolf1_websize-266x400.jpg 266w, https:\/\/www.luxelighting.es\/wp-content\/uploads\/2023\/08\/PulaGolf1_websize.jpg 1065w\" sizes=\"(max-width: 682px) 100vw, 682px\" \/><\/div>\t\t<\/div>\r\n\t<\/article>\r\n\t<article class=\"w-grid-item us_animate_afc off_autostart post-8384 attachment type-attachment status-inherit hentry\" data-id=\"8384\" style=\"animation-delay:0.2s\">\r\n\t\t<div class=\"w-grid-item-h\">\r\n\t\t\t\t\t\t<div class=\"w-post-elm post_image usg_post_image_1 stretched\"><img loading=\"lazy\" decoding=\"async\" width=\"1024\" height=\"768\" src=\"https:\/\/www.luxelighting.es\/wp-content\/uploads\/2023\/08\/PulaGolf-21723-1_websize.jpg\" class=\"attachment-large size-large\" alt=\"\" srcset=\"https:\/\/www.luxelighting.es\/wp-content\/uploads\/2023\/08\/PulaGolf-21723-1_websize.jpg 1024w, https:\/\/www.luxelighting.es\/wp-content\/uploads\/2023\/08\/PulaGolf-21723-1_websize-300x225.jpg 300w, https:\/\/www.luxelighting.es\/wp-content\/uploads\/2023\/08\/PulaGolf-21723-1_websize-200x150.jpg 200w, https:\/\/www.luxelighting.es\/wp-content\/uploads\/2023\/08\/PulaGolf-21723-1_websize-150x113.jpg 150w, https:\/\/www.luxelighting.es\/wp-content\/uploads\/2023\/08\/PulaGolf-21723-1_websize-600x450.jpg 600w, https:\/\/www.luxelighting.es\/wp-content\/uploads\/2023\/08\/PulaGolf-21723-1_websize-500x375.jpg 500w, https:\/\/www.luxelighting.es\/wp-content\/uploads\/2023\/08\/PulaGolf-21723-1_websize-400x300.jpg 400w\" sizes=\"(max-width: 1024px) 100vw, 1024px\" \/><\/div>\t\t<\/div>\r\n\t<\/article>\r\n\t<article class=\"w-grid-item us_animate_afc off_autostart post-8366 attachment type-attachment status-inherit hentry\" data-id=\"8366\" style=\"animation-delay:0.3s\">\r\n\t\t<div class=\"w-grid-item-h\">\r\n\t\t\t\t\t\t<div class=\"w-post-elm post_image usg_post_image_1 stretched\"><img loading=\"lazy\" decoding=\"async\" width=\"683\" height=\"1024\" src=\"https:\/\/www.luxelighting.es\/wp-content\/uploads\/2023\/07\/Aimee-K-Photography-Armani-Ben-SP-68_websize-683x1024.jpg\" class=\"attachment-large size-large\" alt=\"\" srcset=\"https:\/\/www.luxelighting.es\/wp-content\/uploads\/2023\/07\/Aimee-K-Photography-Armani-Ben-SP-68_websize-683x1024.jpg 683w, https:\/\/www.luxelighting.es\/wp-content\/uploads\/2023\/07\/Aimee-K-Photography-Armani-Ben-SP-68_websize-200x300.jpg 200w, https:\/\/www.luxelighting.es\/wp-content\/uploads\/2023\/07\/Aimee-K-Photography-Armani-Ben-SP-68_websize-1024x1536.jpg 1024w, https:\/\/www.luxelighting.es\/wp-content\/uploads\/2023\/07\/Aimee-K-Photography-Armani-Ben-SP-68_websize-133x200.jpg 133w, https:\/\/www.luxelighting.es\/wp-content\/uploads\/2023\/07\/Aimee-K-Photography-Armani-Ben-SP-68_websize-100x150.jpg 100w, https:\/\/www.luxelighting.es\/wp-content\/uploads\/2023\/07\/Aimee-K-Photography-Armani-Ben-SP-68_websize-400x600.jpg 400w, https:\/\/www.luxelighting.es\/wp-content\/uploads\/2023\/07\/Aimee-K-Photography-Armani-Ben-SP-68_websize-333x500.jpg 333w, https:\/\/www.luxelighting.es\/wp-content\/uploads\/2023\/07\/Aimee-K-Photography-Armani-Ben-SP-68_websize-267x400.jpg 267w, https:\/\/www.luxelighting.es\/wp-content\/uploads\/2023\/07\/Aimee-K-Photography-Armani-Ben-SP-68_websize.jpg 1067w\" sizes=\"(max-width: 683px) 100vw, 683px\" \/><\/div>\t\t<\/div>\r\n\t<\/article>\r\n\t<article class=\"w-grid-item us_animate_afc off_autostart post-8365 attachment type-attachment status-inherit hentry\" data-id=\"8365\" style=\"animation-delay:0.4s\">\r\n\t\t<div class=\"w-grid-item-h\">\r\n\t\t\t\t\t\t<div class=\"w-post-elm post_image usg_post_image_1 stretched\"><img loading=\"lazy\" decoding=\"async\" width=\"1024\" height=\"683\" src=\"https:\/\/www.luxelighting.es\/wp-content\/uploads\/2023\/07\/Aimee-K-Photography-Armani-Ben-SP-65_websize-1024x683.jpg\" class=\"attachment-large size-large\" alt=\"\" srcset=\"https:\/\/www.luxelighting.es\/wp-content\/uploads\/2023\/07\/Aimee-K-Photography-Armani-Ben-SP-65_websize-1024x683.jpg 1024w, https:\/\/www.luxelighting.es\/wp-content\/uploads\/2023\/07\/Aimee-K-Photography-Armani-Ben-SP-65_websize-300x200.jpg 300w, https:\/\/www.luxelighting.es\/wp-content\/uploads\/2023\/07\/Aimee-K-Photography-Armani-Ben-SP-65_websize-600x400.jpg 600w, https:\/\/www.luxelighting.es\/wp-content\/uploads\/2023\/07\/Aimee-K-Photography-Armani-Ben-SP-65_websize-1536x1024.jpg 1536w, https:\/\/www.luxelighting.es\/wp-content\/uploads\/2023\/07\/Aimee-K-Photography-Armani-Ben-SP-65_websize-200x133.jpg 200w, https:\/\/www.luxelighting.es\/wp-content\/uploads\/2023\/07\/Aimee-K-Photography-Armani-Ben-SP-65_websize-150x100.jpg 150w, https:\/\/www.luxelighting.es\/wp-content\/uploads\/2023\/07\/Aimee-K-Photography-Armani-Ben-SP-65_websize-500x333.jpg 500w, https:\/\/www.luxelighting.es\/wp-content\/uploads\/2023\/07\/Aimee-K-Photography-Armani-Ben-SP-65_websize-400x267.jpg 400w, https:\/\/www.luxelighting.es\/wp-content\/uploads\/2023\/07\/Aimee-K-Photography-Armani-Ben-SP-65_websize.jpg 1600w\" sizes=\"(max-width: 1024px) 100vw, 1024px\" \/><\/div>\t\t<\/div>\r\n\t<\/article>\r\n\t<article class=\"w-grid-item us_animate_afc off_autostart post-8364 attachment type-attachment status-inherit hentry\" data-id=\"8364\" style=\"animation-delay:0.5s\">\r\n\t\t<div class=\"w-grid-item-h\">\r\n\t\t\t\t\t\t<div class=\"w-post-elm post_image usg_post_image_1 stretched\"><img loading=\"lazy\" decoding=\"async\" width=\"1024\" height=\"683\" src=\"https:\/\/www.luxelighting.es\/wp-content\/uploads\/2023\/07\/Aimee-K-Photography-Armani-Ben-SP-63_websize-1024x683.jpg\" class=\"attachment-large size-large\" alt=\"\" srcset=\"https:\/\/www.luxelighting.es\/wp-content\/uploads\/2023\/07\/Aimee-K-Photography-Armani-Ben-SP-63_websize-1024x683.jpg 1024w, https:\/\/www.luxelighting.es\/wp-content\/uploads\/2023\/07\/Aimee-K-Photography-Armani-Ben-SP-63_websize-300x200.jpg 300w, https:\/\/www.luxelighting.es\/wp-content\/uploads\/2023\/07\/Aimee-K-Photography-Armani-Ben-SP-63_websize-600x400.jpg 600w, https:\/\/www.luxelighting.es\/wp-content\/uploads\/2023\/07\/Aimee-K-Photography-Armani-Ben-SP-63_websize-1536x1024.jpg 1536w, https:\/\/www.luxelighting.es\/wp-content\/uploads\/2023\/07\/Aimee-K-Photography-Armani-Ben-SP-63_websize-200x133.jpg 200w, https:\/\/www.luxelighting.es\/wp-content\/uploads\/2023\/07\/Aimee-K-Photography-Armani-Ben-SP-63_websize-150x100.jpg 150w, https:\/\/www.luxelighting.es\/wp-content\/uploads\/2023\/07\/Aimee-K-Photography-Armani-Ben-SP-63_websize-500x333.jpg 500w, https:\/\/www.luxelighting.es\/wp-content\/uploads\/2023\/07\/Aimee-K-Photography-Armani-Ben-SP-63_websize-400x267.jpg 400w, https:\/\/www.luxelighting.es\/wp-content\/uploads\/2023\/07\/Aimee-K-Photography-Armani-Ben-SP-63_websize.jpg 1600w\" sizes=\"(max-width: 1024px) 100vw, 1024px\" \/><\/div>\t\t<\/div>\r\n\t<\/article>\r\n\t<article class=\"w-grid-item us_animate_afc off_autostart post-8363 attachment type-attachment status-inherit hentry\" data-id=\"8363\" style=\"animation-delay:0s\">\r\n\t\t<div class=\"w-grid-item-h\">\r\n\t\t\t\t\t\t<div class=\"w-post-elm post_image usg_post_image_1 stretched\"><img loading=\"lazy\" decoding=\"async\" width=\"1024\" height=\"683\" src=\"https:\/\/www.luxelighting.es\/wp-content\/uploads\/2023\/07\/Aimee-K-Photography-Armani-Ben-SP-62_websize-1024x683.jpg\" class=\"attachment-large size-large\" alt=\"\" srcset=\"https:\/\/www.luxelighting.es\/wp-content\/uploads\/2023\/07\/Aimee-K-Photography-Armani-Ben-SP-62_websize-1024x683.jpg 1024w, https:\/\/www.luxelighting.es\/wp-content\/uploads\/2023\/07\/Aimee-K-Photography-Armani-Ben-SP-62_websize-300x200.jpg 300w, https:\/\/www.luxelighting.es\/wp-content\/uploads\/2023\/07\/Aimee-K-Photography-Armani-Ben-SP-62_websize-600x400.jpg 600w, https:\/\/www.luxelighting.es\/wp-content\/uploads\/2023\/07\/Aimee-K-Photography-Armani-Ben-SP-62_websize-1536x1024.jpg 1536w, https:\/\/www.luxelighting.es\/wp-content\/uploads\/2023\/07\/Aimee-K-Photography-Armani-Ben-SP-62_websize-200x133.jpg 200w, https:\/\/www.luxelighting.es\/wp-content\/uploads\/2023\/07\/Aimee-K-Photography-Armani-Ben-SP-62_websize-150x100.jpg 150w, https:\/\/www.luxelighting.es\/wp-content\/uploads\/2023\/07\/Aimee-K-Photography-Armani-Ben-SP-62_websize-500x333.jpg 500w, https:\/\/www.luxelighting.es\/wp-content\/uploads\/2023\/07\/Aimee-K-Photography-Armani-Ben-SP-62_websize-400x267.jpg 400w, https:\/\/www.luxelighting.es\/wp-content\/uploads\/2023\/07\/Aimee-K-Photography-Armani-Ben-SP-62_websize.jpg 1600w\" sizes=\"(max-width: 1024px) 100vw, 1024px\" \/><\/div>\t\t<\/div>\r\n\t<\/article>\r\n\t<article class=\"w-grid-item us_animate_afc off_autostart post-8362 attachment type-attachment status-inherit hentry\" data-id=\"8362\" style=\"animation-delay:0.1s\">\r\n\t\t<div class=\"w-grid-item-h\">\r\n\t\t\t\t\t\t<div class=\"w-post-elm post_image usg_post_image_1 stretched\"><img loading=\"lazy\" decoding=\"async\" width=\"683\" height=\"1024\" src=\"https:\/\/www.luxelighting.es\/wp-content\/uploads\/2023\/07\/Aimee-K-Photography-Armani-Ben-SP-60_websize-683x1024.jpg\" class=\"attachment-large size-large\" alt=\"\" srcset=\"https:\/\/www.luxelighting.es\/wp-content\/uploads\/2023\/07\/Aimee-K-Photography-Armani-Ben-SP-60_websize-683x1024.jpg 683w, https:\/\/www.luxelighting.es\/wp-content\/uploads\/2023\/07\/Aimee-K-Photography-Armani-Ben-SP-60_websize-200x300.jpg 200w, https:\/\/www.luxelighting.es\/wp-content\/uploads\/2023\/07\/Aimee-K-Photography-Armani-Ben-SP-60_websize-1024x1536.jpg 1024w, https:\/\/www.luxelighting.es\/wp-content\/uploads\/2023\/07\/Aimee-K-Photography-Armani-Ben-SP-60_websize-133x200.jpg 133w, https:\/\/www.luxelighting.es\/wp-content\/uploads\/2023\/07\/Aimee-K-Photography-Armani-Ben-SP-60_websize-100x150.jpg 100w, https:\/\/www.luxelighting.es\/wp-content\/uploads\/2023\/07\/Aimee-K-Photography-Armani-Ben-SP-60_websize-400x600.jpg 400w, https:\/\/www.luxelighting.es\/wp-content\/uploads\/2023\/07\/Aimee-K-Photography-Armani-Ben-SP-60_websize-333x500.jpg 333w, https:\/\/www.luxelighting.es\/wp-content\/uploads\/2023\/07\/Aimee-K-Photography-Armani-Ben-SP-60_websize-267x400.jpg 267w, https:\/\/www.luxelighting.es\/wp-content\/uploads\/2023\/07\/Aimee-K-Photography-Armani-Ben-SP-60_websize.jpg 1067w\" sizes=\"(max-width: 683px) 100vw, 683px\" \/><\/div>\t\t<\/div>\r\n\t<\/article>\r\n\t<article class=\"w-grid-item us_animate_afc off_autostart post-8361 attachment type-attachment status-inherit hentry\" data-id=\"8361\" style=\"animation-delay:0.2s\">\r\n\t\t<div class=\"w-grid-item-h\">\r\n\t\t\t\t\t\t<div class=\"w-post-elm post_image usg_post_image_1 stretched\"><img loading=\"lazy\" decoding=\"async\" width=\"683\" height=\"1024\" src=\"https:\/\/www.luxelighting.es\/wp-content\/uploads\/2023\/07\/Aimee-K-Photography-Armani-Ben-SP-49_websize-683x1024.jpg\" class=\"attachment-large size-large\" alt=\"\" srcset=\"https:\/\/www.luxelighting.es\/wp-content\/uploads\/2023\/07\/Aimee-K-Photography-Armani-Ben-SP-49_websize-683x1024.jpg 683w, https:\/\/www.luxelighting.es\/wp-content\/uploads\/2023\/07\/Aimee-K-Photography-Armani-Ben-SP-49_websize-200x300.jpg 200w, https:\/\/www.luxelighting.es\/wp-content\/uploads\/2023\/07\/Aimee-K-Photography-Armani-Ben-SP-49_websize-1024x1536.jpg 1024w, https:\/\/www.luxelighting.es\/wp-content\/uploads\/2023\/07\/Aimee-K-Photography-Armani-Ben-SP-49_websize-133x200.jpg 133w, https:\/\/www.luxelighting.es\/wp-content\/uploads\/2023\/07\/Aimee-K-Photography-Armani-Ben-SP-49_websize-100x150.jpg 100w, https:\/\/www.luxelighting.es\/wp-content\/uploads\/2023\/07\/Aimee-K-Photography-Armani-Ben-SP-49_websize-400x600.jpg 400w, https:\/\/www.luxelighting.es\/wp-content\/uploads\/2023\/07\/Aimee-K-Photography-Armani-Ben-SP-49_websize-333x500.jpg 333w, https:\/\/www.luxelighting.es\/wp-content\/uploads\/2023\/07\/Aimee-K-Photography-Armani-Ben-SP-49_websize-267x400.jpg 267w, https:\/\/www.luxelighting.es\/wp-content\/uploads\/2023\/07\/Aimee-K-Photography-Armani-Ben-SP-49_websize.jpg 1067w\" sizes=\"(max-width: 683px) 100vw, 683px\" \/><\/div>\t\t<\/div>\r\n\t<\/article>\r\n\t<article class=\"w-grid-item us_animate_afc off_autostart post-8360 attachment type-attachment status-inherit hentry\" data-id=\"8360\" style=\"animation-delay:0.3s\">\r\n\t\t<div class=\"w-grid-item-h\">\r\n\t\t\t\t\t\t<div class=\"w-post-elm post_image usg_post_image_1 stretched\"><img loading=\"lazy\" decoding=\"async\" width=\"1024\" height=\"767\" src=\"https:\/\/www.luxelighting.es\/wp-content\/uploads\/2023\/07\/Aimee-K-Photography-Armani-Ben-SP-32_websize-1024x767.jpg\" class=\"attachment-large size-large\" alt=\"\" srcset=\"https:\/\/www.luxelighting.es\/wp-content\/uploads\/2023\/07\/Aimee-K-Photography-Armani-Ben-SP-32_websize-1024x767.jpg 1024w, https:\/\/www.luxelighting.es\/wp-content\/uploads\/2023\/07\/Aimee-K-Photography-Armani-Ben-SP-32_websize-300x225.jpg 300w, https:\/\/www.luxelighting.es\/wp-content\/uploads\/2023\/07\/Aimee-K-Photography-Armani-Ben-SP-32_websize-1536x1150.jpg 1536w, https:\/\/www.luxelighting.es\/wp-content\/uploads\/2023\/07\/Aimee-K-Photography-Armani-Ben-SP-32_websize-200x150.jpg 200w, https:\/\/www.luxelighting.es\/wp-content\/uploads\/2023\/07\/Aimee-K-Photography-Armani-Ben-SP-32_websize-150x112.jpg 150w, https:\/\/www.luxelighting.es\/wp-content\/uploads\/2023\/07\/Aimee-K-Photography-Armani-Ben-SP-32_websize-600x449.jpg 600w, https:\/\/www.luxelighting.es\/wp-content\/uploads\/2023\/07\/Aimee-K-Photography-Armani-Ben-SP-32_websize-500x374.jpg 500w, https:\/\/www.luxelighting.es\/wp-content\/uploads\/2023\/07\/Aimee-K-Photography-Armani-Ben-SP-32_websize-400x300.jpg 400w, https:\/\/www.luxelighting.es\/wp-content\/uploads\/2023\/07\/Aimee-K-Photography-Armani-Ben-SP-32_websize.jpg 1600w\" sizes=\"(max-width: 1024px) 100vw, 1024px\" \/><\/div>\t\t<\/div>\r\n\t<\/article>\r\n\t<article class=\"w-grid-item us_animate_afc off_autostart post-8359 attachment type-attachment status-inherit hentry\" data-id=\"8359\" style=\"animation-delay:0.4s\">\r\n\t\t<div class=\"w-grid-item-h\">\r\n\t\t\t\t\t\t<div class=\"w-post-elm post_image usg_post_image_1 stretched\"><img loading=\"lazy\" decoding=\"async\" width=\"683\" height=\"1024\" src=\"https:\/\/www.luxelighting.es\/wp-content\/uploads\/2023\/07\/Aimee-K-Photography-Armani-Ben-SP-24_websize-683x1024.jpg\" class=\"attachment-large size-large\" alt=\"\" srcset=\"https:\/\/www.luxelighting.es\/wp-content\/uploads\/2023\/07\/Aimee-K-Photography-Armani-Ben-SP-24_websize-683x1024.jpg 683w, https:\/\/www.luxelighting.es\/wp-content\/uploads\/2023\/07\/Aimee-K-Photography-Armani-Ben-SP-24_websize-200x300.jpg 200w, https:\/\/www.luxelighting.es\/wp-content\/uploads\/2023\/07\/Aimee-K-Photography-Armani-Ben-SP-24_websize-1024x1536.jpg 1024w, https:\/\/www.luxelighting.es\/wp-content\/uploads\/2023\/07\/Aimee-K-Photography-Armani-Ben-SP-24_websize-133x200.jpg 133w, https:\/\/www.luxelighting.es\/wp-content\/uploads\/2023\/07\/Aimee-K-Photography-Armani-Ben-SP-24_websize-100x150.jpg 100w, https:\/\/www.luxelighting.es\/wp-content\/uploads\/2023\/07\/Aimee-K-Photography-Armani-Ben-SP-24_websize-400x600.jpg 400w, https:\/\/www.luxelighting.es\/wp-content\/uploads\/2023\/07\/Aimee-K-Photography-Armani-Ben-SP-24_websize-333x500.jpg 333w, https:\/\/www.luxelighting.es\/wp-content\/uploads\/2023\/07\/Aimee-K-Photography-Armani-Ben-SP-24_websize-267x400.jpg 267w, https:\/\/www.luxelighting.es\/wp-content\/uploads\/2023\/07\/Aimee-K-Photography-Armani-Ben-SP-24_websize.jpg 1067w\" sizes=\"(max-width: 683px) 100vw, 683px\" \/><\/div>\t\t<\/div>\r\n\t<\/article>\r\n\t<article class=\"w-grid-item us_animate_afc off_autostart post-8358 attachment type-attachment status-inherit hentry\" data-id=\"8358\" style=\"animation-delay:0.5s\">\r\n\t\t<div class=\"w-grid-item-h\">\r\n\t\t\t\t\t\t<div class=\"w-post-elm post_image usg_post_image_1 stretched\"><img loading=\"lazy\" decoding=\"async\" width=\"683\" height=\"1024\" src=\"https:\/\/www.luxelighting.es\/wp-content\/uploads\/2023\/07\/Aimee-K-Photography-Sophie-Maxim-SP-67_websize-683x1024.jpg\" class=\"attachment-large size-large\" alt=\"\" srcset=\"https:\/\/www.luxelighting.es\/wp-content\/uploads\/2023\/07\/Aimee-K-Photography-Sophie-Maxim-SP-67_websize-683x1024.jpg 683w, https:\/\/www.luxelighting.es\/wp-content\/uploads\/2023\/07\/Aimee-K-Photography-Sophie-Maxim-SP-67_websize-200x300.jpg 200w, https:\/\/www.luxelighting.es\/wp-content\/uploads\/2023\/07\/Aimee-K-Photography-Sophie-Maxim-SP-67_websize-1024x1536.jpg 1024w, https:\/\/www.luxelighting.es\/wp-content\/uploads\/2023\/07\/Aimee-K-Photography-Sophie-Maxim-SP-67_websize-133x200.jpg 133w, https:\/\/www.luxelighting.es\/wp-content\/uploads\/2023\/07\/Aimee-K-Photography-Sophie-Maxim-SP-67_websize-100x150.jpg 100w, https:\/\/www.luxelighting.es\/wp-content\/uploads\/2023\/07\/Aimee-K-Photography-Sophie-Maxim-SP-67_websize-400x600.jpg 400w, https:\/\/www.luxelighting.es\/wp-content\/uploads\/2023\/07\/Aimee-K-Photography-Sophie-Maxim-SP-67_websize-333x500.jpg 333w, https:\/\/www.luxelighting.es\/wp-content\/uploads\/2023\/07\/Aimee-K-Photography-Sophie-Maxim-SP-67_websize-267x400.jpg 267w, https:\/\/www.luxelighting.es\/wp-content\/uploads\/2023\/07\/Aimee-K-Photography-Sophie-Maxim-SP-67_websize.jpg 1067w\" sizes=\"(max-width: 683px) 100vw, 683px\" \/><\/div>\t\t<\/div>\r\n\t<\/article>\r\n\t<article class=\"w-grid-item us_animate_afc off_autostart post-8357 attachment type-attachment status-inherit hentry\" data-id=\"8357\" style=\"animation-delay:0s\">\r\n\t\t<div class=\"w-grid-item-h\">\r\n\t\t\t\t\t\t<div class=\"w-post-elm post_image usg_post_image_1 stretched\"><img loading=\"lazy\" decoding=\"async\" width=\"1024\" height=\"683\" src=\"https:\/\/www.luxelighting.es\/wp-content\/uploads\/2023\/07\/Aimee-K-Photography-Sophie-Maxim-SP-65_websize-1024x683.jpg\" class=\"attachment-large size-large\" alt=\"\" srcset=\"https:\/\/www.luxelighting.es\/wp-content\/uploads\/2023\/07\/Aimee-K-Photography-Sophie-Maxim-SP-65_websize-1024x683.jpg 1024w, https:\/\/www.luxelighting.es\/wp-content\/uploads\/2023\/07\/Aimee-K-Photography-Sophie-Maxim-SP-65_websize-300x200.jpg 300w, https:\/\/www.luxelighting.es\/wp-content\/uploads\/2023\/07\/Aimee-K-Photography-Sophie-Maxim-SP-65_websize-600x400.jpg 600w, https:\/\/www.luxelighting.es\/wp-content\/uploads\/2023\/07\/Aimee-K-Photography-Sophie-Maxim-SP-65_websize-1536x1024.jpg 1536w, https:\/\/www.luxelighting.es\/wp-content\/uploads\/2023\/07\/Aimee-K-Photography-Sophie-Maxim-SP-65_websize-200x133.jpg 200w, https:\/\/www.luxelighting.es\/wp-content\/uploads\/2023\/07\/Aimee-K-Photography-Sophie-Maxim-SP-65_websize-150x100.jpg 150w, https:\/\/www.luxelighting.es\/wp-content\/uploads\/2023\/07\/Aimee-K-Photography-Sophie-Maxim-SP-65_websize-500x333.jpg 500w, https:\/\/www.luxelighting.es\/wp-content\/uploads\/2023\/07\/Aimee-K-Photography-Sophie-Maxim-SP-65_websize-400x267.jpg 400w, https:\/\/www.luxelighting.es\/wp-content\/uploads\/2023\/07\/Aimee-K-Photography-Sophie-Maxim-SP-65_websize.jpg 1600w\" sizes=\"(max-width: 1024px) 100vw, 1024px\" \/><\/div>\t\t<\/div>\r\n\t<\/article>\r\n\t<article class=\"w-grid-item us_animate_afc off_autostart post-8356 attachment type-attachment status-inherit hentry\" data-id=\"8356\" style=\"animation-delay:0.1s\">\r\n\t\t<div class=\"w-grid-item-h\">\r\n\t\t\t\t\t\t<div class=\"w-post-elm post_image usg_post_image_1 stretched\"><img loading=\"lazy\" decoding=\"async\" width=\"1024\" height=\"683\" src=\"https:\/\/www.luxelighting.es\/wp-content\/uploads\/2023\/07\/Aimee-K-Photography-Sophie-Maxim-SP-63_websize-1024x683.jpg\" class=\"attachment-large size-large\" alt=\"\" srcset=\"https:\/\/www.luxelighting.es\/wp-content\/uploads\/2023\/07\/Aimee-K-Photography-Sophie-Maxim-SP-63_websize-1024x683.jpg 1024w, https:\/\/www.luxelighting.es\/wp-content\/uploads\/2023\/07\/Aimee-K-Photography-Sophie-Maxim-SP-63_websize-300x200.jpg 300w, https:\/\/www.luxelighting.es\/wp-content\/uploads\/2023\/07\/Aimee-K-Photography-Sophie-Maxim-SP-63_websize-600x400.jpg 600w, https:\/\/www.luxelighting.es\/wp-content\/uploads\/2023\/07\/Aimee-K-Photography-Sophie-Maxim-SP-63_websize-1536x1024.jpg 1536w, https:\/\/www.luxelighting.es\/wp-content\/uploads\/2023\/07\/Aimee-K-Photography-Sophie-Maxim-SP-63_websize-200x133.jpg 200w, https:\/\/www.luxelighting.es\/wp-content\/uploads\/2023\/07\/Aimee-K-Photography-Sophie-Maxim-SP-63_websize-150x100.jpg 150w, https:\/\/www.luxelighting.es\/wp-content\/uploads\/2023\/07\/Aimee-K-Photography-Sophie-Maxim-SP-63_websize-500x333.jpg 500w, https:\/\/www.luxelighting.es\/wp-content\/uploads\/2023\/07\/Aimee-K-Photography-Sophie-Maxim-SP-63_websize-400x267.jpg 400w, https:\/\/www.luxelighting.es\/wp-content\/uploads\/2023\/07\/Aimee-K-Photography-Sophie-Maxim-SP-63_websize.jpg 1600w\" sizes=\"(max-width: 1024px) 100vw, 1024px\" \/><\/div>\t\t<\/div>\r\n\t<\/article>\r\n\t<article class=\"w-grid-item us_animate_afc off_autostart post-8355 attachment type-attachment status-inherit hentry\" data-id=\"8355\" style=\"animation-delay:0.2s\">\r\n\t\t<div class=\"w-grid-item-h\">\r\n\t\t\t\t\t\t<div class=\"w-post-elm post_image usg_post_image_1 stretched\"><img loading=\"lazy\" decoding=\"async\" width=\"683\" height=\"1024\" src=\"https:\/\/www.luxelighting.es\/wp-content\/uploads\/2023\/07\/Aimee-K-Photography-Sophie-Maxim-SP-61_websize-683x1024.jpg\" class=\"attachment-large size-large\" alt=\"\" srcset=\"https:\/\/www.luxelighting.es\/wp-content\/uploads\/2023\/07\/Aimee-K-Photography-Sophie-Maxim-SP-61_websize-683x1024.jpg 683w, https:\/\/www.luxelighting.es\/wp-content\/uploads\/2023\/07\/Aimee-K-Photography-Sophie-Maxim-SP-61_websize-200x300.jpg 200w, https:\/\/www.luxelighting.es\/wp-content\/uploads\/2023\/07\/Aimee-K-Photography-Sophie-Maxim-SP-61_websize-1024x1536.jpg 1024w, https:\/\/www.luxelighting.es\/wp-content\/uploads\/2023\/07\/Aimee-K-Photography-Sophie-Maxim-SP-61_websize-133x200.jpg 133w, https:\/\/www.luxelighting.es\/wp-content\/uploads\/2023\/07\/Aimee-K-Photography-Sophie-Maxim-SP-61_websize-100x150.jpg 100w, https:\/\/www.luxelighting.es\/wp-content\/uploads\/2023\/07\/Aimee-K-Photography-Sophie-Maxim-SP-61_websize-400x600.jpg 400w, https:\/\/www.luxelighting.es\/wp-content\/uploads\/2023\/07\/Aimee-K-Photography-Sophie-Maxim-SP-61_websize-333x500.jpg 333w, https:\/\/www.luxelighting.es\/wp-content\/uploads\/2023\/07\/Aimee-K-Photography-Sophie-Maxim-SP-61_websize-267x400.jpg 267w, https:\/\/www.luxelighting.es\/wp-content\/uploads\/2023\/07\/Aimee-K-Photography-Sophie-Maxim-SP-61_websize.jpg 1067w\" sizes=\"(max-width: 683px) 100vw, 683px\" \/><\/div>\t\t<\/div>\r\n\t<\/article>\r\n\t<article class=\"w-grid-item us_animate_afc off_autostart post-8354 attachment type-attachment status-inherit hentry\" data-id=\"8354\" style=\"animation-delay:0.3s\">\r\n\t\t<div class=\"w-grid-item-h\">\r\n\t\t\t\t\t\t<div class=\"w-post-elm post_image usg_post_image_1 stretched\"><img loading=\"lazy\" decoding=\"async\" width=\"683\" height=\"1024\" src=\"https:\/\/www.luxelighting.es\/wp-content\/uploads\/2023\/07\/Aimee-K-Photography-Sophie-Maxim-SP-54_websize-683x1024.jpg\" class=\"attachment-large size-large\" alt=\"\" srcset=\"https:\/\/www.luxelighting.es\/wp-content\/uploads\/2023\/07\/Aimee-K-Photography-Sophie-Maxim-SP-54_websize-683x1024.jpg 683w, https:\/\/www.luxelighting.es\/wp-content\/uploads\/2023\/07\/Aimee-K-Photography-Sophie-Maxim-SP-54_websize-200x300.jpg 200w, https:\/\/www.luxelighting.es\/wp-content\/uploads\/2023\/07\/Aimee-K-Photography-Sophie-Maxim-SP-54_websize-1024x1536.jpg 1024w, https:\/\/www.luxelighting.es\/wp-content\/uploads\/2023\/07\/Aimee-K-Photography-Sophie-Maxim-SP-54_websize-133x200.jpg 133w, https:\/\/www.luxelighting.es\/wp-content\/uploads\/2023\/07\/Aimee-K-Photography-Sophie-Maxim-SP-54_websize-100x150.jpg 100w, https:\/\/www.luxelighting.es\/wp-content\/uploads\/2023\/07\/Aimee-K-Photography-Sophie-Maxim-SP-54_websize-400x600.jpg 400w, https:\/\/www.luxelighting.es\/wp-content\/uploads\/2023\/07\/Aimee-K-Photography-Sophie-Maxim-SP-54_websize-333x500.jpg 333w, https:\/\/www.luxelighting.es\/wp-content\/uploads\/2023\/07\/Aimee-K-Photography-Sophie-Maxim-SP-54_websize-267x400.jpg 267w, https:\/\/www.luxelighting.es\/wp-content\/uploads\/2023\/07\/Aimee-K-Photography-Sophie-Maxim-SP-54_websize.jpg 1067w\" sizes=\"(max-width: 683px) 100vw, 683px\" \/><\/div>\t\t<\/div>\r\n\t<\/article>\r\n\t<article class=\"w-grid-item us_animate_afc off_autostart post-8353 attachment type-attachment status-inherit hentry\" data-id=\"8353\" style=\"animation-delay:0.4s\">\r\n\t\t<div class=\"w-grid-item-h\">\r\n\t\t\t\t\t\t<div class=\"w-post-elm post_image usg_post_image_1 stretched\"><img loading=\"lazy\" decoding=\"async\" width=\"1024\" height=\"683\" src=\"https:\/\/www.luxelighting.es\/wp-content\/uploads\/2023\/07\/Aimee-K-Team-Anthea-Marc-SP-77_websize-1024x683.jpg\" class=\"attachment-large size-large\" alt=\"\" srcset=\"https:\/\/www.luxelighting.es\/wp-content\/uploads\/2023\/07\/Aimee-K-Team-Anthea-Marc-SP-77_websize-1024x683.jpg 1024w, https:\/\/www.luxelighting.es\/wp-content\/uploads\/2023\/07\/Aimee-K-Team-Anthea-Marc-SP-77_websize-300x200.jpg 300w, https:\/\/www.luxelighting.es\/wp-content\/uploads\/2023\/07\/Aimee-K-Team-Anthea-Marc-SP-77_websize-600x400.jpg 600w, https:\/\/www.luxelighting.es\/wp-content\/uploads\/2023\/07\/Aimee-K-Team-Anthea-Marc-SP-77_websize-1536x1024.jpg 1536w, https:\/\/www.luxelighting.es\/wp-content\/uploads\/2023\/07\/Aimee-K-Team-Anthea-Marc-SP-77_websize-200x133.jpg 200w, https:\/\/www.luxelighting.es\/wp-content\/uploads\/2023\/07\/Aimee-K-Team-Anthea-Marc-SP-77_websize-150x100.jpg 150w, https:\/\/www.luxelighting.es\/wp-content\/uploads\/2023\/07\/Aimee-K-Team-Anthea-Marc-SP-77_websize-500x333.jpg 500w, https:\/\/www.luxelighting.es\/wp-content\/uploads\/2023\/07\/Aimee-K-Team-Anthea-Marc-SP-77_websize-400x267.jpg 400w, https:\/\/www.luxelighting.es\/wp-content\/uploads\/2023\/07\/Aimee-K-Team-Anthea-Marc-SP-77_websize.jpg 1600w\" sizes=\"(max-width: 1024px) 100vw, 1024px\" \/><\/div>\t\t<\/div>\r\n\t<\/article>\r\n\t<article class=\"w-grid-item us_animate_afc off_autostart post-8352 attachment type-attachment status-inherit hentry\" data-id=\"8352\" style=\"animation-delay:0.5s\">\r\n\t\t<div class=\"w-grid-item-h\">\r\n\t\t\t\t\t\t<div class=\"w-post-elm post_image usg_post_image_1 stretched\"><img loading=\"lazy\" decoding=\"async\" width=\"1024\" height=\"683\" src=\"https:\/\/www.luxelighting.es\/wp-content\/uploads\/2023\/07\/Aimee-K-Team-Anthea-Marc-SP-76_websize-1-1024x683.jpg\" class=\"attachment-large size-large\" alt=\"\" srcset=\"https:\/\/www.luxelighting.es\/wp-content\/uploads\/2023\/07\/Aimee-K-Team-Anthea-Marc-SP-76_websize-1-1024x683.jpg 1024w, https:\/\/www.luxelighting.es\/wp-content\/uploads\/2023\/07\/Aimee-K-Team-Anthea-Marc-SP-76_websize-1-300x200.jpg 300w, https:\/\/www.luxelighting.es\/wp-content\/uploads\/2023\/07\/Aimee-K-Team-Anthea-Marc-SP-76_websize-1-600x400.jpg 600w, https:\/\/www.luxelighting.es\/wp-content\/uploads\/2023\/07\/Aimee-K-Team-Anthea-Marc-SP-76_websize-1-1536x1024.jpg 1536w, https:\/\/www.luxelighting.es\/wp-content\/uploads\/2023\/07\/Aimee-K-Team-Anthea-Marc-SP-76_websize-1-200x133.jpg 200w, https:\/\/www.luxelighting.es\/wp-content\/uploads\/2023\/07\/Aimee-K-Team-Anthea-Marc-SP-76_websize-1-150x100.jpg 150w, https:\/\/www.luxelighting.es\/wp-content\/uploads\/2023\/07\/Aimee-K-Team-Anthea-Marc-SP-76_websize-1-500x333.jpg 500w, https:\/\/www.luxelighting.es\/wp-content\/uploads\/2023\/07\/Aimee-K-Team-Anthea-Marc-SP-76_websize-1-400x267.jpg 400w, https:\/\/www.luxelighting.es\/wp-content\/uploads\/2023\/07\/Aimee-K-Team-Anthea-Marc-SP-76_websize-1.jpg 1600w\" sizes=\"(max-width: 1024px) 100vw, 1024px\" \/><\/div>\t\t<\/div>\r\n\t<\/article>\r\n\t<article class=\"w-grid-item us_animate_afc off_autostart post-8351 attachment type-attachment status-inherit hentry\" data-id=\"8351\" style=\"animation-delay:0s\">\r\n\t\t<div class=\"w-grid-item-h\">\r\n\t\t\t\t\t\t<div class=\"w-post-elm post_image usg_post_image_1 stretched\"><img loading=\"lazy\" decoding=\"async\" width=\"1024\" height=\"683\" src=\"https:\/\/www.luxelighting.es\/wp-content\/uploads\/2023\/07\/Aimee-K-Team-Anthea-Marc-SP-75_websize-1-1024x683.jpg\" class=\"attachment-large size-large\" alt=\"\" srcset=\"https:\/\/www.luxelighting.es\/wp-content\/uploads\/2023\/07\/Aimee-K-Team-Anthea-Marc-SP-75_websize-1-1024x683.jpg 1024w, https:\/\/www.luxelighting.es\/wp-content\/uploads\/2023\/07\/Aimee-K-Team-Anthea-Marc-SP-75_websize-1-300x200.jpg 300w, https:\/\/www.luxelighting.es\/wp-content\/uploads\/2023\/07\/Aimee-K-Team-Anthea-Marc-SP-75_websize-1-600x400.jpg 600w, https:\/\/www.luxelighting.es\/wp-content\/uploads\/2023\/07\/Aimee-K-Team-Anthea-Marc-SP-75_websize-1-1536x1024.jpg 1536w, https:\/\/www.luxelighting.es\/wp-content\/uploads\/2023\/07\/Aimee-K-Team-Anthea-Marc-SP-75_websize-1-200x133.jpg 200w, https:\/\/www.luxelighting.es\/wp-content\/uploads\/2023\/07\/Aimee-K-Team-Anthea-Marc-SP-75_websize-1-150x100.jpg 150w, https:\/\/www.luxelighting.es\/wp-content\/uploads\/2023\/07\/Aimee-K-Team-Anthea-Marc-SP-75_websize-1-500x333.jpg 500w, https:\/\/www.luxelighting.es\/wp-content\/uploads\/2023\/07\/Aimee-K-Team-Anthea-Marc-SP-75_websize-1-400x267.jpg 400w, https:\/\/www.luxelighting.es\/wp-content\/uploads\/2023\/07\/Aimee-K-Team-Anthea-Marc-SP-75_websize-1.jpg 1600w\" sizes=\"(max-width: 1024px) 100vw, 1024px\" \/><\/div>\t\t<\/div>\r\n\t<\/article>\r\n\t<article class=\"w-grid-item us_animate_afc off_autostart post-8350 attachment type-attachment status-inherit hentry\" data-id=\"8350\" style=\"animation-delay:0.1s\">\r\n\t\t<div class=\"w-grid-item-h\">\r\n\t\t\t\t\t\t<div class=\"w-post-elm post_image usg_post_image_1 stretched\"><img loading=\"lazy\" decoding=\"async\" width=\"683\" height=\"1024\" src=\"https:\/\/www.luxelighting.es\/wp-content\/uploads\/2023\/07\/Aimee-K-Team-Anthea-Marc-SP-73_websize-1-683x1024.jpg\" class=\"attachment-large size-large\" alt=\"\" srcset=\"https:\/\/www.luxelighting.es\/wp-content\/uploads\/2023\/07\/Aimee-K-Team-Anthea-Marc-SP-73_websize-1-683x1024.jpg 683w, https:\/\/www.luxelighting.es\/wp-content\/uploads\/2023\/07\/Aimee-K-Team-Anthea-Marc-SP-73_websize-1-200x300.jpg 200w, https:\/\/www.luxelighting.es\/wp-content\/uploads\/2023\/07\/Aimee-K-Team-Anthea-Marc-SP-73_websize-1-1024x1536.jpg 1024w, https:\/\/www.luxelighting.es\/wp-content\/uploads\/2023\/07\/Aimee-K-Team-Anthea-Marc-SP-73_websize-1-133x200.jpg 133w, https:\/\/www.luxelighting.es\/wp-content\/uploads\/2023\/07\/Aimee-K-Team-Anthea-Marc-SP-73_websize-1-100x150.jpg 100w, https:\/\/www.luxelighting.es\/wp-content\/uploads\/2023\/07\/Aimee-K-Team-Anthea-Marc-SP-73_websize-1-400x600.jpg 400w, https:\/\/www.luxelighting.es\/wp-content\/uploads\/2023\/07\/Aimee-K-Team-Anthea-Marc-SP-73_websize-1-333x500.jpg 333w, https:\/\/www.luxelighting.es\/wp-content\/uploads\/2023\/07\/Aimee-K-Team-Anthea-Marc-SP-73_websize-1-267x400.jpg 267w, https:\/\/www.luxelighting.es\/wp-content\/uploads\/2023\/07\/Aimee-K-Team-Anthea-Marc-SP-73_websize-1.jpg 1067w\" sizes=\"(max-width: 683px) 100vw, 683px\" \/><\/div>\t\t<\/div>\r\n\t<\/article>\r\n\t<article class=\"w-grid-item us_animate_afc off_autostart post-8349 attachment type-attachment status-inherit hentry\" data-id=\"8349\" style=\"animation-delay:0.2s\">\r\n\t\t<div class=\"w-grid-item-h\">\r\n\t\t\t\t\t\t<div class=\"w-post-elm post_image usg_post_image_1 stretched\"><img loading=\"lazy\" decoding=\"async\" width=\"1024\" height=\"683\" src=\"https:\/\/www.luxelighting.es\/wp-content\/uploads\/2023\/07\/Aimee-K-Team-Anthea-Marc-SP-70_websize-1-1024x683.jpg\" class=\"attachment-large size-large\" alt=\"\" srcset=\"https:\/\/www.luxelighting.es\/wp-content\/uploads\/2023\/07\/Aimee-K-Team-Anthea-Marc-SP-70_websize-1-1024x683.jpg 1024w, https:\/\/www.luxelighting.es\/wp-content\/uploads\/2023\/07\/Aimee-K-Team-Anthea-Marc-SP-70_websize-1-300x200.jpg 300w, https:\/\/www.luxelighting.es\/wp-content\/uploads\/2023\/07\/Aimee-K-Team-Anthea-Marc-SP-70_websize-1-600x400.jpg 600w, https:\/\/www.luxelighting.es\/wp-content\/uploads\/2023\/07\/Aimee-K-Team-Anthea-Marc-SP-70_websize-1-1536x1024.jpg 1536w, https:\/\/www.luxelighting.es\/wp-content\/uploads\/2023\/07\/Aimee-K-Team-Anthea-Marc-SP-70_websize-1-200x133.jpg 200w, https:\/\/www.luxelighting.es\/wp-content\/uploads\/2023\/07\/Aimee-K-Team-Anthea-Marc-SP-70_websize-1-150x100.jpg 150w, https:\/\/www.luxelighting.es\/wp-content\/uploads\/2023\/07\/Aimee-K-Team-Anthea-Marc-SP-70_websize-1-500x333.jpg 500w, https:\/\/www.luxelighting.es\/wp-content\/uploads\/2023\/07\/Aimee-K-Team-Anthea-Marc-SP-70_websize-1-400x267.jpg 400w, https:\/\/www.luxelighting.es\/wp-content\/uploads\/2023\/07\/Aimee-K-Team-Anthea-Marc-SP-70_websize-1.jpg 1600w\" sizes=\"(max-width: 1024px) 100vw, 1024px\" \/><\/div>\t\t<\/div>\r\n\t<\/article>\r\n\t<article class=\"w-grid-item us_animate_afc off_autostart post-8348 attachment type-attachment status-inherit hentry\" data-id=\"8348\" style=\"animation-delay:0.3s\">\r\n\t\t<div class=\"w-grid-item-h\">\r\n\t\t\t\t\t\t<div class=\"w-post-elm post_image usg_post_image_1 stretched\"><img loading=\"lazy\" decoding=\"async\" width=\"1024\" height=\"683\" src=\"https:\/\/www.luxelighting.es\/wp-content\/uploads\/2023\/07\/Aimee-K-Team-Anthea-Marc-SP-69_websize-1024x683.jpg\" class=\"attachment-large size-large\" alt=\"\" srcset=\"https:\/\/www.luxelighting.es\/wp-content\/uploads\/2023\/07\/Aimee-K-Team-Anthea-Marc-SP-69_websize-1024x683.jpg 1024w, https:\/\/www.luxelighting.es\/wp-content\/uploads\/2023\/07\/Aimee-K-Team-Anthea-Marc-SP-69_websize-300x200.jpg 300w, https:\/\/www.luxelighting.es\/wp-content\/uploads\/2023\/07\/Aimee-K-Team-Anthea-Marc-SP-69_websize-600x400.jpg 600w, https:\/\/www.luxelighting.es\/wp-content\/uploads\/2023\/07\/Aimee-K-Team-Anthea-Marc-SP-69_websize-1536x1024.jpg 1536w, https:\/\/www.luxelighting.es\/wp-content\/uploads\/2023\/07\/Aimee-K-Team-Anthea-Marc-SP-69_websize-200x133.jpg 200w, https:\/\/www.luxelighting.es\/wp-content\/uploads\/2023\/07\/Aimee-K-Team-Anthea-Marc-SP-69_websize-150x100.jpg 150w, https:\/\/www.luxelighting.es\/wp-content\/uploads\/2023\/07\/Aimee-K-Team-Anthea-Marc-SP-69_websize-500x333.jpg 500w, https:\/\/www.luxelighting.es\/wp-content\/uploads\/2023\/07\/Aimee-K-Team-Anthea-Marc-SP-69_websize-400x267.jpg 400w, https:\/\/www.luxelighting.es\/wp-content\/uploads\/2023\/07\/Aimee-K-Team-Anthea-Marc-SP-69_websize.jpg 1600w\" sizes=\"(max-width: 1024px) 100vw, 1024px\" \/><\/div>\t\t<\/div>\r\n\t<\/article>\r\n\t<article class=\"w-grid-item us_animate_afc off_autostart post-8347 attachment type-attachment status-inherit hentry\" data-id=\"8347\" style=\"animation-delay:0.4s\">\r\n\t\t<div class=\"w-grid-item-h\">\r\n\t\t\t\t\t\t<div class=\"w-post-elm post_image usg_post_image_1 stretched\"><img loading=\"lazy\" decoding=\"async\" width=\"683\" height=\"1024\" src=\"https:\/\/www.luxelighting.es\/wp-content\/uploads\/2023\/07\/Aimee-K-Team-Anthea-Marc-SP-68_websize-683x1024.jpg\" class=\"attachment-large size-large\" alt=\"\" srcset=\"https:\/\/www.luxelighting.es\/wp-content\/uploads\/2023\/07\/Aimee-K-Team-Anthea-Marc-SP-68_websize-683x1024.jpg 683w, https:\/\/www.luxelighting.es\/wp-content\/uploads\/2023\/07\/Aimee-K-Team-Anthea-Marc-SP-68_websize-200x300.jpg 200w, https:\/\/www.luxelighting.es\/wp-content\/uploads\/2023\/07\/Aimee-K-Team-Anthea-Marc-SP-68_websize-1024x1536.jpg 1024w, https:\/\/www.luxelighting.es\/wp-content\/uploads\/2023\/07\/Aimee-K-Team-Anthea-Marc-SP-68_websize-133x200.jpg 133w, https:\/\/www.luxelighting.es\/wp-content\/uploads\/2023\/07\/Aimee-K-Team-Anthea-Marc-SP-68_websize-100x150.jpg 100w, https:\/\/www.luxelighting.es\/wp-content\/uploads\/2023\/07\/Aimee-K-Team-Anthea-Marc-SP-68_websize-400x600.jpg 400w, https:\/\/www.luxelighting.es\/wp-content\/uploads\/2023\/07\/Aimee-K-Team-Anthea-Marc-SP-68_websize-333x500.jpg 333w, https:\/\/www.luxelighting.es\/wp-content\/uploads\/2023\/07\/Aimee-K-Team-Anthea-Marc-SP-68_websize-267x400.jpg 267w, https:\/\/www.luxelighting.es\/wp-content\/uploads\/2023\/07\/Aimee-K-Team-Anthea-Marc-SP-68_websize.jpg 1067w\" sizes=\"(max-width: 683px) 100vw, 683px\" \/><\/div>\t\t<\/div>\r\n\t<\/article>\r\n\t<article class=\"w-grid-item us_animate_afc off_autostart post-8346 attachment type-attachment status-inherit hentry\" data-id=\"8346\" style=\"animation-delay:0.5s\">\r\n\t\t<div class=\"w-grid-item-h\">\r\n\t\t\t\t\t\t<div class=\"w-post-elm post_image usg_post_image_1 stretched\"><img loading=\"lazy\" decoding=\"async\" width=\"683\" height=\"1024\" src=\"https:\/\/www.luxelighting.es\/wp-content\/uploads\/2023\/07\/Aimee-K-Team-Anthea-Marc-SP-67_websize-1-683x1024.jpg\" class=\"attachment-large size-large\" alt=\"\" srcset=\"https:\/\/www.luxelighting.es\/wp-content\/uploads\/2023\/07\/Aimee-K-Team-Anthea-Marc-SP-67_websize-1-683x1024.jpg 683w, https:\/\/www.luxelighting.es\/wp-content\/uploads\/2023\/07\/Aimee-K-Team-Anthea-Marc-SP-67_websize-1-200x300.jpg 200w, https:\/\/www.luxelighting.es\/wp-content\/uploads\/2023\/07\/Aimee-K-Team-Anthea-Marc-SP-67_websize-1-1024x1536.jpg 1024w, https:\/\/www.luxelighting.es\/wp-content\/uploads\/2023\/07\/Aimee-K-Team-Anthea-Marc-SP-67_websize-1-133x200.jpg 133w, https:\/\/www.luxelighting.es\/wp-content\/uploads\/2023\/07\/Aimee-K-Team-Anthea-Marc-SP-67_websize-1-100x150.jpg 100w, https:\/\/www.luxelighting.es\/wp-content\/uploads\/2023\/07\/Aimee-K-Team-Anthea-Marc-SP-67_websize-1-400x600.jpg 400w, https:\/\/www.luxelighting.es\/wp-content\/uploads\/2023\/07\/Aimee-K-Team-Anthea-Marc-SP-67_websize-1-333x500.jpg 333w, https:\/\/www.luxelighting.es\/wp-content\/uploads\/2023\/07\/Aimee-K-Team-Anthea-Marc-SP-67_websize-1-267x400.jpg 267w, https:\/\/www.luxelighting.es\/wp-content\/uploads\/2023\/07\/Aimee-K-Team-Anthea-Marc-SP-67_websize-1.jpg 1067w\" sizes=\"(max-width: 683px) 100vw, 683px\" \/><\/div>\t\t<\/div>\r\n\t<\/article>\r\n\t<article class=\"w-grid-item us_animate_afc off_autostart post-8343 attachment type-attachment status-inherit hentry\" data-id=\"8343\" style=\"animation-delay:0s\">\r\n\t\t<div class=\"w-grid-item-h\">\r\n\t\t\t\t\t\t<div class=\"w-post-elm post_image usg_post_image_1 stretched\"><img loading=\"lazy\" decoding=\"async\" width=\"683\" height=\"1024\" src=\"https:\/\/www.luxelighting.es\/wp-content\/uploads\/2023\/07\/Aimee-K-Team-Anthea-Marc-SP-73_websize-683x1024.jpg\" class=\"attachment-large size-large\" alt=\"\" srcset=\"https:\/\/www.luxelighting.es\/wp-content\/uploads\/2023\/07\/Aimee-K-Team-Anthea-Marc-SP-73_websize-683x1024.jpg 683w, https:\/\/www.luxelighting.es\/wp-content\/uploads\/2023\/07\/Aimee-K-Team-Anthea-Marc-SP-73_websize-200x300.jpg 200w, https:\/\/www.luxelighting.es\/wp-content\/uploads\/2023\/07\/Aimee-K-Team-Anthea-Marc-SP-73_websize-1024x1536.jpg 1024w, https:\/\/www.luxelighting.es\/wp-content\/uploads\/2023\/07\/Aimee-K-Team-Anthea-Marc-SP-73_websize-133x200.jpg 133w, https:\/\/www.luxelighting.es\/wp-content\/uploads\/2023\/07\/Aimee-K-Team-Anthea-Marc-SP-73_websize-100x150.jpg 100w, https:\/\/www.luxelighting.es\/wp-content\/uploads\/2023\/07\/Aimee-K-Team-Anthea-Marc-SP-73_websize-400x600.jpg 400w, https:\/\/www.luxelighting.es\/wp-content\/uploads\/2023\/07\/Aimee-K-Team-Anthea-Marc-SP-73_websize-333x500.jpg 333w, https:\/\/www.luxelighting.es\/wp-content\/uploads\/2023\/07\/Aimee-K-Team-Anthea-Marc-SP-73_websize-267x400.jpg 267w, https:\/\/www.luxelighting.es\/wp-content\/uploads\/2023\/07\/Aimee-K-Team-Anthea-Marc-SP-73_websize.jpg 1067w\" sizes=\"(max-width: 683px) 100vw, 683px\" \/><\/div>\t\t<\/div>\r\n\t<\/article>\r\n\t<article class=\"w-grid-item us_animate_afc off_autostart post-8342 attachment type-attachment status-inherit hentry\" data-id=\"8342\" style=\"animation-delay:0.1s\">\r\n\t\t<div class=\"w-grid-item-h\">\r\n\t\t\t\t\t\t<div class=\"w-post-elm post_image usg_post_image_1 stretched\"><img loading=\"lazy\" decoding=\"async\" width=\"683\" height=\"1024\" src=\"https:\/\/www.luxelighting.es\/wp-content\/uploads\/2023\/07\/Aimee-K-Team-Anthea-Marc-SP-72_websize-683x1024.jpg\" class=\"attachment-large size-large\" alt=\"\" srcset=\"https:\/\/www.luxelighting.es\/wp-content\/uploads\/2023\/07\/Aimee-K-Team-Anthea-Marc-SP-72_websize-683x1024.jpg 683w, https:\/\/www.luxelighting.es\/wp-content\/uploads\/2023\/07\/Aimee-K-Team-Anthea-Marc-SP-72_websize-200x300.jpg 200w, https:\/\/www.luxelighting.es\/wp-content\/uploads\/2023\/07\/Aimee-K-Team-Anthea-Marc-SP-72_websize-1024x1536.jpg 1024w, https:\/\/www.luxelighting.es\/wp-content\/uploads\/2023\/07\/Aimee-K-Team-Anthea-Marc-SP-72_websize-133x200.jpg 133w, https:\/\/www.luxelighting.es\/wp-content\/uploads\/2023\/07\/Aimee-K-Team-Anthea-Marc-SP-72_websize-100x150.jpg 100w, https:\/\/www.luxelighting.es\/wp-content\/uploads\/2023\/07\/Aimee-K-Team-Anthea-Marc-SP-72_websize-400x600.jpg 400w, https:\/\/www.luxelighting.es\/wp-content\/uploads\/2023\/07\/Aimee-K-Team-Anthea-Marc-SP-72_websize-333x500.jpg 333w, https:\/\/www.luxelighting.es\/wp-content\/uploads\/2023\/07\/Aimee-K-Team-Anthea-Marc-SP-72_websize-267x400.jpg 267w, https:\/\/www.luxelighting.es\/wp-content\/uploads\/2023\/07\/Aimee-K-Team-Anthea-Marc-SP-72_websize.jpg 1067w\" sizes=\"(max-width: 683px) 100vw, 683px\" \/><\/div>\t\t<\/div>\r\n\t<\/article>\r\n\t<article class=\"w-grid-item us_animate_afc off_autostart post-8340 attachment type-attachment status-inherit hentry\" data-id=\"8340\" style=\"animation-delay:0.2s\">\r\n\t\t<div class=\"w-grid-item-h\">\r\n\t\t\t\t\t\t<div class=\"w-post-elm post_image usg_post_image_1 stretched\"><img loading=\"lazy\" decoding=\"async\" width=\"1024\" height=\"683\" src=\"https:\/\/www.luxelighting.es\/wp-content\/uploads\/2023\/07\/Aimee-K-Team-Anthea-Marc-SP-71_websize-1024x683.jpg\" class=\"attachment-large size-large\" alt=\"\" srcset=\"https:\/\/www.luxelighting.es\/wp-content\/uploads\/2023\/07\/Aimee-K-Team-Anthea-Marc-SP-71_websize-1024x683.jpg 1024w, https:\/\/www.luxelighting.es\/wp-content\/uploads\/2023\/07\/Aimee-K-Team-Anthea-Marc-SP-71_websize-300x200.jpg 300w, https:\/\/www.luxelighting.es\/wp-content\/uploads\/2023\/07\/Aimee-K-Team-Anthea-Marc-SP-71_websize-600x400.jpg 600w, https:\/\/www.luxelighting.es\/wp-content\/uploads\/2023\/07\/Aimee-K-Team-Anthea-Marc-SP-71_websize-1536x1024.jpg 1536w, https:\/\/www.luxelighting.es\/wp-content\/uploads\/2023\/07\/Aimee-K-Team-Anthea-Marc-SP-71_websize-200x133.jpg 200w, https:\/\/www.luxelighting.es\/wp-content\/uploads\/2023\/07\/Aimee-K-Team-Anthea-Marc-SP-71_websize-150x100.jpg 150w, https:\/\/www.luxelighting.es\/wp-content\/uploads\/2023\/07\/Aimee-K-Team-Anthea-Marc-SP-71_websize-500x333.jpg 500w, https:\/\/www.luxelighting.es\/wp-content\/uploads\/2023\/07\/Aimee-K-Team-Anthea-Marc-SP-71_websize-400x267.jpg 400w, https:\/\/www.luxelighting.es\/wp-content\/uploads\/2023\/07\/Aimee-K-Team-Anthea-Marc-SP-71_websize.jpg 1600w\" sizes=\"(max-width: 1024px) 100vw, 1024px\" \/><\/div>\t\t<\/div>\r\n\t<\/article>\r\n\t<article class=\"w-grid-item us_animate_afc off_autostart post-8249 attachment type-attachment status-inherit hentry\" data-id=\"8249\" style=\"animation-delay:0.3s\">\r\n\t\t<div class=\"w-grid-item-h\">\r\n\t\t\t\t\t\t<div class=\"w-post-elm post_image usg_post_image_1 stretched\"><img loading=\"lazy\" decoding=\"async\" width=\"683\" height=\"1024\" src=\"https:\/\/www.luxelighting.es\/wp-content\/uploads\/2023\/05\/FAIRY-INTERIOR-FONT-SECA-3-Grande-683x1024.jpg\" class=\"attachment-large size-large\" alt=\"\" srcset=\"https:\/\/www.luxelighting.es\/wp-content\/uploads\/2023\/05\/FAIRY-INTERIOR-FONT-SECA-3-Grande-683x1024.jpg 683w, https:\/\/www.luxelighting.es\/wp-content\/uploads\/2023\/05\/FAIRY-INTERIOR-FONT-SECA-3-Grande-200x300.jpg 200w, https:\/\/www.luxelighting.es\/wp-content\/uploads\/2023\/05\/FAIRY-INTERIOR-FONT-SECA-3-Grande-1024x1536.jpg 1024w, https:\/\/www.luxelighting.es\/wp-content\/uploads\/2023\/05\/FAIRY-INTERIOR-FONT-SECA-3-Grande-133x200.jpg 133w, https:\/\/www.luxelighting.es\/wp-content\/uploads\/2023\/05\/FAIRY-INTERIOR-FONT-SECA-3-Grande-100x150.jpg 100w, https:\/\/www.luxelighting.es\/wp-content\/uploads\/2023\/05\/FAIRY-INTERIOR-FONT-SECA-3-Grande-400x600.jpg 400w, https:\/\/www.luxelighting.es\/wp-content\/uploads\/2023\/05\/FAIRY-INTERIOR-FONT-SECA-3-Grande-333x500.jpg 333w, https:\/\/www.luxelighting.es\/wp-content\/uploads\/2023\/05\/FAIRY-INTERIOR-FONT-SECA-3-Grande-267x400.jpg 267w, https:\/\/www.luxelighting.es\/wp-content\/uploads\/2023\/05\/FAIRY-INTERIOR-FONT-SECA-3-Grande.jpg 1080w\" sizes=\"(max-width: 683px) 100vw, 683px\" \/><\/div>\t\t<\/div>\r\n\t<\/article>\r\n\t<article class=\"w-grid-item us_animate_afc off_autostart post-8245 attachment type-attachment status-inherit hentry\" data-id=\"8245\" style=\"animation-delay:0.4s\">\r\n\t\t<div class=\"w-grid-item-h\">\r\n\t\t\t\t\t\t<div class=\"w-post-elm post_image usg_post_image_1 stretched\"><img loading=\"lazy\" decoding=\"async\" width=\"768\" height=\"1024\" src=\"https:\/\/www.luxelighting.es\/wp-content\/uploads\/2023\/05\/RGB-PALMERA-FONTSECA-Grande-768x1024.jpg\" class=\"attachment-large size-large\" alt=\"\" srcset=\"https:\/\/www.luxelighting.es\/wp-content\/uploads\/2023\/05\/RGB-PALMERA-FONTSECA-Grande-768x1024.jpg 768w, https:\/\/www.luxelighting.es\/wp-content\/uploads\/2023\/05\/RGB-PALMERA-FONTSECA-Grande-225x300.jpg 225w, https:\/\/www.luxelighting.es\/wp-content\/uploads\/2023\/05\/RGB-PALMERA-FONTSECA-Grande-150x200.jpg 150w, https:\/\/www.luxelighting.es\/wp-content\/uploads\/2023\/05\/RGB-PALMERA-FONTSECA-Grande-113x150.jpg 113w, https:\/\/www.luxelighting.es\/wp-content\/uploads\/2023\/05\/RGB-PALMERA-FONTSECA-Grande-450x600.jpg 450w, https:\/\/www.luxelighting.es\/wp-content\/uploads\/2023\/05\/RGB-PALMERA-FONTSECA-Grande-375x500.jpg 375w, https:\/\/www.luxelighting.es\/wp-content\/uploads\/2023\/05\/RGB-PALMERA-FONTSECA-Grande-300x400.jpg 300w, https:\/\/www.luxelighting.es\/wp-content\/uploads\/2023\/05\/RGB-PALMERA-FONTSECA-Grande-600x800.jpg 600w, https:\/\/www.luxelighting.es\/wp-content\/uploads\/2023\/05\/RGB-PALMERA-FONTSECA-Grande.jpg 1080w\" sizes=\"(max-width: 768px) 100vw, 768px\" \/><\/div>\t\t<\/div>\r\n\t<\/article>\r\n\t<article class=\"w-grid-item us_animate_afc off_autostart post-8243 attachment type-attachment status-inherit hentry\" data-id=\"8243\" style=\"animation-delay:0.5s\">\r\n\t\t<div class=\"w-grid-item-h\">\r\n\t\t\t\t\t\t<div class=\"w-post-elm post_image usg_post_image_1 stretched\"><img loading=\"lazy\" decoding=\"async\" width=\"1024\" height=\"683\" src=\"https:\/\/www.luxelighting.es\/wp-content\/uploads\/2023\/05\/FAIRY-INTERIOR-FONTSECA-Grande-1024x683.jpg\" class=\"attachment-large size-large\" alt=\"\" srcset=\"https:\/\/www.luxelighting.es\/wp-content\/uploads\/2023\/05\/FAIRY-INTERIOR-FONTSECA-Grande-1024x683.jpg 1024w, https:\/\/www.luxelighting.es\/wp-content\/uploads\/2023\/05\/FAIRY-INTERIOR-FONTSECA-Grande-300x200.jpg 300w, https:\/\/www.luxelighting.es\/wp-content\/uploads\/2023\/05\/FAIRY-INTERIOR-FONTSECA-Grande-600x400.jpg 600w, https:\/\/www.luxelighting.es\/wp-content\/uploads\/2023\/05\/FAIRY-INTERIOR-FONTSECA-Grande-1536x1025.jpg 1536w, https:\/\/www.luxelighting.es\/wp-content\/uploads\/2023\/05\/FAIRY-INTERIOR-FONTSECA-Grande-200x133.jpg 200w, https:\/\/www.luxelighting.es\/wp-content\/uploads\/2023\/05\/FAIRY-INTERIOR-FONTSECA-Grande-150x100.jpg 150w, https:\/\/www.luxelighting.es\/wp-content\/uploads\/2023\/05\/FAIRY-INTERIOR-FONTSECA-Grande-500x334.jpg 500w, https:\/\/www.luxelighting.es\/wp-content\/uploads\/2023\/05\/FAIRY-INTERIOR-FONTSECA-Grande-400x267.jpg 400w, https:\/\/www.luxelighting.es\/wp-content\/uploads\/2023\/05\/FAIRY-INTERIOR-FONTSECA-Grande.jpg 1619w\" sizes=\"(max-width: 1024px) 100vw, 1024px\" \/><\/div>\t\t<\/div>\r\n\t<\/article>\r\n\t<article class=\"w-grid-item us_animate_afc off_autostart post-8240 attachment type-attachment status-inherit hentry\" data-id=\"8240\" style=\"animation-delay:0s\">\r\n\t\t<div class=\"w-grid-item-h\">\r\n\t\t\t\t\t\t<div class=\"w-post-elm post_image usg_post_image_1 stretched\"><img loading=\"lazy\" decoding=\"async\" width=\"825\" height=\"1024\" src=\"https:\/\/www.luxelighting.es\/wp-content\/uploads\/2023\/05\/ESTRUCTURA-BOMBILLAS-VINTAGE-SON-MARROIG-Grande-825x1024.jpg\" class=\"attachment-large size-large\" alt=\"\" srcset=\"https:\/\/www.luxelighting.es\/wp-content\/uploads\/2023\/05\/ESTRUCTURA-BOMBILLAS-VINTAGE-SON-MARROIG-Grande-825x1024.jpg 825w, https:\/\/www.luxelighting.es\/wp-content\/uploads\/2023\/05\/ESTRUCTURA-BOMBILLAS-VINTAGE-SON-MARROIG-Grande-242x300.jpg 242w, https:\/\/www.luxelighting.es\/wp-content\/uploads\/2023\/05\/ESTRUCTURA-BOMBILLAS-VINTAGE-SON-MARROIG-Grande-161x200.jpg 161w, https:\/\/www.luxelighting.es\/wp-content\/uploads\/2023\/05\/ESTRUCTURA-BOMBILLAS-VINTAGE-SON-MARROIG-Grande-121x150.jpg 121w, https:\/\/www.luxelighting.es\/wp-content\/uploads\/2023\/05\/ESTRUCTURA-BOMBILLAS-VINTAGE-SON-MARROIG-Grande-484x600.jpg 484w, https:\/\/www.luxelighting.es\/wp-content\/uploads\/2023\/05\/ESTRUCTURA-BOMBILLAS-VINTAGE-SON-MARROIG-Grande-403x500.jpg 403w, https:\/\/www.luxelighting.es\/wp-content\/uploads\/2023\/05\/ESTRUCTURA-BOMBILLAS-VINTAGE-SON-MARROIG-Grande-322x400.jpg 322w, https:\/\/www.luxelighting.es\/wp-content\/uploads\/2023\/05\/ESTRUCTURA-BOMBILLAS-VINTAGE-SON-MARROIG-Grande.jpg 1080w\" sizes=\"(max-width: 825px) 100vw, 825px\" \/><\/div>\t\t<\/div>\r\n\t<\/article>\r\n\t<article class=\"w-grid-item us_animate_afc off_autostart post-8236 attachment type-attachment status-inherit hentry\" data-id=\"8236\" style=\"animation-delay:0.1s\">\r\n\t\t<div class=\"w-grid-item-h\">\r\n\t\t\t\t\t\t<div class=\"w-post-elm post_image usg_post_image_1 stretched\"><img loading=\"lazy\" decoding=\"async\" width=\"576\" height=\"1024\" src=\"https:\/\/www.luxelighting.es\/wp-content\/uploads\/2023\/05\/RGB-FACHADA-SON-MARROIG-Grande-576x1024.jpg\" class=\"attachment-large size-large\" alt=\"\" srcset=\"https:\/\/www.luxelighting.es\/wp-content\/uploads\/2023\/05\/RGB-FACHADA-SON-MARROIG-Grande-576x1024.jpg 576w, https:\/\/www.luxelighting.es\/wp-content\/uploads\/2023\/05\/RGB-FACHADA-SON-MARROIG-Grande-169x300.jpg 169w, https:\/\/www.luxelighting.es\/wp-content\/uploads\/2023\/05\/RGB-FACHADA-SON-MARROIG-Grande-864x1536.jpg 864w, https:\/\/www.luxelighting.es\/wp-content\/uploads\/2023\/05\/RGB-FACHADA-SON-MARROIG-Grande-113x200.jpg 113w, https:\/\/www.luxelighting.es\/wp-content\/uploads\/2023\/05\/RGB-FACHADA-SON-MARROIG-Grande-84x150.jpg 84w, https:\/\/www.luxelighting.es\/wp-content\/uploads\/2023\/05\/RGB-FACHADA-SON-MARROIG-Grande-338x600.jpg 338w, https:\/\/www.luxelighting.es\/wp-content\/uploads\/2023\/05\/RGB-FACHADA-SON-MARROIG-Grande-281x500.jpg 281w, https:\/\/www.luxelighting.es\/wp-content\/uploads\/2023\/05\/RGB-FACHADA-SON-MARROIG-Grande-225x400.jpg 225w, https:\/\/www.luxelighting.es\/wp-content\/uploads\/2023\/05\/RGB-FACHADA-SON-MARROIG-Grande.jpg 1080w\" sizes=\"(max-width: 576px) 100vw, 576px\" \/><\/div>\t\t<\/div>\r\n\t<\/article>\r\n\t<article class=\"w-grid-item us_animate_afc off_autostart post-8235 attachment type-attachment status-inherit hentry\" data-id=\"8235\" style=\"animation-delay:0.2s\">\r\n\t\t<div class=\"w-grid-item-h\">\r\n\t\t\t\t\t\t<div class=\"w-post-elm post_image usg_post_image_1 stretched\"><img loading=\"lazy\" decoding=\"async\" width=\"576\" height=\"1024\" src=\"https:\/\/www.luxelighting.es\/wp-content\/uploads\/2023\/05\/FAIRY-SON-MARROIG-Grande-576x1024.jpg\" class=\"attachment-large size-large\" alt=\"\" srcset=\"https:\/\/www.luxelighting.es\/wp-content\/uploads\/2023\/05\/FAIRY-SON-MARROIG-Grande-576x1024.jpg 576w, https:\/\/www.luxelighting.es\/wp-content\/uploads\/2023\/05\/FAIRY-SON-MARROIG-Grande-169x300.jpg 169w, https:\/\/www.luxelighting.es\/wp-content\/uploads\/2023\/05\/FAIRY-SON-MARROIG-Grande-864x1536.jpg 864w, https:\/\/www.luxelighting.es\/wp-content\/uploads\/2023\/05\/FAIRY-SON-MARROIG-Grande-113x200.jpg 113w, https:\/\/www.luxelighting.es\/wp-content\/uploads\/2023\/05\/FAIRY-SON-MARROIG-Grande-84x150.jpg 84w, https:\/\/www.luxelighting.es\/wp-content\/uploads\/2023\/05\/FAIRY-SON-MARROIG-Grande-338x600.jpg 338w, https:\/\/www.luxelighting.es\/wp-content\/uploads\/2023\/05\/FAIRY-SON-MARROIG-Grande-281x500.jpg 281w, https:\/\/www.luxelighting.es\/wp-content\/uploads\/2023\/05\/FAIRY-SON-MARROIG-Grande-225x400.jpg 225w, https:\/\/www.luxelighting.es\/wp-content\/uploads\/2023\/05\/FAIRY-SON-MARROIG-Grande.jpg 1080w\" sizes=\"(max-width: 576px) 100vw, 576px\" \/><\/div>\t\t<\/div>\r\n\t<\/article>\r\n\t<article class=\"w-grid-item us_animate_afc off_autostart post-8233 attachment type-attachment status-inherit hentry\" data-id=\"8233\" style=\"animation-delay:0.3s\">\r\n\t\t<div class=\"w-grid-item-h\">\r\n\t\t\t\t\t\t<div class=\"w-post-elm post_image usg_post_image_1 stretched\"><img loading=\"lazy\" decoding=\"async\" width=\"819\" height=\"1024\" src=\"https:\/\/www.luxelighting.es\/wp-content\/uploads\/2023\/05\/FAIRY-TEMPLETE-SON-MARROIG-Grande-819x1024.jpg\" class=\"attachment-large size-large\" alt=\"\" srcset=\"https:\/\/www.luxelighting.es\/wp-content\/uploads\/2023\/05\/FAIRY-TEMPLETE-SON-MARROIG-Grande-819x1024.jpg 819w, https:\/\/www.luxelighting.es\/wp-content\/uploads\/2023\/05\/FAIRY-TEMPLETE-SON-MARROIG-Grande-240x300.jpg 240w, https:\/\/www.luxelighting.es\/wp-content\/uploads\/2023\/05\/FAIRY-TEMPLETE-SON-MARROIG-Grande-160x200.jpg 160w, https:\/\/www.luxelighting.es\/wp-content\/uploads\/2023\/05\/FAIRY-TEMPLETE-SON-MARROIG-Grande-120x150.jpg 120w, https:\/\/www.luxelighting.es\/wp-content\/uploads\/2023\/05\/FAIRY-TEMPLETE-SON-MARROIG-Grande-480x600.jpg 480w, https:\/\/www.luxelighting.es\/wp-content\/uploads\/2023\/05\/FAIRY-TEMPLETE-SON-MARROIG-Grande-400x500.jpg 400w, https:\/\/www.luxelighting.es\/wp-content\/uploads\/2023\/05\/FAIRY-TEMPLETE-SON-MARROIG-Grande-320x400.jpg 320w, https:\/\/www.luxelighting.es\/wp-content\/uploads\/2023\/05\/FAIRY-TEMPLETE-SON-MARROIG-Grande.jpg 1080w\" sizes=\"(max-width: 819px) 100vw, 819px\" \/><\/div>\t\t<\/div>\r\n\t<\/article>\r\n\t<article class=\"w-grid-item us_animate_afc off_autostart post-8232 attachment type-attachment status-inherit hentry\" data-id=\"8232\" style=\"animation-delay:0.4s\">\r\n\t\t<div class=\"w-grid-item-h\">\r\n\t\t\t\t\t\t<div class=\"w-post-elm post_image usg_post_image_1 stretched\"><img loading=\"lazy\" decoding=\"async\" width=\"576\" height=\"1024\" src=\"https:\/\/www.luxelighting.es\/wp-content\/uploads\/2023\/05\/RGB-SON-MARROIG-Grande-576x1024.jpg\" class=\"attachment-large size-large\" alt=\"\" srcset=\"https:\/\/www.luxelighting.es\/wp-content\/uploads\/2023\/05\/RGB-SON-MARROIG-Grande-576x1024.jpg 576w, https:\/\/www.luxelighting.es\/wp-content\/uploads\/2023\/05\/RGB-SON-MARROIG-Grande-169x300.jpg 169w, https:\/\/www.luxelighting.es\/wp-content\/uploads\/2023\/05\/RGB-SON-MARROIG-Grande-864x1536.jpg 864w, https:\/\/www.luxelighting.es\/wp-content\/uploads\/2023\/05\/RGB-SON-MARROIG-Grande-113x200.jpg 113w, https:\/\/www.luxelighting.es\/wp-content\/uploads\/2023\/05\/RGB-SON-MARROIG-Grande-84x150.jpg 84w, https:\/\/www.luxelighting.es\/wp-content\/uploads\/2023\/05\/RGB-SON-MARROIG-Grande-338x600.jpg 338w, https:\/\/www.luxelighting.es\/wp-content\/uploads\/2023\/05\/RGB-SON-MARROIG-Grande-281x500.jpg 281w, https:\/\/www.luxelighting.es\/wp-content\/uploads\/2023\/05\/RGB-SON-MARROIG-Grande-225x400.jpg 225w, https:\/\/www.luxelighting.es\/wp-content\/uploads\/2023\/05\/RGB-SON-MARROIG-Grande.jpg 1080w\" sizes=\"(max-width: 576px) 100vw, 576px\" \/><\/div>\t\t<\/div>\r\n\t<\/article>\r\n\t<article class=\"w-grid-item us_animate_afc off_autostart post-8225 attachment type-attachment status-inherit hentry\" data-id=\"8225\" style=\"animation-delay:0.5s\">\r\n\t\t<div class=\"w-grid-item-h\">\r\n\t\t\t\t\t\t<div class=\"w-post-elm post_image usg_post_image_1 stretched\"><img loading=\"lazy\" decoding=\"async\" width=\"839\" height=\"1024\" src=\"https:\/\/www.luxelighting.es\/wp-content\/uploads\/2023\/05\/estructura-fairy-y-novia-Grande-839x1024.jpg\" class=\"attachment-large size-large\" alt=\"\" srcset=\"https:\/\/www.luxelighting.es\/wp-content\/uploads\/2023\/05\/estructura-fairy-y-novia-Grande-839x1024.jpg 839w, https:\/\/www.luxelighting.es\/wp-content\/uploads\/2023\/05\/estructura-fairy-y-novia-Grande-246x300.jpg 246w, https:\/\/www.luxelighting.es\/wp-content\/uploads\/2023\/05\/estructura-fairy-y-novia-Grande-164x200.jpg 164w, https:\/\/www.luxelighting.es\/wp-content\/uploads\/2023\/05\/estructura-fairy-y-novia-Grande-123x150.jpg 123w, https:\/\/www.luxelighting.es\/wp-content\/uploads\/2023\/05\/estructura-fairy-y-novia-Grande-492x600.jpg 492w, https:\/\/www.luxelighting.es\/wp-content\/uploads\/2023\/05\/estructura-fairy-y-novia-Grande-410x500.jpg 410w, https:\/\/www.luxelighting.es\/wp-content\/uploads\/2023\/05\/estructura-fairy-y-novia-Grande-328x400.jpg 328w, https:\/\/www.luxelighting.es\/wp-content\/uploads\/2023\/05\/estructura-fairy-y-novia-Grande.jpg 1080w\" sizes=\"(max-width: 839px) 100vw, 839px\" \/><\/div>\t\t<\/div>\r\n\t<\/article>\r\n\t<article class=\"w-grid-item us_animate_afc off_autostart post-8224 attachment type-attachment status-inherit hentry\" data-id=\"8224\" style=\"animation-delay:0s\">\r\n\t\t<div class=\"w-grid-item-h\">\r\n\t\t\t\t\t\t<div class=\"w-post-elm post_image usg_post_image_1 stretched\"><img loading=\"lazy\" decoding=\"async\" width=\"684\" height=\"1024\" src=\"https:\/\/www.luxelighting.es\/wp-content\/uploads\/2023\/05\/TIPI-FAIRY-BARRALA-Grande-684x1024.jpg\" class=\"attachment-large size-large\" alt=\"\" srcset=\"https:\/\/www.luxelighting.es\/wp-content\/uploads\/2023\/05\/TIPI-FAIRY-BARRALA-Grande-684x1024.jpg 684w, https:\/\/www.luxelighting.es\/wp-content\/uploads\/2023\/05\/TIPI-FAIRY-BARRALA-Grande-200x300.jpg 200w, https:\/\/www.luxelighting.es\/wp-content\/uploads\/2023\/05\/TIPI-FAIRY-BARRALA-Grande-1025x1536.jpg 1025w, https:\/\/www.luxelighting.es\/wp-content\/uploads\/2023\/05\/TIPI-FAIRY-BARRALA-Grande-133x200.jpg 133w, https:\/\/www.luxelighting.es\/wp-content\/uploads\/2023\/05\/TIPI-FAIRY-BARRALA-Grande-100x150.jpg 100w, https:\/\/www.luxelighting.es\/wp-content\/uploads\/2023\/05\/TIPI-FAIRY-BARRALA-Grande-400x600.jpg 400w, https:\/\/www.luxelighting.es\/wp-content\/uploads\/2023\/05\/TIPI-FAIRY-BARRALA-Grande-334x500.jpg 334w, https:\/\/www.luxelighting.es\/wp-content\/uploads\/2023\/05\/TIPI-FAIRY-BARRALA-Grande-267x400.jpg 267w, https:\/\/www.luxelighting.es\/wp-content\/uploads\/2023\/05\/TIPI-FAIRY-BARRALA-Grande.jpg 1080w\" sizes=\"(max-width: 684px) 100vw, 684px\" \/><\/div>\t\t<\/div>\r\n\t<\/article>\r\n\t<article class=\"w-grid-item us_animate_afc off_autostart post-8219 attachment type-attachment status-inherit hentry\" data-id=\"8219\" style=\"animation-delay:0.1s\">\r\n\t\t<div class=\"w-grid-item-h\">\r\n\t\t\t\t\t\t<div class=\"w-post-elm post_image usg_post_image_1 stretched\"><img loading=\"lazy\" decoding=\"async\" width=\"1024\" height=\"768\" src=\"https:\/\/www.luxelighting.es\/wp-content\/uploads\/2023\/05\/VERBENA-Y-RGB-CASTILLO-SAN-CARLOS-Grande-1024x768.jpg\" class=\"attachment-large size-large\" alt=\"\" srcset=\"https:\/\/www.luxelighting.es\/wp-content\/uploads\/2023\/05\/VERBENA-Y-RGB-CASTILLO-SAN-CARLOS-Grande-1024x768.jpg 1024w, https:\/\/www.luxelighting.es\/wp-content\/uploads\/2023\/05\/VERBENA-Y-RGB-CASTILLO-SAN-CARLOS-Grande-300x225.jpg 300w, https:\/\/www.luxelighting.es\/wp-content\/uploads\/2023\/05\/VERBENA-Y-RGB-CASTILLO-SAN-CARLOS-Grande-200x150.jpg 200w, https:\/\/www.luxelighting.es\/wp-content\/uploads\/2023\/05\/VERBENA-Y-RGB-CASTILLO-SAN-CARLOS-Grande-150x113.jpg 150w, https:\/\/www.luxelighting.es\/wp-content\/uploads\/2023\/05\/VERBENA-Y-RGB-CASTILLO-SAN-CARLOS-Grande-600x450.jpg 600w, https:\/\/www.luxelighting.es\/wp-content\/uploads\/2023\/05\/VERBENA-Y-RGB-CASTILLO-SAN-CARLOS-Grande-500x375.jpg 500w, https:\/\/www.luxelighting.es\/wp-content\/uploads\/2023\/05\/VERBENA-Y-RGB-CASTILLO-SAN-CARLOS-Grande-400x300.jpg 400w, https:\/\/www.luxelighting.es\/wp-content\/uploads\/2023\/05\/VERBENA-Y-RGB-CASTILLO-SAN-CARLOS-Grande.jpg 1440w\" sizes=\"(max-width: 1024px) 100vw, 1024px\" \/><\/div>\t\t<\/div>\r\n\t<\/article>\r\n<\/div><div class=\"w-grid-preloader\"><div class=\"g-preloader type_1\">\r\n\t<div><\/div>\r\n<\/div>\r\n<\/div>\t<div class=\"w-grid-json hidden\" onclick='return {&quot;action&quot;:&quot;us_ajax_grid&quot;,&quot;ajax_url&quot;:&quot;https:\\\/\\\/www.luxelighting.es\\\/wp-admin\\\/admin-ajax.php&quot;,&quot;infinite_scroll&quot;:0,&quot;max_num_pages&quot;:1,&quot;pagination&quot;:&quot;infinite&quot;,&quot;permalink_url&quot;:&quot;https:\\\/\\\/www.luxelighting.es\\\/es\\\/wp-json\\\/wp\\\/v2\\\/pages\\\/8549\\\/&quot;,&quot;template_vars&quot;:{&quot;columns&quot;:&quot;3&quot;,&quot;exclude_items&quot;:&quot;none&quot;,&quot;img_size&quot;:&quot;default&quot;,&quot;ignore_items_size&quot;:0,&quot;items_layout&quot;:&quot;gallery_default&quot;,&quot;items_offset&quot;:&quot;1&quot;,&quot;load_animation&quot;:&quot;afc&quot;,&quot;overriding_link&quot;:&quot;none&quot;,&quot;post_id&quot;:0,&quot;query_args&quot;:{&quot;post_type&quot;:[&quot;attachment&quot;],&quot;post__in&quot;:[&quot;8249&quot;,&quot;8245&quot;,&quot;8243&quot;,&quot;8240&quot;,&quot;8236&quot;,&quot;8235&quot;,&quot;8233&quot;,&quot;8232&quot;,&quot;8225&quot;,&quot;8224&quot;,&quot;8219&quot;,&quot;8358&quot;,&quot;8356&quot;,&quot;8355&quot;,&quot;8354&quot;,&quot;8357&quot;,&quot;8353&quot;,&quot;8352&quot;,&quot;8351&quot;,&quot;8350&quot;,&quot;8349&quot;,&quot;8346&quot;,&quot;8347&quot;,&quot;8348&quot;,&quot;8359&quot;,&quot;8360&quot;,&quot;8361&quot;,&quot;8362&quot;,&quot;8363&quot;,&quot;8364&quot;,&quot;8365&quot;,&quot;8366&quot;,&quot;8395&quot;,&quot;8394&quot;,&quot;8393&quot;,&quot;8391&quot;,&quot;8388&quot;,&quot;8389&quot;,&quot;8390&quot;,&quot;8384&quot;,&quot;8449&quot;,&quot;8431&quot;,&quot;8342&quot;,&quot;8343&quot;,&quot;8340&quot;,&quot;8450&quot;,&quot;8458&quot;,&quot;8459&quot;,&quot;8460&quot;,&quot;8461&quot;,&quot;8462&quot;,&quot;8463&quot;,&quot;8464&quot;,&quot;8465&quot;,&quot;8466&quot;,&quot;8467&quot;,&quot;8468&quot;,&quot;8469&quot;,&quot;8470&quot;,&quot;8471&quot;,&quot;8472&quot;,&quot;8473&quot;,&quot;8474&quot;,&quot;8476&quot;,&quot;8477&quot;,&quot;8478&quot;,&quot;8482&quot;,&quot;8483&quot;,&quot;8484&quot;,&quot;8491&quot;,&quot;8495&quot;,&quot;8494&quot;,&quot;8493&quot;,&quot;8492&quot;],&quot;post_status&quot;:&quot;inherit&quot;,&quot;post_mime_type&quot;:&quot;image&quot;,&quot;posts_per_page&quot;:999},&quot;orderby_query_args&quot;:{&quot;orderby&quot;:{&quot;date&quot;:&quot;DESC&quot;}},&quot;type&quot;:&quot;masonry&quot;,&quot;us_grid_ajax_index&quot;:1,&quot;us_grid_filter_params&quot;:null,&quot;us_grid_index&quot;:1,&quot;_us_grid_post_type&quot;:&quot;attachment&quot;,&quot;page_args&quot;:[],&quot;lang&quot;:&quot;es&quot;}}'><\/div>\r\n\t<\/div><\/div><\/div><\/div><\/div><\/div><\/section><section class=\"l-section wpb_row height_small\" id=\"contact\"><div class=\"l-section-h i-cf\"><div class=\"g-cols vc_row via_flex valign_top type_default stacking_default\"><div class=\"vc_col-sm-12 wpb_column vc_column_container has_text_color\"><div class=\"vc_column-inner us_custom_6df4bc3a\"><div class=\"wpb_wrapper\"><div class=\"w-separator size_medium\"><\/div><div class=\"g-cols wpb_row via_flex valign_middle type_default stacking_default\"><div class=\"vc_col-sm-12 wpb_column vc_column_container\"><div class=\"vc_column-inner\"><div class=\"wpb_wrapper\"><p class=\"w-text us_custom_786d3368 has_text_color\"><span class=\"w-text-h\"><span class=\"w-text-value\">Solicita m\u00e1s informaci\u00f3n<\/span><\/span><\/p><p class=\"w-text us_custom_e2681078 has_text_color\"><span class=\"w-text-h\"><span class=\"w-text-value\">Por favor, usa el siguiente formulario para ponerte en contacto con nosotros. Estaremos encantados de ofrecerte todo el asesoramiento que necesites.<\/span><\/span><\/p><div class=\"w-separator size_small\"><\/div><\/div><\/div><\/div><\/div><\/div><\/div><\/div><\/div><\/div><\/section><section class=\"l-section wpb_row height_small\"><div class=\"l-section-h i-cf\"><div class=\"g-cols vc_row via_flex valign_top type_default stacking_default\" style=\"--additional-gap:10px;\"><div class=\"vc_col-sm-12 wpb_column vc_column_container\"><div class=\"vc_column-inner us_custom_60e9caca us_animate_this\"><div class=\"wpb_wrapper\"><div class=\"g-cols wpb_row via_flex valign_top type_default stacking_default\"><div class=\"vc_col-sm-6 wpb_column vc_column_container\"><div class=\"vc_column-inner us_custom_60e9caca us_animate_this\"><div class=\"wpb_wrapper\"><form class=\"w-form  layout_ver for_cform us_form_1\" autocomplete=\"off\" action=\"https:\/\/www.luxelighting.es\/es\/wp-json\/wp\/v2\/pages\/8549\" method=\"post\"><div class=\"w-form-h\"><div class=\"w-form-row for_text has_label move_label required with_icon\">\r\n\t\t\t<div class=\"w-form-row-label\">\r\n\t\t\t<span>Nombre *<\/span>\r\n\t\t<\/div>\r\n\t\t<div class=\"w-form-row-field\">\r\n\t\t\t\t<i class=\"far fa-user\"><\/i>\t\t<input aria-label=\"Nombre\" type=\"text\" name=\"us_form_1_text_1\" value placeholder data-required=\"true\" aria-required=\"true\"\/>\r\n\t\t\t<\/div>\r\n\t\t<div class=\"w-form-row-state\">Rellena este campo<\/div>\r\n<\/div>\r\n<div class=\"w-form-row for_email has_label move_label required with_icon\">\r\n\t\t\t<div class=\"w-form-row-label\">\r\n\t\t\t<span>Email *<\/span>\r\n\t\t<\/div>\r\n\t\t<div class=\"w-form-row-field\">\r\n\t\t\t\t<i class=\"far fa-envelope\"><\/i>\t\t<input aria-label=\"Email\" type=\"email\" name=\"us_form_1_email_1\" value placeholder data-required=\"true\" aria-required=\"true\"\/>\r\n\t\t\t<\/div>\r\n\t\t<div class=\"w-form-row-state\">Por favor, introduce una direcci\u00f3n de correo electr\u00f3nico v\u00e1lida.<\/div>\r\n<\/div>\r\n<div class=\"w-form-row for_text has_label move_label required with_icon\">\r\n\t\t\t<div class=\"w-form-row-label\">\r\n\t\t\t<span>Tel\u00e9fono *<\/span>\r\n\t\t<\/div>\r\n\t\t<div class=\"w-form-row-field\">\r\n\t\t\t\t<i class=\"far fa-mobile\"><\/i>\t\t<input aria-label=\"Tel\u00e9fono\" type=\"text\" name=\"us_form_1_text_2\" value placeholder data-required=\"true\" aria-required=\"true\"\/>\r\n\t\t\t<\/div>\r\n\t\t<div class=\"w-form-row-state\">Rellena este campo<\/div>\r\n<\/div>\r\n<div class=\"w-form-row for_select has_label with_icon\">\r\n\t\t\t<div class=\"w-form-row-label\">\r\n\t\t\t<span>\u00bfD\u00f3nde nos has conocido?<\/span>\r\n\t\t<\/div>\r\n\t\t<div class=\"w-form-row-field\">\r\n\t\t\t\t<i class=\"far fa-list\"><\/i>\t\t<select aria-label=\"\u00bfD\u00f3nde nos has conocido?\" name=\"us_form_1_select_1\">\r\n\t\t\t<option value=\"---\">---<\/option><option value=\"Google\">Google<\/option><option value=\"Instagram\">Instagram<\/option><option value=\"Facebook\">Facebook<\/option><option value=\"Recomendaci\u00f3n\">Recomendaci\u00f3n<\/option>\t\t<\/select>\r\n\t\t\t<\/div>\r\n\t\t<div class=\"w-form-row-state\">Selecciona una opci\u00f3n<\/div>\r\n<\/div>\r\n<div class=\"w-form-row for_textarea has_label move_label with_icon\">\r\n\t\t\t<div class=\"w-form-row-label\">\r\n\t\t\t<span>Comentarios<\/span>\r\n\t\t<\/div>\r\n\t\t<div class=\"w-form-row-field\">\r\n\t\t\t\t<i class=\"far fa-pencil\"><\/i>\t\t<textarea aria-label=\"Comentarios\" name=\"us_form_1_textarea_1\" placeholder><\/textarea>\r\n\t\t\t<\/div>\r\n\t\t<div class=\"w-form-row-state\">Rellena este campo<\/div>\r\n<\/div>\r\n<div class=\"w-form-row for_agreement required\">\r\n\t\t<div class=\"w-form-row-field\">\r\n\t\t\t\t<label>\r\n\t\t\t<input type=\"checkbox\" class=\"screen-reader-text\" value=\"1\" data-required=\"true\" aria-required=\"true\" name=\"us_form_1_agreement_1\"\/>\r\n\t\t\t<span class=\"w-form-checkbox\"><\/span>\r\n\t\t\t<span>Acepto la  <a href=\"https:\/\/www.luxelighting.es\/politica-de-privacidad\/\" target=\"_blank\">Pol\u00edtica de privacidad<\/a><\/span>\r\n\t\t<\/label>\r\n\t\t\t<\/div>\r\n\t\t<div class=\"w-form-row-state\">Tienes que aprobar los t\u00e9rminos para continuar<\/div>\r\n<\/div>\r\n<input type=\"hidden\" name=\"action\" value=\"us_ajax_cform\" \/>\r\n<input type=\"hidden\" name=\"post_id\" value=\"0\" \/>\r\n<input type=\"hidden\" name=\"form_index\" value=\"1\" \/>\r\n<div class=\"w-form-row for_submit  align_none\">\r\n\t<button class=\"w-btn  us-btn-style_8\" aria-label=\"ENVIAR CONSULTA\" type=\"submit\">\r\n\t\t<span class=\"g-preloader type_1\"><\/span>\r\n\t\t\t\t<span class=\"w-btn-label\">ENVIAR CONSULTA<\/span>\r\n\t\t\t<\/button>\r\n\t<\/div>\r\n<\/div><div class=\"w-form-message\"><\/div><div class=\"w-form-json hidden\" onclick='return {&quot;ajaxurl&quot;:&quot;https:\\\/\\\/www.luxelighting.es\\\/wp-admin\\\/admin-ajax.php&quot;,&quot;messages&quot;:{&quot;err_empty&quot;:&quot;Rellena este campo&quot;,&quot;err_size&quot;:&quot;El tama\\u00f1o del archivo no puede exceder %s MB&quot;,&quot;err_extension&quot;:&quot;El tipo de archivo %s no est\\u00e1 permitido&quot;}}'><\/div><\/form><\/div><\/div><\/div><div class=\"vc_col-sm-6 wpb_column vc_column_container\"><div class=\"vc_column-inner us_custom_60d41d4e us_animate_this\"><div class=\"wpb_wrapper\"><div class=\"w-separator hide_on_default hide_on_laptops hide_on_tablets size_custom\" style=\"height:100px\"><\/div><p class=\"w-text us_custom_d726b2b2\"><span class=\"w-text-h\"><span class=\"w-text-value\">Contacto telef\u00f3nico<\/span><\/span><\/p><div class=\"w-btn-wrapper align_center\"><a class=\"w-btn us-btn-style_8 icon_atleft\" href=\"tel:664294104\"><i class=\"fas fa-mobile-alt\"><\/i><span class=\"w-btn-label\">664 294 104<\/span><\/a><\/div><div class=\"w-separator size_small\"><\/div><p class=\"w-text us_custom_d726b2b2\"><span class=\"w-text-h\"><span class=\"w-text-value\">Contacto Whatsapp<\/span><\/span><\/p><div class=\"w-btn-wrapper align_center\"><a class=\"w-btn us-btn-style_8 icon_atleft\" href=\"https:\/\/api.whatsapp.com\/send?phone=34664294104\"><i class=\"fab fa-whatsapp\"><\/i><span class=\"w-btn-label\">WhatsApp<\/span><\/a><\/div><div class=\"w-separator size_small\"><\/div><p class=\"w-text us_custom_d726b2b2\"><span class=\"w-text-h\"><span class=\"w-text-value\">Direcci\u00f3n<\/span><\/span><\/p><div class=\"wpb_text_column\"><div class=\"wpb_wrapper\"><p>Marratxinet 07141 Marratxi<br \/>\nIslas Baleares (Espa\u00f1a)<\/p>\n<\/div><\/div><div class=\"w-separator size_small\"><\/div><p class=\"w-text us_custom_d726b2b2\"><span class=\"w-text-h\"><span class=\"w-text-value\">Horario<\/span><\/span><\/p><div class=\"wpb_text_column\"><div class=\"wpb_wrapper\"><p>De lunes a viernes:<br \/>\nDe 9:00 a 15:00<\/p>\n<\/div><\/div><div class=\"w-separator size_small\"><\/div><\/div><\/div><\/div><\/div><\/div><\/div><\/div><div class=\"vc_col-sm-12 wpb_column vc_column_container\"><div class=\"vc_column-inner\"><div class=\"wpb_wrapper\"><div class=\"w-separator size_medium\"><\/div><\/div><\/div><\/div><\/div><\/div><\/section>\n","protected":false},"excerpt":{"rendered":"","protected":false},"author":3,"featured_media":8395,"parent":0,"menu_order":0,"comment_status":"closed","ping_status":"closed","template":"","meta":{"_joinchat":[],"footnotes":""},"yoast_head":"<!-- This site is optimized with the Yoast SEO plugin v22.7 - https:\/\/yoast.com\/wordpress\/plugins\/seo\/ -->\n<title>Iluminaci\u00f3n profesional Mallorca | Luxe Lighting<\/title>\n<meta name=\"description\" content=\"Eventos de lujo con Luxe Lighting, el mejor servicio de iluminaci\u00f3n de Mallorca para espacios de lujo, reuniones privadas y fiestas en yates.\" \/>\n<meta name=\"robots\" content=\"index, follow, max-snippet:-1, max-image-preview:large, max-video-preview:-1\" \/>\n<link rel=\"canonical\" href=\"https:\/\/www.luxelighting.es\/es\/\" \/>\n<meta property=\"og:locale\" content=\"es_ES\" \/>\n<meta property=\"og:type\" content=\"article\" \/>\n<meta property=\"og:title\" content=\"Iluminaci\u00f3n profesional Mallorca | Luxe Lighting\" \/>\n<meta property=\"og:description\" content=\"Eventos de lujo con Luxe Lighting, el mejor servicio de iluminaci\u00f3n de Mallorca para espacios de lujo, reuniones privadas y fiestas en yates.\" \/>\n<meta property=\"og:url\" content=\"https:\/\/www.luxelighting.es\/es\/\" \/>\n<meta property=\"og:site_name\" content=\"LUXE LIGHTING\" \/>\n<meta property=\"article:modified_time\" content=\"2024-06-06T10:01:12+00:00\" \/>\n<meta property=\"og:image\" content=\"https:\/\/www.luxelighting.es\/wp-content\/uploads\/2023\/08\/PulaGolf4_websize-1.jpg\" \/>\n\t<meta property=\"og:image:width\" content=\"1600\" \/>\n\t<meta property=\"og:image:height\" content=\"1065\" \/>\n\t<meta property=\"og:image:type\" content=\"image\/jpeg\" \/>\n<meta name=\"twitter:card\" content=\"summary_large_image\" \/>\n<meta name=\"twitter:label1\" content=\"Tiempo de lectura\" \/>\n\t<meta name=\"twitter:data1\" content=\"11 minutos\" \/>\n<script type=\"application\/ld+json\" class=\"yoast-schema-graph\">{\"@context\":\"https:\/\/schema.org\",\"@graph\":[{\"@type\":\"WebPage\",\"@id\":\"https:\/\/www.luxelighting.es\/es\/\",\"url\":\"https:\/\/www.luxelighting.es\/es\/\",\"name\":\"Iluminaci\u00f3n profesional Mallorca | Luxe Lighting\",\"isPartOf\":{\"@id\":\"https:\/\/www.luxelighting.es\/es\/#website\"},\"primaryImageOfPage\":{\"@id\":\"https:\/\/www.luxelighting.es\/es\/#primaryimage\"},\"image\":{\"@id\":\"https:\/\/www.luxelighting.es\/es\/#primaryimage\"},\"thumbnailUrl\":\"https:\/\/www.luxelighting.es\/wp-content\/uploads\/2023\/08\/PulaGolf4_websize-1.jpg\",\"datePublished\":\"2024-05-21T16:34:34+00:00\",\"dateModified\":\"2024-06-06T10:01:12+00:00\",\"description\":\"Eventos de lujo con Luxe Lighting, el mejor servicio de iluminaci\u00f3n de Mallorca para espacios de lujo, reuniones privadas y fiestas en yates.\",\"breadcrumb\":{\"@id\":\"https:\/\/www.luxelighting.es\/es\/#breadcrumb\"},\"inLanguage\":\"es\",\"potentialAction\":[{\"@type\":\"ReadAction\",\"target\":[\"https:\/\/www.luxelighting.es\/es\/\"]}]},{\"@type\":\"ImageObject\",\"inLanguage\":\"es\",\"@id\":\"https:\/\/www.luxelighting.es\/es\/#primaryimage\",\"url\":\"https:\/\/www.luxelighting.es\/wp-content\/uploads\/2023\/08\/PulaGolf4_websize-1.jpg\",\"contentUrl\":\"https:\/\/www.luxelighting.es\/wp-content\/uploads\/2023\/08\/PulaGolf4_websize-1.jpg\",\"width\":1600,\"height\":1065},{\"@type\":\"BreadcrumbList\",\"@id\":\"https:\/\/www.luxelighting.es\/es\/#breadcrumb\",\"itemListElement\":[{\"@type\":\"ListItem\",\"position\":1,\"name\":\"Portada\",\"item\":\"https:\/\/www.luxelighting.es\/es\/\"},{\"@type\":\"ListItem\",\"position\":2,\"name\":\"Inicio\"}]},{\"@type\":\"WebSite\",\"@id\":\"https:\/\/www.luxelighting.es\/es\/#website\",\"url\":\"https:\/\/www.luxelighting.es\/es\/\",\"name\":\"LUXE LIGHTING\",\"description\":\"Iluminaci\u00f3n para bodas y eventos en Mallorca\",\"publisher\":{\"@id\":\"https:\/\/www.luxelighting.es\/es\/#organization\"},\"potentialAction\":[{\"@type\":\"SearchAction\",\"target\":{\"@type\":\"EntryPoint\",\"urlTemplate\":\"https:\/\/www.luxelighting.es\/es\/?s={search_term_string}\"},\"query-input\":\"required name=search_term_string\"}],\"inLanguage\":\"es\"},{\"@type\":\"Organization\",\"@id\":\"https:\/\/www.luxelighting.es\/es\/#organization\",\"name\":\"LUXE LIGHTING\",\"url\":\"https:\/\/www.luxelighting.es\/es\/\",\"logo\":{\"@type\":\"ImageObject\",\"inLanguage\":\"es\",\"@id\":\"https:\/\/www.luxelighting.es\/es\/#\/schema\/logo\/image\/\",\"url\":\"https:\/\/www.luxelighting.es\/wp-content\/uploads\/2023\/06\/lgo-lux-web01.png\",\"contentUrl\":\"https:\/\/www.luxelighting.es\/wp-content\/uploads\/2023\/06\/lgo-lux-web01.png\",\"width\":831,\"height\":584,\"caption\":\"LUXE LIGHTING\"},\"image\":{\"@id\":\"https:\/\/www.luxelighting.es\/es\/#\/schema\/logo\/image\/\"}}]}<\/script>\n<!-- \/ Yoast SEO plugin. -->","yoast_head_json":{"title":"Iluminaci\u00f3n profesional Mallorca | Luxe Lighting","description":"Eventos de lujo con Luxe Lighting, el mejor servicio de iluminaci\u00f3n de Mallorca para espacios de lujo, reuniones privadas y fiestas en yates.","robots":{"index":"index","follow":"follow","max-snippet":"max-snippet:-1","max-image-preview":"max-image-preview:large","max-video-preview":"max-video-preview:-1"},"canonical":"https:\/\/www.luxelighting.es\/es\/","og_locale":"es_ES","og_type":"article","og_title":"Iluminaci\u00f3n profesional Mallorca | Luxe Lighting","og_description":"Eventos de lujo con Luxe Lighting, el mejor servicio de iluminaci\u00f3n de Mallorca para espacios de lujo, reuniones privadas y fiestas en yates.","og_url":"https:\/\/www.luxelighting.es\/es\/","og_site_name":"LUXE LIGHTING","article_modified_time":"2024-06-06T10:01:12+00:00","og_image":[{"width":1600,"height":1065,"url":"https:\/\/www.luxelighting.es\/wp-content\/uploads\/2023\/08\/PulaGolf4_websize-1.jpg","type":"image\/jpeg"}],"twitter_card":"summary_large_image","twitter_misc":{"Tiempo de lectura":"11 minutos"},"schema":{"@context":"https:\/\/schema.org","@graph":[{"@type":"WebPage","@id":"https:\/\/www.luxelighting.es\/es\/","url":"https:\/\/www.luxelighting.es\/es\/","name":"Iluminaci\u00f3n profesional Mallorca | Luxe Lighting","isPartOf":{"@id":"https:\/\/www.luxelighting.es\/es\/#website"},"primaryImageOfPage":{"@id":"https:\/\/www.luxelighting.es\/es\/#primaryimage"},"image":{"@id":"https:\/\/www.luxelighting.es\/es\/#primaryimage"},"thumbnailUrl":"https:\/\/www.luxelighting.es\/wp-content\/uploads\/2023\/08\/PulaGolf4_websize-1.jpg","datePublished":"2024-05-21T16:34:34+00:00","dateModified":"2024-06-06T10:01:12+00:00","description":"Eventos de lujo con Luxe Lighting, el mejor servicio de iluminaci\u00f3n de Mallorca para espacios de lujo, reuniones privadas y fiestas en yates.","breadcrumb":{"@id":"https:\/\/www.luxelighting.es\/es\/#breadcrumb"},"inLanguage":"es","potentialAction":[{"@type":"ReadAction","target":["https:\/\/www.luxelighting.es\/es\/"]}]},{"@type":"ImageObject","inLanguage":"es","@id":"https:\/\/www.luxelighting.es\/es\/#primaryimage","url":"https:\/\/www.luxelighting.es\/wp-content\/uploads\/2023\/08\/PulaGolf4_websize-1.jpg","contentUrl":"https:\/\/www.luxelighting.es\/wp-content\/uploads\/2023\/08\/PulaGolf4_websize-1.jpg","width":1600,"height":1065},{"@type":"BreadcrumbList","@id":"https:\/\/www.luxelighting.es\/es\/#breadcrumb","itemListElement":[{"@type":"ListItem","position":1,"name":"Portada","item":"https:\/\/www.luxelighting.es\/es\/"},{"@type":"ListItem","position":2,"name":"Inicio"}]},{"@type":"WebSite","@id":"https:\/\/www.luxelighting.es\/es\/#website","url":"https:\/\/www.luxelighting.es\/es\/","name":"LUXE LIGHTING","description":"Iluminaci\u00f3n para bodas y eventos en Mallorca","publisher":{"@id":"https:\/\/www.luxelighting.es\/es\/#organization"},"potentialAction":[{"@type":"SearchAction","target":{"@type":"EntryPoint","urlTemplate":"https:\/\/www.luxelighting.es\/es\/?s={search_term_string}"},"query-input":"required name=search_term_string"}],"inLanguage":"es"},{"@type":"Organization","@id":"https:\/\/www.luxelighting.es\/es\/#organization","name":"LUXE LIGHTING","url":"https:\/\/www.luxelighting.es\/es\/","logo":{"@type":"ImageObject","inLanguage":"es","@id":"https:\/\/www.luxelighting.es\/es\/#\/schema\/logo\/image\/","url":"https:\/\/www.luxelighting.es\/wp-content\/uploads\/2023\/06\/lgo-lux-web01.png","contentUrl":"https:\/\/www.luxelighting.es\/wp-content\/uploads\/2023\/06\/lgo-lux-web01.png","width":831,"height":584,"caption":"LUXE LIGHTING"},"image":{"@id":"https:\/\/www.luxelighting.es\/es\/#\/schema\/logo\/image\/"}}]}},"_links":{"self":[{"href":"https:\/\/www.luxelighting.es\/es\/wp-json\/wp\/v2\/pages\/8549"}],"collection":[{"href":"https:\/\/www.luxelighting.es\/es\/wp-json\/wp\/v2\/pages"}],"about":[{"href":"https:\/\/www.luxelighting.es\/es\/wp-json\/wp\/v2\/types\/page"}],"author":[{"embeddable":true,"href":"https:\/\/www.luxelighting.es\/es\/wp-json\/wp\/v2\/users\/3"}],"replies":[{"embeddable":true,"href":"https:\/\/www.luxelighting.es\/es\/wp-json\/wp\/v2\/comments?post=8549"}],"version-history":[{"count":8,"href":"https:\/\/www.luxelighting.es\/es\/wp-json\/wp\/v2\/pages\/8549\/revisions"}],"predecessor-version":[{"id":8596,"href":"https:\/\/www.luxelighting.es\/es\/wp-json\/wp\/v2\/pages\/8549\/revisions\/8596"}],"wp:featuredmedia":[{"embeddable":true,"href":"https:\/\/www.luxelighting.es\/es\/wp-json\/wp\/v2\/media\/8395"}],"wp:attachment":[{"href":"https:\/\/www.luxelighting.es\/es\/wp-json\/wp\/v2\/media?parent=8549"}],"curies":[{"name":"wp","href":"https:\/\/api.w.org\/{rel}","templated":true}]}}